{"id":8,"date":"2023-08-17T11:56:08","date_gmt":"2023-08-17T09:56:08","guid":{"rendered":"http:\/\/wordpress.schuetzenverein-boerger.de\/wordpress\/?page_id=8"},"modified":"2025-04-28T18:40:43","modified_gmt":"2025-04-28T16:40:43","slug":"schuetzenverein-boerger","status":"publish","type":"page","link":"http:\/\/wordpress.schuetzenverein-boerger.de\/wordpress\/","title":{"rendered":"Sch\u00fctzenverein B\u00f6rger"},"content":{"rendered":"\t\t<div data-elementor-type=\"wp-page\" data-elementor-id=\"8\" class=\"elementor elementor-8\">\n\t\t\t\t\t\t\t\t\t<header class=\"elementor-section elementor-top-section elementor-element elementor-element-3cb40ab0 elementor-section-full_width elementor-section-height-default elementor-section-height-default\" data-id=\"3cb40ab0\" data-element_type=\"section\" data-settings=\"{&quot;background_background&quot;:&quot;classic&quot;,&quot;shape_divider_bottom&quot;:&quot;tilt&quot;}\">\n\t\t\t\t\t\t\t<div class=\"elementor-background-overlay\"><\/div>\n\t\t\t\t\t\t<div class=\"elementor-shape elementor-shape-bottom\" data-negative=\"false\">\n\t\t\t<svg xmlns=\"http:\/\/www.w3.org\/2000\/svg\" viewBox=\"0 0 1000 100\" preserveAspectRatio=\"none\">\n\t<path class=\"elementor-shape-fill\" d=\"M0,6V0h1000v100L0,6z\"\/>\n<\/svg>\t\t<\/div>\n\t\t\t\t\t<div class=\"elementor-container elementor-column-gap-default\">\n\t\t\t\t\t<div class=\"elementor-column elementor-col-100 elementor-top-column elementor-element elementor-element-9b49ef0\" data-id=\"9b49ef0\" data-element_type=\"column\">\n\t\t\t<div class=\"elementor-widget-wrap\">\n\t\t\t\t\t\t\t\t\t<\/div>\n\t\t<\/div>\n\t\t\t\t\t\t\t<\/div>\n\t\t<\/header>\n\t\t\t\t<section class=\"elementor-section elementor-top-section elementor-element elementor-element-ee97781 elementor-section-boxed elementor-section-height-default elementor-section-height-default elementor-invisible\" data-id=\"ee97781\" data-element_type=\"section\" data-settings=\"{&quot;animation&quot;:&quot;fadeInUp&quot;}\">\n\t\t\t\t\t\t<div class=\"elementor-container elementor-column-gap-default\">\n\t\t\t\t\t<div class=\"elementor-column elementor-col-50 elementor-top-column elementor-element elementor-element-11913a2\" data-id=\"11913a2\" data-element_type=\"column\">\n\t\t\t<div class=\"elementor-widget-wrap elementor-element-populated\">\n\t\t\t\t\t\t\t\t<div class=\"elementor-element elementor-element-3882073 elementor-widget elementor-widget-image\" data-id=\"3882073\" data-element_type=\"widget\" data-widget_type=\"image.default\">\n\t\t\t\t<div class=\"elementor-widget-container\">\n\t\t\t<style>\/*! elementor - v3.15.0 - 09-08-2023 *\/\n.elementor-widget-image{text-align:center}.elementor-widget-image a{display:inline-block}.elementor-widget-image a img[src$=\".svg\"]{width:48px}.elementor-widget-image img{vertical-align:middle;display:inline-block}<\/style>\t\t\t\t\t\t\t\t\t\t\t\t<img loading=\"lazy\" decoding=\"async\" width=\"280\" height=\"300\" src=\"http:\/\/wordpress.schuetzenverein-boerger.de\/wordpress\/wp-content\/uploads\/2023\/08\/Logo-280x300.png\" class=\"attachment-medium size-medium wp-image-39\" alt=\"\" srcset=\"http:\/\/wordpress.schuetzenverein-boerger.de\/wordpress\/wp-content\/uploads\/2023\/08\/Logo-280x300.png 280w, http:\/\/wordpress.schuetzenverein-boerger.de\/wordpress\/wp-content\/uploads\/2023\/08\/Logo.png 552w\" sizes=\"auto, (max-width: 280px) 100vw, 280px\" \/>\t\t\t\t\t\t\t\t\t\t\t\t\t\t\t<\/div>\n\t\t\t\t<\/div>\n\t\t\t\t\t<\/div>\n\t\t<\/div>\n\t\t\t\t<div class=\"elementor-column elementor-col-50 elementor-top-column elementor-element elementor-element-fe28cb0\" data-id=\"fe28cb0\" data-element_type=\"column\">\n\t\t\t<div class=\"elementor-widget-wrap elementor-element-populated\">\n\t\t\t\t\t\t\t\t<div class=\"elementor-element elementor-element-7a59790 elementor-widget elementor-widget-html\" data-id=\"7a59790\" data-element_type=\"widget\" data-widget_type=\"html.default\">\n\t\t\t\t<div class=\"elementor-widget-container\">\n\t\t\t<div style=\"text-align: center;\">\n <span id=\"c1\" style=\"font: bold 46px montserrat; color: #2C5A50;\"><\/span><br>\n<\/div>\n\n<script type='text\/javascript'>\nvar end = new Date('July 27, 2025');\n\nfunction toSt2(n) {\n  var s = '';\n  if (n < 10) {\n   s += '0';\n  }\n  return (s + n).toString();\n}\n\nfunction toSt3(n) {\n var s = '';\n if (n < 10) {\n  s += '00';\n }\n else if (n < 100) {\n  s += '0';\n }\n return (s + n).toString();\n}\n\nfunction countdown() {\n var d = new Date();\n var count = Math.floor(end.getTime() - d.getTime());\n if (count > 0) {\n  var miliseconds = toSt3(count%1000); count = Math.floor(count\/1000);\n  var seconds = toSt2(count%60); count = Math.floor(count\/60);\n  var minutes = toSt2(count%60); count = Math.floor(count\/60);\n  var hours = toSt2(count%24); count = Math.floor(count\/24);\n  var days = count;\n  document.getElementById('c1').innerHTML = days + ' TAGE';\n  document.getElementById('c2').innerHTML = hours + ':' + minutes\n  setTimeout('countdown()', 100);\n }\n}\ncountdown();\n<\/script>\n\t\t<\/div>\n\t\t\t\t<\/div>\n\t\t\t\t<div class=\"elementor-element elementor-element-1b3f8969 elementor-invisible elementor-widget elementor-widget-text-editor\" data-id=\"1b3f8969\" data-element_type=\"widget\" data-settings=\"{&quot;_animation&quot;:&quot;fadeIn&quot;}\" data-widget_type=\"text-editor.default\">\n\t\t\t\t<div class=\"elementor-widget-container\">\n\t\t\t<style>\/*! elementor - v3.15.0 - 09-08-2023 *\/\n.elementor-widget-text-editor.elementor-drop-cap-view-stacked .elementor-drop-cap{background-color:#69727d;color:#fff}.elementor-widget-text-editor.elementor-drop-cap-view-framed .elementor-drop-cap{color:#69727d;border:3px solid;background-color:transparent}.elementor-widget-text-editor:not(.elementor-drop-cap-view-default) .elementor-drop-cap{margin-top:8px}.elementor-widget-text-editor:not(.elementor-drop-cap-view-default) .elementor-drop-cap-letter{width:1em;height:1em}.elementor-widget-text-editor .elementor-drop-cap{float:left;text-align:center;line-height:1;font-size:50px}.elementor-widget-text-editor .elementor-drop-cap-letter{display:inline-block}<\/style>\t\t\t\t<p>dann ist es wieder soweit, das ganze Dorf wird zu einem Verein und feiert das ersehnte Sch\u00fctzenfest.<\/p><p>Ein Ausnahmezustand, wie er besser nicht sein k\u00f6nnte &#8211; denn wenn in B\u00f6rger Sch\u00fctzenfest gefeiert wird, dann steht die ganze Gemeinde kopf und feiert &#8211; tolerant, friedlich, <strong>gemeinschaftlich<\/strong>!<\/p>\t\t\t\t\t\t<\/div>\n\t\t\t\t<\/div>\n\t\t\t\t\t<\/div>\n\t\t<\/div>\n\t\t\t\t\t\t\t<\/div>\n\t\t<\/section>\n\t\t\t\t<section class=\"elementor-section elementor-top-section elementor-element elementor-element-9a035a9 elementor-section-boxed elementor-section-height-default elementor-section-height-default\" data-id=\"9a035a9\" data-element_type=\"section\">\n\t\t\t\t\t\t<div class=\"elementor-container elementor-column-gap-default\">\n\t\t\t\t\t<div class=\"elementor-column elementor-col-100 elementor-top-column elementor-element elementor-element-8a87b05\" data-id=\"8a87b05\" data-element_type=\"column\">\n\t\t\t<div class=\"elementor-widget-wrap elementor-element-populated\">\n\t\t\t\t\t\t\t\t<div class=\"elementor-element elementor-element-4899cb9 elementor-widget elementor-widget-menu-anchor\" data-id=\"4899cb9\" data-element_type=\"widget\" data-widget_type=\"menu-anchor.default\">\n\t\t\t\t<div class=\"elementor-widget-container\">\n\t\t\t<style>\/*! elementor - v3.15.0 - 09-08-2023 *\/\nbody.elementor-page .elementor-widget-menu-anchor{margin-bottom:0}<\/style>\t\t<div id=\"geschichte\" class=\"elementor-menu-anchor\"><\/div>\n\t\t\t\t<\/div>\n\t\t\t\t<\/div>\n\t\t\t\t\t<\/div>\n\t\t<\/div>\n\t\t\t\t\t\t\t<\/div>\n\t\t<\/section>\n\t\t\t\t<section class=\"elementor-section elementor-top-section elementor-element elementor-element-3e79c46 elementor-section-boxed elementor-section-height-default elementor-section-height-default\" data-id=\"3e79c46\" data-element_type=\"section\" data-settings=\"{&quot;background_background&quot;:&quot;classic&quot;}\">\n\t\t\t\t\t\t<div class=\"elementor-container elementor-column-gap-default\">\n\t\t\t\t\t<div class=\"elementor-column elementor-col-50 elementor-top-column elementor-element elementor-element-b1660b0 elementor-invisible\" data-id=\"b1660b0\" data-element_type=\"column\" data-settings=\"{&quot;animation&quot;:&quot;fadeIn&quot;,&quot;animation_delay&quot;:1000}\">\n\t\t\t<div class=\"elementor-widget-wrap elementor-element-populated\">\n\t\t\t\t\t\t\t\t<div class=\"elementor-element elementor-element-61bc986 elementor-invisible elementor-widget elementor-widget-counter\" data-id=\"61bc986\" data-element_type=\"widget\" data-settings=\"{&quot;_animation&quot;:&quot;fadeInLeft&quot;}\" data-widget_type=\"counter.default\">\n\t\t\t\t<div class=\"elementor-widget-container\">\n\t\t\t<style>\/*! elementor - v3.15.0 - 09-08-2023 *\/\n.elementor-counter .elementor-counter-number-wrapper{display:flex;font-size:69px;font-weight:600;line-height:1}.elementor-counter .elementor-counter-number-prefix,.elementor-counter .elementor-counter-number-suffix{flex-grow:1;white-space:pre-wrap}.elementor-counter .elementor-counter-number-prefix{text-align:right}.elementor-counter .elementor-counter-number-suffix{text-align:left}.elementor-counter .elementor-counter-title{text-align:center;font-size:19px;font-weight:400;line-height:2.5}<\/style>\t\t<div class=\"elementor-counter\">\n\t\t\t<div class=\"elementor-counter-number-wrapper\">\n\t\t\t\t<span class=\"elementor-counter-number-prefix\"><\/span>\n\t\t\t\t<span class=\"elementor-counter-number\" data-duration=\"2000\" data-to-value=\"1906\" data-from-value=\"\"><\/span>\n\t\t\t\t<span class=\"elementor-counter-number-suffix\"><\/span>\n\t\t\t<\/div>\n\t\t\t\t\t\t\t<div class=\"elementor-counter-title\">Gegr\u00fcndet<\/div>\n\t\t\t\t\t<\/div>\n\t\t\t\t<\/div>\n\t\t\t\t<\/div>\n\t\t\t\t\t<\/div>\n\t\t<\/div>\n\t\t\t\t<div class=\"elementor-column elementor-col-50 elementor-top-column elementor-element elementor-element-2a16c4f elementor-invisible\" data-id=\"2a16c4f\" data-element_type=\"column\" data-settings=\"{&quot;animation&quot;:&quot;fadeIn&quot;,&quot;animation_delay&quot;:1500}\">\n\t\t\t<div class=\"elementor-widget-wrap elementor-element-populated\">\n\t\t\t\t\t\t\t\t<div class=\"elementor-element elementor-element-f64118d elementor-invisible elementor-widget elementor-widget-counter\" data-id=\"f64118d\" data-element_type=\"widget\" data-settings=\"{&quot;_animation&quot;:&quot;fadeInRight&quot;}\" data-widget_type=\"counter.default\">\n\t\t\t\t<div class=\"elementor-widget-container\">\n\t\t\t\t\t<div class=\"elementor-counter\">\n\t\t\t<div class=\"elementor-counter-number-wrapper\">\n\t\t\t\t<span class=\"elementor-counter-number-prefix\"><\/span>\n\t\t\t\t<span class=\"elementor-counter-number\" data-duration=\"1200\" data-to-value=\"7\" data-from-value=\"\" data-delimiter=\",\"><\/span>\n\t\t\t\t<span class=\"elementor-counter-number-suffix\"><\/span>\n\t\t\t<\/div>\n\t\t\t\t\t\t\t<div class=\"elementor-counter-title\">aktive Mannschaften<\/div>\n\t\t\t\t\t<\/div>\n\t\t\t\t<\/div>\n\t\t\t\t<\/div>\n\t\t\t\t\t<\/div>\n\t\t<\/div>\n\t\t\t\t\t\t\t<\/div>\n\t\t<\/section>\n\t\t\t\t<section class=\"elementor-section elementor-top-section elementor-element elementor-element-064d28a elementor-section-boxed elementor-section-height-default elementor-section-height-default\" data-id=\"064d28a\" data-element_type=\"section\" data-settings=\"{&quot;background_background&quot;:&quot;classic&quot;}\">\n\t\t\t\t\t\t<div class=\"elementor-container elementor-column-gap-default\">\n\t\t\t\t\t<div class=\"elementor-column elementor-col-100 elementor-top-column elementor-element elementor-element-4ffe89b elementor-invisible\" data-id=\"4ffe89b\" data-element_type=\"column\" data-settings=\"{&quot;animation&quot;:&quot;fadeIn&quot;,&quot;animation_delay&quot;:1000}\">\n\t\t\t<div class=\"elementor-widget-wrap elementor-element-populated\">\n\t\t\t\t\t\t\t\t<div class=\"elementor-element elementor-element-999c59e elementor-invisible elementor-widget elementor-widget-text-editor\" data-id=\"999c59e\" data-element_type=\"widget\" data-settings=\"{&quot;_animation&quot;:&quot;fadeInLeft&quot;}\" data-widget_type=\"text-editor.default\">\n\t\t\t\t<div class=\"elementor-widget-container\">\n\t\t\t\t\t\t\t<p><strong>Vereinsgeschichte<\/strong><\/p>\t\t\t\t\t\t<\/div>\n\t\t\t\t<\/div>\n\t\t\t\t<div class=\"elementor-element elementor-element-49c9afc elementor-widget elementor-widget-text-editor\" data-id=\"49c9afc\" data-element_type=\"widget\" data-widget_type=\"text-editor.default\">\n\t\t\t\t<div class=\"elementor-widget-container\">\n\t\t\t\t\t\t\t<p>Die offizielle Gr\u00fcndung des Sch\u00fctzenvereins ist auf das Jahr 1906 festgelegt, obwohl in B\u00f6rger schon wesentlich fr\u00fcher Sch\u00fctzenfeste bzw. Vogelschie\u00dfen stattgefunden haben. Man berichtet von Festen am Vogelberg an der Bergstra\u00dfe und nachweislich wurde am 12. Juni 1849 beim &#8222;Standesherrlichen Amt&#8220; in S\u00f6gel der Antrag zur Abhaltung eines Sch\u00fctzenfestes gestellt. Aus dem Vereinsregister erfahren wir, da\u00df in B\u00f6rger im Jahre 1910 zwei Sch\u00fctzenvereine zur Eintragung in das Vereinsregister registriert wurden (&#8222;Freisch\u00fctz B\u00f6rger&#8220; und der &#8222;Sch\u00fctzenverein B\u00f6rger&#8220;). Hiervon blieb aber nur der Sch\u00fctzenverein B\u00f6rger bis heute t\u00e4tig. Der Verein Freisch\u00fctz existierte nur wenige Jahre.<br \/><br \/>Die Vereinsfeste wurden in den ersten Jahren nach 1906 am sogenannten &#8222;Dullgoarn&#8220;, s\u00fcdlich des B\u00f6rger Esches und an der Waldstra\u00dfe abgehalten. Sp\u00e4ter nur noch an der Waldstra\u00dfe. Gr\u00fcnde dieser &#8222;eigenartigen Konstellation&#8220; in den ersten Jahren sind allerdings heute nicht mehr genau nachvollziehbar. Das Foto oben zeigt den Sch\u00fctzenthron beim Sch\u00fctzenfest 1924.<br \/><br \/>Wie gesagt wurden die Feste in den ersten Vereinsjahren im &#8222;Dullgoarn&#8220; s\u00fcdlich des Esches abgehalten. Hierzu gibt es eine Zeichnung, die bei einem schriftlichen Antrag auf Abhaltung eines Sch\u00fctzenfestes am 12. Juni 1906 vom F\u00f6rster Bodemann, B\u00f6rger gefertigt wurde. Diese Unterlage liegt im Orginal im Staatsarchiv Osnabr\u00fcck (Dep.451H\u00fcm Nr. 6). Diese Zeichnung veranschaulicht den Aufbau und die Gegebenheiten des Festplatzes. Diese \u00d6rtlichkeit ist heute noch erkennbar.<br \/><br \/>Noch um 1950 wurde der Sch\u00fctzenk\u00f6nig an einem offenen Stand ausgeschossen. Aus einem Protokoll vom 14. Mai 1950 folgt, dass bis dato die Gesch\u00e4fte auf den jeweiligen Sch\u00fctzenfesten ausschlie\u00dflich an ortsans\u00e4ssige Gewerbetreibende abgegeben wurden und dass erst viel sp\u00e4ter eine \u00f6ffentliche Ausschreibung erfolgte. Hauptaufgabe des jeweiligen Vorstandes war die Ausrichtung der j\u00e4hrlichen Sch\u00fctzenfeste. Sp\u00e4ter kamen die Winterfeste hinzu. Nach wie vor werden die Sch\u00fctzenfeste in alter Tradition gefeiert.Termin ist j\u00e4hrlich der vierte Sonntag im Juli.<\/p>\t\t\t\t\t\t<\/div>\n\t\t\t\t<\/div>\n\t\t\t\t\t<\/div>\n\t\t<\/div>\n\t\t\t\t\t\t\t<\/div>\n\t\t<\/section>\n\t\t\t\t<section class=\"elementor-section elementor-top-section elementor-element elementor-element-b68d4df elementor-section-boxed elementor-section-height-default elementor-section-height-default\" data-id=\"b68d4df\" data-element_type=\"section\">\n\t\t\t\t\t\t<div class=\"elementor-container elementor-column-gap-default\">\n\t\t\t\t\t<div class=\"elementor-column elementor-col-100 elementor-top-column elementor-element elementor-element-21971a6\" data-id=\"21971a6\" data-element_type=\"column\">\n\t\t\t<div class=\"elementor-widget-wrap elementor-element-populated\">\n\t\t\t\t\t\t\t\t<div class=\"elementor-element elementor-element-b4aefd0 elementor-widget elementor-widget-menu-anchor\" data-id=\"b4aefd0\" data-element_type=\"widget\" data-widget_type=\"menu-anchor.default\">\n\t\t\t\t<div class=\"elementor-widget-container\">\n\t\t\t\t\t<div id=\"vorstand\" class=\"elementor-menu-anchor\"><\/div>\n\t\t\t\t<\/div>\n\t\t\t\t<\/div>\n\t\t\t\t\t<\/div>\n\t\t<\/div>\n\t\t\t\t\t\t\t<\/div>\n\t\t<\/section>\n\t\t\t\t<section class=\"elementor-section elementor-top-section elementor-element elementor-element-65857ea elementor-section-boxed elementor-section-height-default elementor-section-height-default\" data-id=\"65857ea\" data-element_type=\"section\" data-settings=\"{&quot;background_background&quot;:&quot;classic&quot;}\">\n\t\t\t\t\t\t\t<div class=\"elementor-background-overlay\"><\/div>\n\t\t\t\t\t\t\t<div class=\"elementor-container elementor-column-gap-default\">\n\t\t\t\t\t<div class=\"elementor-column elementor-col-100 elementor-top-column elementor-element elementor-element-3288d1a elementor-invisible\" data-id=\"3288d1a\" data-element_type=\"column\" data-settings=\"{&quot;animation&quot;:&quot;fadeIn&quot;,&quot;animation_delay&quot;:1000}\">\n\t\t\t<div class=\"elementor-widget-wrap elementor-element-populated\">\n\t\t\t\t\t\t\t\t<div class=\"elementor-element elementor-element-178e9e8 elementor-invisible elementor-widget elementor-widget-text-editor\" data-id=\"178e9e8\" data-element_type=\"widget\" data-settings=\"{&quot;_animation&quot;:&quot;fadeInLeft&quot;}\" data-widget_type=\"text-editor.default\">\n\t\t\t\t<div class=\"elementor-widget-container\">\n\t\t\t\t\t\t\t<p><strong>Vereinsvorstand<\/strong><\/p>\t\t\t\t\t\t<\/div>\n\t\t\t\t<\/div>\n\t\t\t\t<div class=\"elementor-element elementor-element-8fa6dca elementor-widget elementor-widget-image\" data-id=\"8fa6dca\" data-element_type=\"widget\" data-widget_type=\"image.default\">\n\t\t\t\t<div class=\"elementor-widget-container\">\n\t\t\t\t\t\t\t\t\t\t\t\t\t\t\t<img loading=\"lazy\" decoding=\"async\" width=\"1500\" height=\"1000\" src=\"http:\/\/wordpress.schuetzenverein-boerger.de\/wordpress\/wp-content\/uploads\/2023\/08\/Vorstand2022-1.jpg\" class=\"attachment-full size-full wp-image-194\" alt=\"\" srcset=\"http:\/\/wordpress.schuetzenverein-boerger.de\/wordpress\/wp-content\/uploads\/2023\/08\/Vorstand2022-1.jpg 1500w, http:\/\/wordpress.schuetzenverein-boerger.de\/wordpress\/wp-content\/uploads\/2023\/08\/Vorstand2022-1-300x200.jpg 300w, http:\/\/wordpress.schuetzenverein-boerger.de\/wordpress\/wp-content\/uploads\/2023\/08\/Vorstand2022-1-1024x683.jpg 1024w, http:\/\/wordpress.schuetzenverein-boerger.de\/wordpress\/wp-content\/uploads\/2023\/08\/Vorstand2022-1-768x512.jpg 768w\" sizes=\"auto, (max-width: 1500px) 100vw, 1500px\" \/>\t\t\t\t\t\t\t\t\t\t\t\t\t\t\t<\/div>\n\t\t\t\t<\/div>\n\t\t\t\t<div class=\"elementor-element elementor-element-b4acf70 elementor-widget elementor-widget-text-editor\" data-id=\"b4acf70\" data-element_type=\"widget\" data-widget_type=\"text-editor.default\">\n\t\t\t\t<div class=\"elementor-widget-container\">\n\t\t\t\t\t\t\t<p>v.l. Frank Schmees, Wilfried Sievers, Hermann Korten, Sabine Jungsth\u00f6fel, Wilfried Albers, Martin Kr\u00f6mer und Bernd Pl\u00fcster<\/p>\t\t\t\t\t\t<\/div>\n\t\t\t\t<\/div>\n\t\t\t\t\t<\/div>\n\t\t<\/div>\n\t\t\t\t\t\t\t<\/div>\n\t\t<\/section>\n\t\t\t\t<section class=\"elementor-section elementor-top-section elementor-element elementor-element-6f3c0fa elementor-section-boxed elementor-section-height-default elementor-section-height-default\" data-id=\"6f3c0fa\" data-element_type=\"section\">\n\t\t\t\t\t\t<div class=\"elementor-container elementor-column-gap-default\">\n\t\t\t\t\t<div class=\"elementor-column elementor-col-25 elementor-top-column elementor-element elementor-element-a6c09a7\" data-id=\"a6c09a7\" data-element_type=\"column\">\n\t\t\t<div class=\"elementor-widget-wrap elementor-element-populated\">\n\t\t\t\t\t\t\t\t<div class=\"elementor-element elementor-element-0aa0fb4 elementor-position-top elementor-widget elementor-widget-image-box\" data-id=\"0aa0fb4\" data-element_type=\"widget\" data-widget_type=\"image-box.default\">\n\t\t\t\t<div class=\"elementor-widget-container\">\n\t\t\t<style>\/*! elementor - v3.15.0 - 09-08-2023 *\/\n.elementor-widget-image-box .elementor-image-box-content{width:100%}@media (min-width:768px){.elementor-widget-image-box.elementor-position-left .elementor-image-box-wrapper,.elementor-widget-image-box.elementor-position-right .elementor-image-box-wrapper{display:flex}.elementor-widget-image-box.elementor-position-right .elementor-image-box-wrapper{text-align:right;flex-direction:row-reverse}.elementor-widget-image-box.elementor-position-left .elementor-image-box-wrapper{text-align:left;flex-direction:row}.elementor-widget-image-box.elementor-position-top .elementor-image-box-img{margin:auto}.elementor-widget-image-box.elementor-vertical-align-top .elementor-image-box-wrapper{align-items:flex-start}.elementor-widget-image-box.elementor-vertical-align-middle .elementor-image-box-wrapper{align-items:center}.elementor-widget-image-box.elementor-vertical-align-bottom .elementor-image-box-wrapper{align-items:flex-end}}@media (max-width:767px){.elementor-widget-image-box .elementor-image-box-img{margin-left:auto!important;margin-right:auto!important;margin-bottom:15px}}.elementor-widget-image-box .elementor-image-box-img{display:inline-block}.elementor-widget-image-box .elementor-image-box-title a{color:inherit}.elementor-widget-image-box .elementor-image-box-wrapper{text-align:center}.elementor-widget-image-box .elementor-image-box-description{margin:0}<\/style><div class=\"elementor-image-box-wrapper\"><figure class=\"elementor-image-box-img\"><img loading=\"lazy\" decoding=\"async\" width=\"1000\" height=\"1601\" src=\"http:\/\/wordpress.schuetzenverein-boerger.de\/wordpress\/wp-content\/uploads\/2023\/08\/sievers2022.jpg\" class=\"elementor-animation-grow attachment-full size-full wp-image-185\" alt=\"\" srcset=\"http:\/\/wordpress.schuetzenverein-boerger.de\/wordpress\/wp-content\/uploads\/2023\/08\/sievers2022.jpg 1000w, http:\/\/wordpress.schuetzenverein-boerger.de\/wordpress\/wp-content\/uploads\/2023\/08\/sievers2022-187x300.jpg 187w, http:\/\/wordpress.schuetzenverein-boerger.de\/wordpress\/wp-content\/uploads\/2023\/08\/sievers2022-640x1024.jpg 640w, http:\/\/wordpress.schuetzenverein-boerger.de\/wordpress\/wp-content\/uploads\/2023\/08\/sievers2022-768x1230.jpg 768w, http:\/\/wordpress.schuetzenverein-boerger.de\/wordpress\/wp-content\/uploads\/2023\/08\/sievers2022-959x1536.jpg 959w\" sizes=\"auto, (max-width: 1000px) 100vw, 1000px\" \/><\/figure><div class=\"elementor-image-box-content\"><h3 class=\"elementor-image-box-title\">1. Vorsitzender<\/h3><p class=\"elementor-image-box-description\">Wilfried Sievers<br>Gartenstra\u00dfe 17<br>26904 B\u00f6rger<br>05953\/926841<\/p><\/div><\/div>\t\t<\/div>\n\t\t\t\t<\/div>\n\t\t\t\t\t<\/div>\n\t\t<\/div>\n\t\t\t\t<div class=\"elementor-column elementor-col-25 elementor-top-column elementor-element elementor-element-87b56a5\" data-id=\"87b56a5\" data-element_type=\"column\">\n\t\t\t<div class=\"elementor-widget-wrap elementor-element-populated\">\n\t\t\t\t\t\t\t\t<div class=\"elementor-element elementor-element-3e41d04 elementor-position-top elementor-widget elementor-widget-image-box\" data-id=\"3e41d04\" data-element_type=\"widget\" data-widget_type=\"image-box.default\">\n\t\t\t\t<div class=\"elementor-widget-container\">\n\t\t\t<div class=\"elementor-image-box-wrapper\"><figure class=\"elementor-image-box-img\"><img loading=\"lazy\" decoding=\"async\" width=\"1000\" height=\"1601\" src=\"http:\/\/wordpress.schuetzenverein-boerger.de\/wordpress\/wp-content\/uploads\/2023\/08\/schmees2022.jpg\" class=\"elementor-animation-grow attachment-full size-full wp-image-184\" alt=\"\" srcset=\"http:\/\/wordpress.schuetzenverein-boerger.de\/wordpress\/wp-content\/uploads\/2023\/08\/schmees2022.jpg 1000w, http:\/\/wordpress.schuetzenverein-boerger.de\/wordpress\/wp-content\/uploads\/2023\/08\/schmees2022-187x300.jpg 187w, http:\/\/wordpress.schuetzenverein-boerger.de\/wordpress\/wp-content\/uploads\/2023\/08\/schmees2022-640x1024.jpg 640w, http:\/\/wordpress.schuetzenverein-boerger.de\/wordpress\/wp-content\/uploads\/2023\/08\/schmees2022-768x1230.jpg 768w, http:\/\/wordpress.schuetzenverein-boerger.de\/wordpress\/wp-content\/uploads\/2023\/08\/schmees2022-959x1536.jpg 959w\" sizes=\"auto, (max-width: 1000px) 100vw, 1000px\" \/><\/figure><div class=\"elementor-image-box-content\"><h3 class=\"elementor-image-box-title\">Oberst<\/h3><p class=\"elementor-image-box-description\">Frank Schmees<br>Zum Opferstein<br>26904 B\u00f6rger<br>05953\/949205<\/p><\/div><\/div>\t\t<\/div>\n\t\t\t\t<\/div>\n\t\t\t\t\t<\/div>\n\t\t<\/div>\n\t\t\t\t<div class=\"elementor-column elementor-col-25 elementor-top-column elementor-element elementor-element-8caab2d\" data-id=\"8caab2d\" data-element_type=\"column\">\n\t\t\t<div class=\"elementor-widget-wrap elementor-element-populated\">\n\t\t\t\t\t\t\t\t<div class=\"elementor-element elementor-element-b8cba77 elementor-position-top elementor-widget elementor-widget-image-box\" data-id=\"b8cba77\" data-element_type=\"widget\" data-widget_type=\"image-box.default\">\n\t\t\t\t<div class=\"elementor-widget-container\">\n\t\t\t<div class=\"elementor-image-box-wrapper\"><figure class=\"elementor-image-box-img\"><img loading=\"lazy\" decoding=\"async\" width=\"1000\" height=\"1601\" src=\"http:\/\/wordpress.schuetzenverein-boerger.de\/wordpress\/wp-content\/uploads\/2023\/08\/kroemer2022.jpg\" class=\"elementor-animation-grow attachment-full size-full wp-image-182\" alt=\"\" srcset=\"http:\/\/wordpress.schuetzenverein-boerger.de\/wordpress\/wp-content\/uploads\/2023\/08\/kroemer2022.jpg 1000w, http:\/\/wordpress.schuetzenverein-boerger.de\/wordpress\/wp-content\/uploads\/2023\/08\/kroemer2022-187x300.jpg 187w, http:\/\/wordpress.schuetzenverein-boerger.de\/wordpress\/wp-content\/uploads\/2023\/08\/kroemer2022-640x1024.jpg 640w, http:\/\/wordpress.schuetzenverein-boerger.de\/wordpress\/wp-content\/uploads\/2023\/08\/kroemer2022-768x1230.jpg 768w, http:\/\/wordpress.schuetzenverein-boerger.de\/wordpress\/wp-content\/uploads\/2023\/08\/kroemer2022-959x1536.jpg 959w\" sizes=\"auto, (max-width: 1000px) 100vw, 1000px\" \/><\/figure><div class=\"elementor-image-box-content\"><h3 class=\"elementor-image-box-title\">Vereinssportleiter<\/h3><p class=\"elementor-image-box-description\">Martin Kr\u00f6mer<br>Bergstra\u00dfe<br>26904 B\u00f6rger<br>05953\/949316<\/p><\/div><\/div>\t\t<\/div>\n\t\t\t\t<\/div>\n\t\t\t\t\t<\/div>\n\t\t<\/div>\n\t\t\t\t<div class=\"elementor-column elementor-col-25 elementor-top-column elementor-element elementor-element-eb312d4\" data-id=\"eb312d4\" data-element_type=\"column\">\n\t\t\t<div class=\"elementor-widget-wrap elementor-element-populated\">\n\t\t\t\t\t\t\t\t<div class=\"elementor-element elementor-element-cff2512 elementor-position-top elementor-widget elementor-widget-image-box\" data-id=\"cff2512\" data-element_type=\"widget\" data-widget_type=\"image-box.default\">\n\t\t\t\t<div class=\"elementor-widget-container\">\n\t\t\t<div class=\"elementor-image-box-wrapper\"><figure class=\"elementor-image-box-img\"><img loading=\"lazy\" decoding=\"async\" width=\"1000\" height=\"1601\" src=\"http:\/\/wordpress.schuetzenverein-boerger.de\/wordpress\/wp-content\/uploads\/2023\/08\/pluester2022.jpg\" class=\"elementor-animation-grow attachment-full size-full wp-image-183\" alt=\"\" srcset=\"http:\/\/wordpress.schuetzenverein-boerger.de\/wordpress\/wp-content\/uploads\/2023\/08\/pluester2022.jpg 1000w, http:\/\/wordpress.schuetzenverein-boerger.de\/wordpress\/wp-content\/uploads\/2023\/08\/pluester2022-187x300.jpg 187w, http:\/\/wordpress.schuetzenverein-boerger.de\/wordpress\/wp-content\/uploads\/2023\/08\/pluester2022-640x1024.jpg 640w, http:\/\/wordpress.schuetzenverein-boerger.de\/wordpress\/wp-content\/uploads\/2023\/08\/pluester2022-768x1230.jpg 768w, http:\/\/wordpress.schuetzenverein-boerger.de\/wordpress\/wp-content\/uploads\/2023\/08\/pluester2022-959x1536.jpg 959w\" sizes=\"auto, (max-width: 1000px) 100vw, 1000px\" \/><\/figure><div class=\"elementor-image-box-content\"><h3 class=\"elementor-image-box-title\">Kommandeur<\/h3><p class=\"elementor-image-box-description\">Bernd Pl\u00fcster<br>Spahnharrenst\u00e4tter Str. 15<br>26904 B\u00f6rger<br>05953\/435<\/p><\/div><\/div>\t\t<\/div>\n\t\t\t\t<\/div>\n\t\t\t\t\t<\/div>\n\t\t<\/div>\n\t\t\t\t\t\t\t<\/div>\n\t\t<\/section>\n\t\t\t\t<section class=\"elementor-section elementor-top-section elementor-element elementor-element-28caf0b elementor-section-boxed elementor-section-height-default elementor-section-height-default\" data-id=\"28caf0b\" data-element_type=\"section\">\n\t\t\t\t\t\t<div class=\"elementor-container elementor-column-gap-default\">\n\t\t\t\t\t<div class=\"elementor-column elementor-col-25 elementor-top-column elementor-element elementor-element-6a696d2\" data-id=\"6a696d2\" data-element_type=\"column\">\n\t\t\t<div class=\"elementor-widget-wrap elementor-element-populated\">\n\t\t\t\t\t\t\t\t<div class=\"elementor-element elementor-element-a231306 elementor-position-top elementor-widget elementor-widget-image-box\" data-id=\"a231306\" data-element_type=\"widget\" data-widget_type=\"image-box.default\">\n\t\t\t\t<div class=\"elementor-widget-container\">\n\t\t\t<div class=\"elementor-image-box-wrapper\"><figure class=\"elementor-image-box-img\"><img loading=\"lazy\" decoding=\"async\" width=\"1000\" height=\"1601\" src=\"http:\/\/wordpress.schuetzenverein-boerger.de\/wordpress\/wp-content\/uploads\/2023\/08\/albers2022.jpg\" class=\"elementor-animation-grow attachment-full size-full wp-image-179\" alt=\"\" srcset=\"http:\/\/wordpress.schuetzenverein-boerger.de\/wordpress\/wp-content\/uploads\/2023\/08\/albers2022.jpg 1000w, http:\/\/wordpress.schuetzenverein-boerger.de\/wordpress\/wp-content\/uploads\/2023\/08\/albers2022-187x300.jpg 187w, http:\/\/wordpress.schuetzenverein-boerger.de\/wordpress\/wp-content\/uploads\/2023\/08\/albers2022-640x1024.jpg 640w, http:\/\/wordpress.schuetzenverein-boerger.de\/wordpress\/wp-content\/uploads\/2023\/08\/albers2022-768x1230.jpg 768w, http:\/\/wordpress.schuetzenverein-boerger.de\/wordpress\/wp-content\/uploads\/2023\/08\/albers2022-959x1536.jpg 959w\" sizes=\"auto, (max-width: 1000px) 100vw, 1000px\" \/><\/figure><div class=\"elementor-image-box-content\"><h3 class=\"elementor-image-box-title\">Kassenwart<\/h3><p class=\"elementor-image-box-description\">Wilfried Albers<br>Waldstra\u00dfe 30<br>26904 B\u00f6rger<br>05953\/284<\/p><\/div><\/div>\t\t<\/div>\n\t\t\t\t<\/div>\n\t\t\t\t\t<\/div>\n\t\t<\/div>\n\t\t\t\t<div class=\"elementor-column elementor-col-25 elementor-top-column elementor-element elementor-element-ebeb0dd\" data-id=\"ebeb0dd\" data-element_type=\"column\">\n\t\t\t<div class=\"elementor-widget-wrap elementor-element-populated\">\n\t\t\t\t\t\t\t\t<div class=\"elementor-element elementor-element-fadb063 elementor-position-top elementor-widget elementor-widget-image-box\" data-id=\"fadb063\" data-element_type=\"widget\" data-widget_type=\"image-box.default\">\n\t\t\t\t<div class=\"elementor-widget-container\">\n\t\t\t<div class=\"elementor-image-box-wrapper\"><figure class=\"elementor-image-box-img\"><img loading=\"lazy\" decoding=\"async\" width=\"1000\" height=\"1601\" src=\"http:\/\/wordpress.schuetzenverein-boerger.de\/wordpress\/wp-content\/uploads\/2023\/08\/korten2022.jpg\" class=\"elementor-animation-grow attachment-full size-full wp-image-181\" alt=\"\" srcset=\"http:\/\/wordpress.schuetzenverein-boerger.de\/wordpress\/wp-content\/uploads\/2023\/08\/korten2022.jpg 1000w, http:\/\/wordpress.schuetzenverein-boerger.de\/wordpress\/wp-content\/uploads\/2023\/08\/korten2022-187x300.jpg 187w, http:\/\/wordpress.schuetzenverein-boerger.de\/wordpress\/wp-content\/uploads\/2023\/08\/korten2022-640x1024.jpg 640w, http:\/\/wordpress.schuetzenverein-boerger.de\/wordpress\/wp-content\/uploads\/2023\/08\/korten2022-768x1230.jpg 768w, http:\/\/wordpress.schuetzenverein-boerger.de\/wordpress\/wp-content\/uploads\/2023\/08\/korten2022-959x1536.jpg 959w\" sizes=\"auto, (max-width: 1000px) 100vw, 1000px\" \/><\/figure><div class=\"elementor-image-box-content\"><h3 class=\"elementor-image-box-title\">Adjutant<\/h3><p class=\"elementor-image-box-description\">Hermann Korten<br>S\u00f6gelser Str 6<br>26904 B\u00f6rger<br>05953\/949869<\/p><\/div><\/div>\t\t<\/div>\n\t\t\t\t<\/div>\n\t\t\t\t\t<\/div>\n\t\t<\/div>\n\t\t\t\t<div class=\"elementor-column elementor-col-25 elementor-top-column elementor-element elementor-element-183a1be\" data-id=\"183a1be\" data-element_type=\"column\">\n\t\t\t<div class=\"elementor-widget-wrap elementor-element-populated\">\n\t\t\t\t\t\t\t\t<div class=\"elementor-element elementor-element-b5af0c5 elementor-position-top elementor-widget elementor-widget-image-box\" data-id=\"b5af0c5\" data-element_type=\"widget\" data-widget_type=\"image-box.default\">\n\t\t\t\t<div class=\"elementor-widget-container\">\n\t\t\t<div class=\"elementor-image-box-wrapper\"><figure class=\"elementor-image-box-img\"><img loading=\"lazy\" decoding=\"async\" width=\"1000\" height=\"1601\" src=\"http:\/\/wordpress.schuetzenverein-boerger.de\/wordpress\/wp-content\/uploads\/2023\/08\/jungsthoefel2022_02.jpg\" class=\"elementor-animation-grow attachment-full size-full wp-image-180\" alt=\"\" srcset=\"http:\/\/wordpress.schuetzenverein-boerger.de\/wordpress\/wp-content\/uploads\/2023\/08\/jungsthoefel2022_02.jpg 1000w, http:\/\/wordpress.schuetzenverein-boerger.de\/wordpress\/wp-content\/uploads\/2023\/08\/jungsthoefel2022_02-187x300.jpg 187w, http:\/\/wordpress.schuetzenverein-boerger.de\/wordpress\/wp-content\/uploads\/2023\/08\/jungsthoefel2022_02-640x1024.jpg 640w, http:\/\/wordpress.schuetzenverein-boerger.de\/wordpress\/wp-content\/uploads\/2023\/08\/jungsthoefel2022_02-768x1230.jpg 768w, http:\/\/wordpress.schuetzenverein-boerger.de\/wordpress\/wp-content\/uploads\/2023\/08\/jungsthoefel2022_02-959x1536.jpg 959w\" sizes=\"auto, (max-width: 1000px) 100vw, 1000px\" \/><\/figure><div class=\"elementor-image-box-content\"><h3 class=\"elementor-image-box-title\">Schriftf\u00fchrerin<\/h3><p class=\"elementor-image-box-description\">Sabine Jungsth\u00f6fel<br>Pater-Augustin-Stra\u00dfe 37<br>26904 B\u00f6rger<br>05953\/9254194<\/p><\/div><\/div>\t\t<\/div>\n\t\t\t\t<\/div>\n\t\t\t\t\t<\/div>\n\t\t<\/div>\n\t\t\t\t<div class=\"elementor-column elementor-col-25 elementor-top-column elementor-element elementor-element-aa01601\" data-id=\"aa01601\" data-element_type=\"column\">\n\t\t\t<div class=\"elementor-widget-wrap elementor-element-populated\">\n\t\t\t\t\t\t\t\t<div class=\"elementor-element elementor-element-5fd0e9c elementor-widget elementor-widget-text-editor\" data-id=\"5fd0e9c\" data-element_type=\"widget\" data-widget_type=\"text-editor.default\">\n\t\t\t\t<div class=\"elementor-widget-container\">\n\t\t\t\t\t\t\t<p><strong>Ehrenvorstand<\/strong><\/p>\t\t\t\t\t\t<\/div>\n\t\t\t\t<\/div>\n\t\t\t\t<div class=\"elementor-element elementor-element-69abd1f elementor-widget elementor-widget-text-editor\" data-id=\"69abd1f\" data-element_type=\"widget\" data-widget_type=\"text-editor.default\">\n\t\t\t\t<div class=\"elementor-widget-container\">\n\t\t\t\t\t\t\t<p>Gertrud Kuchta<br \/>Hermann Rekers<br \/>Josef Albers<br \/>Hermann Geers<\/p>\t\t\t\t\t\t<\/div>\n\t\t\t\t<\/div>\n\t\t\t\t\t<\/div>\n\t\t<\/div>\n\t\t\t\t\t\t\t<\/div>\n\t\t<\/section>\n\t\t\t\t<section class=\"elementor-section elementor-top-section elementor-element elementor-element-0675a63 elementor-section-boxed elementor-section-height-default elementor-section-height-default\" data-id=\"0675a63\" data-element_type=\"section\">\n\t\t\t\t\t\t<div class=\"elementor-container elementor-column-gap-default\">\n\t\t\t\t\t<div class=\"elementor-column elementor-col-100 elementor-top-column elementor-element elementor-element-224d93f\" data-id=\"224d93f\" data-element_type=\"column\">\n\t\t\t<div class=\"elementor-widget-wrap elementor-element-populated\">\n\t\t\t\t\t\t\t\t<div class=\"elementor-element elementor-element-81a5cfb elementor-widget elementor-widget-spacer\" data-id=\"81a5cfb\" data-element_type=\"widget\" data-widget_type=\"spacer.default\">\n\t\t\t\t<div class=\"elementor-widget-container\">\n\t\t\t<style>\/*! elementor - v3.15.0 - 09-08-2023 *\/\n.elementor-column .elementor-spacer-inner{height:var(--spacer-size)}.e-con{--container-widget-width:100%}.e-con-inner>.elementor-widget-spacer,.e-con>.elementor-widget-spacer{width:var(--container-widget-width,var(--spacer-size));--align-self:var(--container-widget-align-self,initial);--flex-shrink:0}.e-con-inner>.elementor-widget-spacer>.elementor-widget-container,.e-con-inner>.elementor-widget-spacer>.elementor-widget-container>.elementor-spacer,.e-con>.elementor-widget-spacer>.elementor-widget-container,.e-con>.elementor-widget-spacer>.elementor-widget-container>.elementor-spacer{height:100%}.e-con-inner>.elementor-widget-spacer>.elementor-widget-container>.elementor-spacer>.elementor-spacer-inner,.e-con>.elementor-widget-spacer>.elementor-widget-container>.elementor-spacer>.elementor-spacer-inner{height:var(--container-widget-height,var(--spacer-size))}<\/style>\t\t<div class=\"elementor-spacer\">\n\t\t\t<div class=\"elementor-spacer-inner\"><\/div>\n\t\t<\/div>\n\t\t\t\t<\/div>\n\t\t\t\t<\/div>\n\t\t\t\t\t<\/div>\n\t\t<\/div>\n\t\t\t\t\t\t\t<\/div>\n\t\t<\/section>\n\t\t\t\t<section class=\"elementor-section elementor-top-section elementor-element elementor-element-d395d55 elementor-section-boxed elementor-section-height-default elementor-section-height-default\" data-id=\"d395d55\" data-element_type=\"section\">\n\t\t\t\t\t\t<div class=\"elementor-container elementor-column-gap-default\">\n\t\t\t\t\t<div class=\"elementor-column elementor-col-100 elementor-top-column elementor-element elementor-element-a18a1a4\" data-id=\"a18a1a4\" data-element_type=\"column\">\n\t\t\t<div class=\"elementor-widget-wrap elementor-element-populated\">\n\t\t\t\t\t\t\t\t<div class=\"elementor-element elementor-element-0520abc elementor-widget elementor-widget-menu-anchor\" data-id=\"0520abc\" data-element_type=\"widget\" data-widget_type=\"menu-anchor.default\">\n\t\t\t\t<div class=\"elementor-widget-container\">\n\t\t\t\t\t<div id=\"offiziere\" class=\"elementor-menu-anchor\"><\/div>\n\t\t\t\t<\/div>\n\t\t\t\t<\/div>\n\t\t\t\t\t<\/div>\n\t\t<\/div>\n\t\t\t\t\t\t\t<\/div>\n\t\t<\/section>\n\t\t\t\t<section class=\"elementor-section elementor-top-section elementor-element elementor-element-b7f3872 elementor-section-height-min-height elementor-section-boxed elementor-section-height-default elementor-section-items-middle\" data-id=\"b7f3872\" data-element_type=\"section\" data-settings=\"{&quot;background_background&quot;:&quot;classic&quot;}\">\n\t\t\t\t\t\t\t<div class=\"elementor-background-overlay\"><\/div>\n\t\t\t\t\t\t\t<div class=\"elementor-container elementor-column-gap-wider\">\n\t\t\t\t\t<div class=\"elementor-column elementor-col-100 elementor-top-column elementor-element elementor-element-211572d\" data-id=\"211572d\" data-element_type=\"column\">\n\t\t\t<div class=\"elementor-widget-wrap elementor-element-populated\">\n\t\t\t\t\t\t\t\t<div class=\"elementor-element elementor-element-181ffb3 elementor-widget elementor-widget-spacer\" data-id=\"181ffb3\" data-element_type=\"widget\" data-widget_type=\"spacer.default\">\n\t\t\t\t<div class=\"elementor-widget-container\">\n\t\t\t\t\t<div class=\"elementor-spacer\">\n\t\t\t<div class=\"elementor-spacer-inner\"><\/div>\n\t\t<\/div>\n\t\t\t\t<\/div>\n\t\t\t\t<\/div>\n\t\t\t\t<div class=\"elementor-element elementor-element-659d15f elementor-widget elementor-widget-text-editor\" data-id=\"659d15f\" data-element_type=\"widget\" data-widget_type=\"text-editor.default\">\n\t\t\t\t<div class=\"elementor-widget-container\">\n\t\t\t\t\t\t\t<p><strong>Fahnenoffiziere<\/strong><\/p>\t\t\t\t\t\t<\/div>\n\t\t\t\t<\/div>\n\t\t\t\t\t<\/div>\n\t\t<\/div>\n\t\t\t\t\t\t\t<\/div>\n\t\t<\/section>\n\t\t\t\t<section class=\"elementor-section elementor-top-section elementor-element elementor-element-fd034a3 elementor-section-boxed elementor-section-height-default elementor-section-height-default\" data-id=\"fd034a3\" data-element_type=\"section\" data-settings=\"{&quot;background_background&quot;:&quot;classic&quot;}\">\n\t\t\t\t\t\t\t<div class=\"elementor-background-overlay\"><\/div>\n\t\t\t\t\t\t\t<div class=\"elementor-container elementor-column-gap-default\">\n\t\t\t\t\t<div class=\"elementor-column elementor-col-100 elementor-top-column elementor-element elementor-element-c7c96f0 elementor-invisible\" data-id=\"c7c96f0\" data-element_type=\"column\" data-settings=\"{&quot;animation&quot;:&quot;fadeIn&quot;,&quot;animation_delay&quot;:1000}\">\n\t\t\t<div class=\"elementor-widget-wrap elementor-element-populated\">\n\t\t\t\t\t\t\t\t<section class=\"elementor-section elementor-inner-section elementor-element elementor-element-e5a76cb elementor-section-boxed elementor-section-height-default elementor-section-height-default\" data-id=\"e5a76cb\" data-element_type=\"section\">\n\t\t\t\t\t\t<div class=\"elementor-container elementor-column-gap-default\">\n\t\t\t\t\t<div class=\"elementor-column elementor-col-33 elementor-inner-column elementor-element elementor-element-1cd5627\" data-id=\"1cd5627\" data-element_type=\"column\">\n\t\t\t<div class=\"elementor-widget-wrap elementor-element-populated\">\n\t\t\t\t\t\t\t\t<div class=\"elementor-element elementor-element-1f4fe84 elementor-widget elementor-widget-image\" data-id=\"1f4fe84\" data-element_type=\"widget\" data-widget_type=\"image.default\">\n\t\t\t\t<div class=\"elementor-widget-container\">\n\t\t\t\t\t\t\t\t\t\t\t\t\t\t\t<img loading=\"lazy\" decoding=\"async\" width=\"236\" height=\"244\" src=\"http:\/\/wordpress.schuetzenverein-boerger.de\/wordpress\/wp-content\/uploads\/2023\/08\/Fahne_Schuetzenverein_1.jpg\" class=\"attachment-large size-large wp-image-416\" alt=\"\" \/>\t\t\t\t\t\t\t\t\t\t\t\t\t\t\t<\/div>\n\t\t\t\t<\/div>\n\t\t\t\t\t<\/div>\n\t\t<\/div>\n\t\t\t\t<div class=\"elementor-column elementor-col-33 elementor-inner-column elementor-element elementor-element-c9b2238\" data-id=\"c9b2238\" data-element_type=\"column\">\n\t\t\t<div class=\"elementor-widget-wrap elementor-element-populated\">\n\t\t\t\t\t\t\t\t<div class=\"elementor-element elementor-element-ef9da17 elementor-widget elementor-widget-text-editor\" data-id=\"ef9da17\" data-element_type=\"widget\" data-widget_type=\"text-editor.default\">\n\t\t\t\t<div class=\"elementor-widget-container\">\n\t\t\t\t\t\t\t<p><strong>Unsere Fahnentr\u00e4ger repr\u00e4sentieren unseren Verein beispielsweise bei folgenden Anl\u00e4ssen:<\/strong><br \/>Sch\u00fctzenumz\u00fcgen<br \/>\u00d6ffentliche Veranstaltungen wie Totengedenken und Volkstrauertag<br \/>Kirchliche Veranstaltungen<br \/>Beerdigungen<\/p>\t\t\t\t\t\t<\/div>\n\t\t\t\t<\/div>\n\t\t\t\t\t<\/div>\n\t\t<\/div>\n\t\t\t\t<div class=\"elementor-column elementor-col-33 elementor-inner-column elementor-element elementor-element-6292158\" data-id=\"6292158\" data-element_type=\"column\">\n\t\t\t<div class=\"elementor-widget-wrap elementor-element-populated\">\n\t\t\t\t\t\t\t\t<div class=\"elementor-element elementor-element-b17c2dd elementor-widget elementor-widget-image\" data-id=\"b17c2dd\" data-element_type=\"widget\" data-widget_type=\"image.default\">\n\t\t\t\t<div class=\"elementor-widget-container\">\n\t\t\t\t\t\t\t\t\t\t\t\t\t\t\t<img loading=\"lazy\" decoding=\"async\" width=\"236\" height=\"244\" src=\"http:\/\/wordpress.schuetzenverein-boerger.de\/wordpress\/wp-content\/uploads\/2023\/08\/Fahne_Schuetzenverein_2006.jpg\" class=\"attachment-large size-large wp-image-417\" alt=\"\" \/>\t\t\t\t\t\t\t\t\t\t\t\t\t\t\t<\/div>\n\t\t\t\t<\/div>\n\t\t\t\t\t<\/div>\n\t\t<\/div>\n\t\t\t\t\t\t\t<\/div>\n\t\t<\/section>\n\t\t\t\t<div class=\"elementor-element elementor-element-a582290 elementor-widget elementor-widget-text-editor\" data-id=\"a582290\" data-element_type=\"widget\" data-widget_type=\"text-editor.default\">\n\t\t\t\t<div class=\"elementor-widget-container\">\n\t\t\t\t\t\t\t<p><strong>Zu den Fahnenoffizieren z\u00e4hlen aktuell<\/strong><\/p>\n<p>Hermann T\u00f6bben- Behrens, Hans Sternitzky, J\u00fcrgen Schr\u00f6er, Florian Kubiaczick, Hermann Kuckshinrichs, Hermann Schwarte, Frank Jansen, Keno Cordes, Martin Connemann, Heinz Oldiges, Heiner Klaas, Stephan Antons, Andreas W\u00f6ste, Andreas Sievers, Sebastian Schwarz, Michael Jansen, J\u00fcrgen Ker\u00dfens, Hermann Kossenjans, Hans Kla\u00dfen und Thomas Funke. <\/p>\n<p><strong>1. Fahnenoffizier: J\u00fcrgen Schr\u00f6er<\/strong><\/p>\t\t\t\t\t\t<\/div>\n\t\t\t\t<\/div>\n\t\t\t\t\t<\/div>\n\t\t<\/div>\n\t\t\t\t\t\t\t<\/div>\n\t\t<\/section>\n\t\t\t\t<section class=\"elementor-section elementor-top-section elementor-element elementor-element-ff30b06 elementor-section-boxed elementor-section-height-default elementor-section-height-default\" data-id=\"ff30b06\" data-element_type=\"section\">\n\t\t\t\t\t\t<div class=\"elementor-container elementor-column-gap-default\">\n\t\t\t\t\t<div class=\"elementor-column elementor-col-100 elementor-top-column elementor-element elementor-element-96293f2\" data-id=\"96293f2\" data-element_type=\"column\">\n\t\t\t<div class=\"elementor-widget-wrap elementor-element-populated\">\n\t\t\t\t\t\t\t\t<div class=\"elementor-element elementor-element-9592b1b elementor-widget elementor-widget-menu-anchor\" data-id=\"9592b1b\" data-element_type=\"widget\" data-widget_type=\"menu-anchor.default\">\n\t\t\t\t<div class=\"elementor-widget-container\">\n\t\t\t\t\t<div id=\"kompanien\" class=\"elementor-menu-anchor\"><\/div>\n\t\t\t\t<\/div>\n\t\t\t\t<\/div>\n\t\t\t\t\t<\/div>\n\t\t<\/div>\n\t\t\t\t\t\t\t<\/div>\n\t\t<\/section>\n\t\t\t\t<section class=\"elementor-section elementor-top-section elementor-element elementor-element-1417f1b elementor-section-boxed elementor-section-height-default elementor-section-height-default\" data-id=\"1417f1b\" data-element_type=\"section\" data-settings=\"{&quot;background_background&quot;:&quot;classic&quot;}\">\n\t\t\t\t\t\t<div class=\"elementor-container elementor-column-gap-default\">\n\t\t\t\t\t<div class=\"elementor-column elementor-col-100 elementor-top-column elementor-element elementor-element-9f89e62 elementor-invisible\" data-id=\"9f89e62\" data-element_type=\"column\" data-settings=\"{&quot;animation&quot;:&quot;fadeIn&quot;,&quot;animation_delay&quot;:1000}\">\n\t\t\t<div class=\"elementor-widget-wrap elementor-element-populated\">\n\t\t\t\t\t\t\t\t<div class=\"elementor-element elementor-element-f381001 elementor-invisible elementor-widget elementor-widget-text-editor\" data-id=\"f381001\" data-element_type=\"widget\" data-settings=\"{&quot;_animation&quot;:&quot;fadeInLeft&quot;}\" data-widget_type=\"text-editor.default\">\n\t\t\t\t<div class=\"elementor-widget-container\">\n\t\t\t\t\t\t\t<p><strong>Kompanien<\/strong><\/p>\t\t\t\t\t\t<\/div>\n\t\t\t\t<\/div>\n\t\t\t\t<section class=\"elementor-section elementor-inner-section elementor-element elementor-element-ce17481 elementor-section-boxed elementor-section-height-default elementor-section-height-default\" data-id=\"ce17481\" data-element_type=\"section\">\n\t\t\t\t\t\t<div class=\"elementor-container elementor-column-gap-default\">\n\t\t\t\t\t<div class=\"elementor-column elementor-col-50 elementor-inner-column elementor-element elementor-element-6cdd93a\" data-id=\"6cdd93a\" data-element_type=\"column\">\n\t\t\t<div class=\"elementor-widget-wrap elementor-element-populated\">\n\t\t\t\t\t\t\t\t<div class=\"elementor-element elementor-element-692b4c7 elementor-widget elementor-widget-text-editor\" data-id=\"692b4c7\" data-element_type=\"widget\" data-widget_type=\"text-editor.default\">\n\t\t\t\t<div class=\"elementor-widget-container\">\n\t\t\t\t\t\t\t<p>Die Gemeinde B\u00f6rger ist in 3 Kompanien aufgeteilt. Die Grenzen bilden die S\u00f6geler-, Wald-, Haupt- und Breddenbergerstra\u00dfe (siehe Zeichnung)<\/p><p><strong>Kompanie West\u00a0<\/strong><br \/>Kompanief\u00fchrer: J\u00f6rg Bruns &#8211; 05953\/925134<br \/>Stellvertreter: Hermann Kremer &#8211; 05953\/1401<\/p><p><strong>Kompanie Nord<\/strong> <br \/>Kompanief\u00fchrer: Christian Geesken &#8211; 05953\/9487708<br \/>Stellvertreter: Thomas Sebers &#8211; 05953\/925560<\/p><p><strong>Kompanie Ost<\/strong><br \/>Kompanief\u00fchrer: Matthias Sieve<br \/>Stellvertreter: Jan M\u00fcller<\/p>\t\t\t\t\t\t<\/div>\n\t\t\t\t<\/div>\n\t\t\t\t\t<\/div>\n\t\t<\/div>\n\t\t\t\t<div class=\"elementor-column elementor-col-50 elementor-inner-column elementor-element elementor-element-6e2eb4e\" data-id=\"6e2eb4e\" data-element_type=\"column\">\n\t\t\t<div class=\"elementor-widget-wrap elementor-element-populated\">\n\t\t\t\t\t\t\t\t<div class=\"elementor-element elementor-element-ac1b4fc elementor-invisible elementor-widget elementor-widget-image\" data-id=\"ac1b4fc\" data-element_type=\"widget\" data-settings=\"{&quot;_animation&quot;:&quot;fadeInRight&quot;}\" data-widget_type=\"image.default\">\n\t\t\t\t<div class=\"elementor-widget-container\">\n\t\t\t\t\t\t\t\t\t\t\t\t\t\t\t<img loading=\"lazy\" decoding=\"async\" width=\"550\" height=\"363\" src=\"http:\/\/wordpress.schuetzenverein-boerger.de\/wordpress\/wp-content\/uploads\/2023\/08\/kompanien_.jpg\" class=\"attachment-large size-large wp-image-444\" alt=\"\" srcset=\"http:\/\/wordpress.schuetzenverein-boerger.de\/wordpress\/wp-content\/uploads\/2023\/08\/kompanien_.jpg 550w, http:\/\/wordpress.schuetzenverein-boerger.de\/wordpress\/wp-content\/uploads\/2023\/08\/kompanien_-300x198.jpg 300w\" sizes=\"auto, (max-width: 550px) 100vw, 550px\" \/>\t\t\t\t\t\t\t\t\t\t\t\t\t\t\t<\/div>\n\t\t\t\t<\/div>\n\t\t\t\t\t<\/div>\n\t\t<\/div>\n\t\t\t\t\t\t\t<\/div>\n\t\t<\/section>\n\t\t\t\t\t<\/div>\n\t\t<\/div>\n\t\t\t\t\t\t\t<\/div>\n\t\t<\/section>\n\t\t\t\t<section class=\"elementor-section elementor-top-section elementor-element elementor-element-fbc564e elementor-section-boxed elementor-section-height-default elementor-section-height-default\" data-id=\"fbc564e\" data-element_type=\"section\">\n\t\t\t\t\t\t<div class=\"elementor-container elementor-column-gap-default\">\n\t\t\t\t\t<div class=\"elementor-column elementor-col-100 elementor-top-column elementor-element elementor-element-b419b1e\" data-id=\"b419b1e\" data-element_type=\"column\">\n\t\t\t<div class=\"elementor-widget-wrap elementor-element-populated\">\n\t\t\t\t\t\t\t\t<div class=\"elementor-element elementor-element-2e751bf elementor-widget elementor-widget-menu-anchor\" data-id=\"2e751bf\" data-element_type=\"widget\" data-widget_type=\"menu-anchor.default\">\n\t\t\t\t<div class=\"elementor-widget-container\">\n\t\t\t\t\t<div id=\"termine\" class=\"elementor-menu-anchor\"><\/div>\n\t\t\t\t<\/div>\n\t\t\t\t<\/div>\n\t\t\t\t\t<\/div>\n\t\t<\/div>\n\t\t\t\t\t\t\t<\/div>\n\t\t<\/section>\n\t\t\t\t<section class=\"elementor-section elementor-top-section elementor-element elementor-element-8a3ec93 elementor-section-boxed elementor-section-height-default elementor-section-height-default\" data-id=\"8a3ec93\" data-element_type=\"section\" data-settings=\"{&quot;background_background&quot;:&quot;classic&quot;}\">\n\t\t\t\t\t\t\t<div class=\"elementor-background-overlay\"><\/div>\n\t\t\t\t\t\t\t<div class=\"elementor-container elementor-column-gap-default\">\n\t\t\t\t\t<div class=\"elementor-column elementor-col-100 elementor-top-column elementor-element elementor-element-62331c4\" data-id=\"62331c4\" data-element_type=\"column\">\n\t\t\t<div class=\"elementor-widget-wrap elementor-element-populated\">\n\t\t\t\t\t\t\t\t<div class=\"elementor-element elementor-element-b78a099 elementor-invisible elementor-widget elementor-widget-text-editor\" data-id=\"b78a099\" data-element_type=\"widget\" data-settings=\"{&quot;_animation&quot;:&quot;fadeInLeft&quot;}\" data-widget_type=\"text-editor.default\">\n\t\t\t\t<div class=\"elementor-widget-container\">\n\t\t\t\t\t\t\t<p><strong>Termine<\/strong><\/p>\t\t\t\t\t\t<\/div>\n\t\t\t\t<\/div>\n\t\t\t\t<div class=\"elementor-element elementor-element-428f9a9 elementor-widget elementor-widget-text-editor\" data-id=\"428f9a9\" data-element_type=\"widget\" data-widget_type=\"text-editor.default\">\n\t\t\t\t<div class=\"elementor-widget-container\">\n\t\t\t\t\t\t\t<p>Aktuelle Termine finden Sie auf unserem Instagramprofil oder in unserer WhatsApp-Gruppe<\/p>\t\t\t\t\t\t<\/div>\n\t\t\t\t<\/div>\n\t\t\t\t<div class=\"elementor-element elementor-element-0057e3a elementor-invisible elementor-widget elementor-widget-accordion\" data-id=\"0057e3a\" data-element_type=\"widget\" data-settings=\"{&quot;_animation&quot;:&quot;fadeInUp&quot;}\" data-widget_type=\"accordion.default\">\n\t\t\t\t<div class=\"elementor-widget-container\">\n\t\t\t<style>\/*! elementor - v3.15.0 - 09-08-2023 *\/\n.elementor-accordion{text-align:left}.elementor-accordion .elementor-accordion-item{border:1px solid #d5d8dc}.elementor-accordion .elementor-accordion-item+.elementor-accordion-item{border-top:none}.elementor-accordion .elementor-tab-title{margin:0;padding:15px 20px;font-weight:700;line-height:1;cursor:pointer;outline:none}.elementor-accordion .elementor-tab-title .elementor-accordion-icon{display:inline-block;width:1.5em}.elementor-accordion .elementor-tab-title .elementor-accordion-icon svg{width:1em;height:1em}.elementor-accordion .elementor-tab-title .elementor-accordion-icon.elementor-accordion-icon-right{float:right;text-align:right}.elementor-accordion .elementor-tab-title .elementor-accordion-icon.elementor-accordion-icon-left{float:left;text-align:left}.elementor-accordion .elementor-tab-title .elementor-accordion-icon .elementor-accordion-icon-closed{display:block}.elementor-accordion .elementor-tab-title .elementor-accordion-icon .elementor-accordion-icon-opened,.elementor-accordion .elementor-tab-title.elementor-active .elementor-accordion-icon-closed{display:none}.elementor-accordion .elementor-tab-title.elementor-active .elementor-accordion-icon-opened{display:block}.elementor-accordion .elementor-tab-content{display:none;padding:15px 20px;border-top:1px solid #d5d8dc}@media (max-width:767px){.elementor-accordion .elementor-tab-title{padding:12px 15px}.elementor-accordion .elementor-tab-title .elementor-accordion-icon{width:1.2em}.elementor-accordion .elementor-tab-content{padding:7px 15px}}.e-con-inner>.elementor-widget-accordion,.e-con>.elementor-widget-accordion{width:var(--container-widget-width);--flex-grow:var(--container-widget-flex-grow)}<\/style>\t\t<div class=\"elementor-accordion\">\n\t\t\t\t\t\t\t<div class=\"elementor-accordion-item\">\n\t\t\t\t\t<div id=\"elementor-tab-title-3591\" class=\"elementor-tab-title\" data-tab=\"1\" role=\"button\" aria-controls=\"elementor-tab-content-3591\" aria-expanded=\"false\">\n\t\t\t\t\t\t\t\t\t\t\t\t\t<span class=\"elementor-accordion-icon elementor-accordion-icon-left\" aria-hidden=\"true\">\n\t\t\t\t\t\t\t\t\t\t\t\t\t\t\t<span class=\"elementor-accordion-icon-closed\"><i class=\"fas fa-chevron-down\"><\/i><\/span>\n\t\t\t\t\t\t\t\t<span class=\"elementor-accordion-icon-opened\"><i class=\"fas fa-caret-up\"><\/i><\/span>\n\t\t\t\t\t\t\t\t\t\t\t\t\t\t<\/span>\n\t\t\t\t\t\t\t\t\t\t\t\t<a class=\"elementor-accordion-title\" tabindex=\"0\">Sch\u00fctzenball<\/a>\n\t\t\t\t\t<\/div>\n\t\t\t\t\t<div id=\"elementor-tab-content-3591\" class=\"elementor-tab-content elementor-clearfix\" data-tab=\"1\" role=\"region\" aria-labelledby=\"elementor-tab-title-3591\"><p>Der Sch\u00fctzenball findet traditionell am zweiten Samstag im Januar statt. <br \/>Veranstaltungsort ist das Gemeinde- und Kulturzentrum in B\u00f6rger.<br \/><br \/><\/p><\/div>\n\t\t\t\t<\/div>\n\t\t\t\t\t\t\t<div class=\"elementor-accordion-item\">\n\t\t\t\t\t<div id=\"elementor-tab-title-3592\" class=\"elementor-tab-title\" data-tab=\"2\" role=\"button\" aria-controls=\"elementor-tab-content-3592\" aria-expanded=\"false\">\n\t\t\t\t\t\t\t\t\t\t\t\t\t<span class=\"elementor-accordion-icon elementor-accordion-icon-left\" aria-hidden=\"true\">\n\t\t\t\t\t\t\t\t\t\t\t\t\t\t\t<span class=\"elementor-accordion-icon-closed\"><i class=\"fas fa-chevron-down\"><\/i><\/span>\n\t\t\t\t\t\t\t\t<span class=\"elementor-accordion-icon-opened\"><i class=\"fas fa-caret-up\"><\/i><\/span>\n\t\t\t\t\t\t\t\t\t\t\t\t\t\t<\/span>\n\t\t\t\t\t\t\t\t\t\t\t\t<a class=\"elementor-accordion-title\" tabindex=\"0\">Generalversammlung<\/a>\n\t\t\t\t\t<\/div>\n\t\t\t\t\t<div id=\"elementor-tab-content-3592\" class=\"elementor-tab-content elementor-clearfix\" data-tab=\"2\" role=\"region\" aria-labelledby=\"elementor-tab-title-3592\"><p>Die Generalversammlung findet am zweiten Samstag im M\u00e4rz im Sch\u00fctzenhaus an der Waldstra\u00dfe statt.<br \/><br \/><\/p><\/div>\n\t\t\t\t<\/div>\n\t\t\t\t\t\t\t<div class=\"elementor-accordion-item\">\n\t\t\t\t\t<div id=\"elementor-tab-title-3593\" class=\"elementor-tab-title\" data-tab=\"3\" role=\"button\" aria-controls=\"elementor-tab-content-3593\" aria-expanded=\"false\">\n\t\t\t\t\t\t\t\t\t\t\t\t\t<span class=\"elementor-accordion-icon elementor-accordion-icon-left\" aria-hidden=\"true\">\n\t\t\t\t\t\t\t\t\t\t\t\t\t\t\t<span class=\"elementor-accordion-icon-closed\"><i class=\"fas fa-chevron-down\"><\/i><\/span>\n\t\t\t\t\t\t\t\t<span class=\"elementor-accordion-icon-opened\"><i class=\"fas fa-caret-up\"><\/i><\/span>\n\t\t\t\t\t\t\t\t\t\t\t\t\t\t<\/span>\n\t\t\t\t\t\t\t\t\t\t\t\t<a class=\"elementor-accordion-title\" tabindex=\"0\">Kompanieschie\u00dfen<\/a>\n\t\t\t\t\t<\/div>\n\t\t\t\t\t<div id=\"elementor-tab-content-3593\" class=\"elementor-tab-content elementor-clearfix\" data-tab=\"3\" role=\"region\" aria-labelledby=\"elementor-tab-title-3593\"><p>Am Mittwochabend vor Christi Himmelfahrt messen sich die 3 Kompanien unseres Vereins im Sch\u00fctzenhaus. Ebenso k\u00f6nnen sich alle Sch\u00fctzen Schn\u00fcre, Plaketten usw. f\u00fcr Ihre Westen verdienen.<\/p><\/div>\n\t\t\t\t<\/div>\n\t\t\t\t\t\t\t<div class=\"elementor-accordion-item\">\n\t\t\t\t\t<div id=\"elementor-tab-title-3594\" class=\"elementor-tab-title\" data-tab=\"4\" role=\"button\" aria-controls=\"elementor-tab-content-3594\" aria-expanded=\"false\">\n\t\t\t\t\t\t\t\t\t\t\t\t\t<span class=\"elementor-accordion-icon elementor-accordion-icon-left\" aria-hidden=\"true\">\n\t\t\t\t\t\t\t\t\t\t\t\t\t\t\t<span class=\"elementor-accordion-icon-closed\"><i class=\"fas fa-chevron-down\"><\/i><\/span>\n\t\t\t\t\t\t\t\t<span class=\"elementor-accordion-icon-opened\"><i class=\"fas fa-caret-up\"><\/i><\/span>\n\t\t\t\t\t\t\t\t\t\t\t\t\t\t<\/span>\n\t\t\t\t\t\t\t\t\t\t\t\t<a class=\"elementor-accordion-title\" tabindex=\"0\">Sch\u00fctzenfest<\/a>\n\t\t\t\t\t<\/div>\n\t\t\t\t\t<div id=\"elementor-tab-content-3594\" class=\"elementor-tab-content elementor-clearfix\" data-tab=\"4\" role=\"region\" aria-labelledby=\"elementor-tab-title-3594\"><p>Am vierten Wochenende im Juli feiert die ganze Gemeinde das traditionelle B\u00f6rgeraner Sch\u00fctzenfest.<\/p><\/div>\n\t\t\t\t<\/div>\n\t\t\t\t\t\t\t\t\t\t<script type=\"application\/ld+json\">{\"@context\":\"https:\\\/\\\/schema.org\",\"@type\":\"FAQPage\",\"mainEntity\":[{\"@type\":\"Question\",\"name\":\"Sch\\u00fctzenball\",\"acceptedAnswer\":{\"@type\":\"Answer\",\"text\":\"<p>Der Sch\\u00fctzenball findet traditionell am zweiten Samstag im Januar statt. <br \\\/>Veranstaltungsort ist das Gemeinde- und Kulturzentrum in B\\u00f6rger.<br \\\/><br \\\/><\\\/p>\"}},{\"@type\":\"Question\",\"name\":\"Generalversammlung\",\"acceptedAnswer\":{\"@type\":\"Answer\",\"text\":\"<p>Die Generalversammlung findet am zweiten Samstag im M\\u00e4rz im Sch\\u00fctzenhaus an der Waldstra\\u00dfe statt.<br \\\/><br \\\/><\\\/p>\"}},{\"@type\":\"Question\",\"name\":\"Kompanieschie\\u00dfen\",\"acceptedAnswer\":{\"@type\":\"Answer\",\"text\":\"<p>Am Mittwochabend vor Christi Himmelfahrt messen sich die 3 Kompanien unseres Vereins im Sch\\u00fctzenhaus. Ebenso k\\u00f6nnen sich alle Sch\\u00fctzen Schn\\u00fcre, Plaketten usw. f\\u00fcr Ihre Westen verdienen.<\\\/p>\"}},{\"@type\":\"Question\",\"name\":\"Sch\\u00fctzenfest\",\"acceptedAnswer\":{\"@type\":\"Answer\",\"text\":\"<p>Am vierten Wochenende im Juli feiert die ganze Gemeinde das traditionelle B\\u00f6rgeraner Sch\\u00fctzenfest.<\\\/p>\"}}]}<\/script>\n\t\t\t\t\t<\/div>\n\t\t\t\t<\/div>\n\t\t\t\t<\/div>\n\t\t\t\t\t<\/div>\n\t\t<\/div>\n\t\t\t\t\t\t\t<\/div>\n\t\t<\/section>\n\t\t\t\t<section class=\"elementor-section elementor-top-section elementor-element elementor-element-49898a4 elementor-section-boxed elementor-section-height-default elementor-section-height-default\" data-id=\"49898a4\" data-element_type=\"section\">\n\t\t\t\t\t\t<div class=\"elementor-container elementor-column-gap-default\">\n\t\t\t\t\t<div class=\"elementor-column elementor-col-100 elementor-top-column elementor-element elementor-element-0de5e21\" data-id=\"0de5e21\" data-element_type=\"column\">\n\t\t\t<div class=\"elementor-widget-wrap elementor-element-populated\">\n\t\t\t\t\t\t\t\t<div class=\"elementor-element elementor-element-9dd7292 elementor-widget elementor-widget-menu-anchor\" data-id=\"9dd7292\" data-element_type=\"widget\" data-widget_type=\"menu-anchor.default\">\n\t\t\t\t<div class=\"elementor-widget-container\">\n\t\t\t\t\t<div id=\"sonstiges\" class=\"elementor-menu-anchor\"><\/div>\n\t\t\t\t<\/div>\n\t\t\t\t<\/div>\n\t\t\t\t<div class=\"elementor-element elementor-element-f0864ed elementor-invisible elementor-widget elementor-widget-text-editor\" data-id=\"f0864ed\" data-element_type=\"widget\" data-settings=\"{&quot;_animation&quot;:&quot;fadeInLeft&quot;}\" data-widget_type=\"text-editor.default\">\n\t\t\t\t<div class=\"elementor-widget-container\">\n\t\t\t\t\t\t\t<p><strong>Sonstiges<\/strong><\/p>\t\t\t\t\t\t<\/div>\n\t\t\t\t<\/div>\n\t\t\t\t<div class=\"elementor-element elementor-element-45a26b2 elementor-widget elementor-widget-text-editor\" data-id=\"45a26b2\" data-element_type=\"widget\" data-widget_type=\"text-editor.default\">\n\t\t\t\t<div class=\"elementor-widget-container\">\n\t\t\t\t\t\t\t<p>Fast fertig &#8211; passend zur Sch\u00fctzenfestsaison!<\/p><p>Im September vergangenen Jahres wurde uns von der Lokalen Aktionsgruppe H\u00fcmmling (LAG) der Bewilligungsbescheid der LEADER-F\u00f6rderung zur Neugestaltung unseres Fest- und Veranstaltungsplatzes \u00fcbergeben. Dies markierte f\u00fcr uns den Startschuss der Umbauma\u00dfnahmen und seitdem hat sich so einiges getan! Wir haben das Pflaster mit reichlicher Mithilfe unserer Mitglieder in Eigenleistung herausgenommen und die weiteren Aufgaben an hiesige Fachunternehmen vergeben. <br \/>Und wie man auf den folgenden Bildern erkennen kann, befinden wir uns derzeit im Endspurt der Fertigstellung.<\/p><p>Ein Projekt dieser Gr\u00f6\u00dfenordnung ist f\u00fcr einen Verein nat\u00fcrlich immer ein riesen Ding, das sowohl vor als auch w\u00e4hrend der Neugestaltung einiges an Arbeit sowie an reichlicher Planung erfordert. Ein Hauptaugenmerk lag f\u00fcr uns sicherlich bei der Finanzierung dieses f\u00fcr uns nicht allt\u00e4glichen Vorhabens. Hier m\u00f6chten wir uns auf diesem Wege bei der Gemeinde B\u00f6rger, der Lokalen Aktionsgruppe H\u00fcmmling (LAG) zur positiven LEADER-F\u00f6rderzusage sowie bei allen weiteren Unterst\u00fctzerinnen und Unterst\u00fctzern recht herzlich bedanken!!! Ohne euch w\u00e4re eine Neugestaltung in diesem Rahmen kaum machbar gewesen.<\/p><p>Aber wer oder was ist &#8222;LEADER&#8220; eigentlich?!<br \/>Die LEADER-F\u00f6rderung ist eine F\u00f6rderung aus EU-Mitteln und dient zur St\u00e4rkung und Weiterentwicklung des l\u00e4ndlichen Raumes. Im Mittelpunkt stehen die LEADER-Aktionsgruppen (LAG). Sie sind Partnerschaften zwischen kommunalen, wirtschaftlichen und sozial engagierten Akteurinnen und Akteuren in der Region. Gemeinsam benennen sie Ziele f\u00fcr ihre Region und halten diese in einem regionalen Entwicklungskonzept fest. Die zugrundeliegende \u00dcberlegung hinter diesem Ansatz ist, dass die Menschen vor Ort die Herausforderungen und Potenziale ihrer Region am besten kennen. So k\u00f6nnen gezielt Bedarfe erkannt und passgenaue Ideen sowie Projekte entwickelt werden, die den B\u00fcrgerinnen und B\u00fcrgern einen Mehrwert bringen und den l\u00e4ndlichen Raum insgesamt zukunftsf\u00e4hig machen.<br \/>LEADER hei\u00dft im franz\u00f6sischen &#8222;Liaison entre actions de d\u00e9veloppement de l&#8217;\u00e9conomie rurale&#8220; und bedeutet \u201eVerbindung zwischen Aktionen zur Entwicklung der l\u00e4ndlichen Wirtschaft\u201c. Gef\u00f6rdert werden Ma\u00dfnahmen mit maximal 40% der anfallenden Kosten, begrenzt ist dies auf eine Maximalsumme in H\u00f6he von 100.000 \u20ac.<br \/>Weitere Infos zur LAG H\u00fcmmling gibt es unter: https:\/\/www.leader-huemmling.de\/<\/p><p>Festzuhalten bleibt, dass die Umgestaltung des Fest- und Veranstaltungsplatzes vielen verschiedenen Vereinen sowie vielen Dorfbewohnern zugutekommt und einen deutlichen Mehrwert f\u00fcr unseren Ort B\u00f6rger sowie f\u00fcr die Region darstellt.<\/p><p>Wir freuen uns schon auf unser erstes Sch\u00fctzenfest &#8211; lange dauert es ja nicht mehr!<\/p>\t\t\t\t\t\t<\/div>\n\t\t\t\t<\/div>\n\t\t\t\t<div class=\"elementor-element elementor-element-73da33d elementor-widget elementor-widget-image-gallery\" data-id=\"73da33d\" data-element_type=\"widget\" data-widget_type=\"image-gallery.default\">\n\t\t\t\t<div class=\"elementor-widget-container\">\n\t\t\t<style>\/*! elementor - v3.15.0 - 09-08-2023 *\/\n.elementor-image-gallery .gallery-item{display:inline-block;text-align:center;vertical-align:top;width:100%;max-width:100%;margin:0 auto}.elementor-image-gallery .gallery-item img{margin:0 auto}.elementor-image-gallery .gallery-item .gallery-caption{margin:0}.elementor-image-gallery figure img{display:block}.elementor-image-gallery figure figcaption{width:100%}.gallery-spacing-custom .elementor-image-gallery .gallery-icon{padding:0}@media (min-width:768px){.elementor-image-gallery .gallery-columns-2 .gallery-item{max-width:50%}.elementor-image-gallery .gallery-columns-3 .gallery-item{max-width:33.33%}.elementor-image-gallery .gallery-columns-4 .gallery-item{max-width:25%}.elementor-image-gallery .gallery-columns-5 .gallery-item{max-width:20%}.elementor-image-gallery .gallery-columns-6 .gallery-item{max-width:16.666%}.elementor-image-gallery .gallery-columns-7 .gallery-item{max-width:14.28%}.elementor-image-gallery .gallery-columns-8 .gallery-item{max-width:12.5%}.elementor-image-gallery .gallery-columns-9 .gallery-item{max-width:11.11%}.elementor-image-gallery .gallery-columns-10 .gallery-item{max-width:10%}}@media (min-width:480px) and (max-width:767px){.elementor-image-gallery .gallery.gallery-columns-2 .gallery-item,.elementor-image-gallery .gallery.gallery-columns-3 .gallery-item,.elementor-image-gallery .gallery.gallery-columns-4 .gallery-item,.elementor-image-gallery .gallery.gallery-columns-5 .gallery-item,.elementor-image-gallery .gallery.gallery-columns-6 .gallery-item,.elementor-image-gallery .gallery.gallery-columns-7 .gallery-item,.elementor-image-gallery .gallery.gallery-columns-8 .gallery-item,.elementor-image-gallery .gallery.gallery-columns-9 .gallery-item,.elementor-image-gallery .gallery.gallery-columns-10 .gallery-item{max-width:50%}}@media (max-width:479px){.elementor-image-gallery .gallery.gallery-columns-2 .gallery-item,.elementor-image-gallery .gallery.gallery-columns-3 .gallery-item,.elementor-image-gallery .gallery.gallery-columns-4 .gallery-item,.elementor-image-gallery .gallery.gallery-columns-5 .gallery-item,.elementor-image-gallery .gallery.gallery-columns-6 .gallery-item,.elementor-image-gallery .gallery.gallery-columns-7 .gallery-item,.elementor-image-gallery .gallery.gallery-columns-8 .gallery-item,.elementor-image-gallery .gallery.gallery-columns-9 .gallery-item,.elementor-image-gallery .gallery.gallery-columns-10 .gallery-item{max-width:100%}}<\/style>\t\t<div class=\"elementor-image-gallery\">\n\t\t\t<div id='gallery-1' class='gallery galleryid-8 gallery-columns-6 gallery-size-thumbnail'><figure class='gallery-item'>\n\t\t\t<div class='gallery-icon portrait'>\n\t\t\t\t<a data-elementor-open-lightbox=\"yes\" data-elementor-lightbox-slideshow=\"73da33d\" data-elementor-lightbox-title=\"Sch\u00fctzenplatz (1)\" data-e-action-hash=\"#elementor-action%3Aaction%3Dlightbox%26settings%3DeyJpZCI6NzI1LCJ1cmwiOiJodHRwOlwvXC93b3JkcHJlc3Muc2NodWV0emVudmVyZWluLWJvZXJnZXIuZGVcL3dvcmRwcmVzc1wvd3AtY29udGVudFwvdXBsb2Fkc1wvMjAyNVwvMDRcL1NjaHVldHplbnBsYXR6LTEuanBlZyIsInNsaWRlc2hvdyI6IjczZGEzM2QifQ%3D%3D\" href='http:\/\/wordpress.schuetzenverein-boerger.de\/wordpress\/wp-content\/uploads\/2025\/04\/Schuetzenplatz-1.jpeg'><img loading=\"lazy\" decoding=\"async\" width=\"150\" height=\"150\" src=\"http:\/\/wordpress.schuetzenverein-boerger.de\/wordpress\/wp-content\/uploads\/2025\/04\/Schuetzenplatz-1-150x150.jpeg\" class=\"attachment-thumbnail size-thumbnail\" alt=\"\" srcset=\"http:\/\/wordpress.schuetzenverein-boerger.de\/wordpress\/wp-content\/uploads\/2025\/04\/Schuetzenplatz-1-150x150.jpeg 150w, http:\/\/wordpress.schuetzenverein-boerger.de\/wordpress\/wp-content\/uploads\/2025\/04\/Schuetzenplatz-1-600x600.jpeg 600w\" sizes=\"auto, (max-width: 150px) 100vw, 150px\" \/><\/a>\n\t\t\t<\/div><\/figure><figure class='gallery-item'>\n\t\t\t<div class='gallery-icon portrait'>\n\t\t\t\t<a data-elementor-open-lightbox=\"yes\" data-elementor-lightbox-slideshow=\"73da33d\" data-elementor-lightbox-title=\"Sch\u00fctzenplatz (24)\" data-e-action-hash=\"#elementor-action%3Aaction%3Dlightbox%26settings%3DeyJpZCI6NzI0LCJ1cmwiOiJodHRwOlwvXC93b3JkcHJlc3Muc2NodWV0emVudmVyZWluLWJvZXJnZXIuZGVcL3dvcmRwcmVzc1wvd3AtY29udGVudFwvdXBsb2Fkc1wvMjAyNVwvMDRcL1NjaHVldHplbnBsYXR6LTI0LmpwZWciLCJzbGlkZXNob3ciOiI3M2RhMzNkIn0%3D\" href='http:\/\/wordpress.schuetzenverein-boerger.de\/wordpress\/wp-content\/uploads\/2025\/04\/Schuetzenplatz-24.jpeg'><img loading=\"lazy\" decoding=\"async\" width=\"150\" height=\"150\" src=\"http:\/\/wordpress.schuetzenverein-boerger.de\/wordpress\/wp-content\/uploads\/2025\/04\/Schuetzenplatz-24-150x150.jpeg\" class=\"attachment-thumbnail size-thumbnail\" alt=\"\" srcset=\"http:\/\/wordpress.schuetzenverein-boerger.de\/wordpress\/wp-content\/uploads\/2025\/04\/Schuetzenplatz-24-150x150.jpeg 150w, http:\/\/wordpress.schuetzenverein-boerger.de\/wordpress\/wp-content\/uploads\/2025\/04\/Schuetzenplatz-24-600x600.jpeg 600w\" sizes=\"auto, (max-width: 150px) 100vw, 150px\" \/><\/a>\n\t\t\t<\/div><\/figure><figure class='gallery-item'>\n\t\t\t<div class='gallery-icon portrait'>\n\t\t\t\t<a data-elementor-open-lightbox=\"yes\" data-elementor-lightbox-slideshow=\"73da33d\" data-elementor-lightbox-title=\"Sch\u00fctzenplatz (23)\" data-e-action-hash=\"#elementor-action%3Aaction%3Dlightbox%26settings%3DeyJpZCI6NzIzLCJ1cmwiOiJodHRwOlwvXC93b3JkcHJlc3Muc2NodWV0emVudmVyZWluLWJvZXJnZXIuZGVcL3dvcmRwcmVzc1wvd3AtY29udGVudFwvdXBsb2Fkc1wvMjAyNVwvMDRcL1NjaHVldHplbnBsYXR6LTIzLmpwZWciLCJzbGlkZXNob3ciOiI3M2RhMzNkIn0%3D\" href='http:\/\/wordpress.schuetzenverein-boerger.de\/wordpress\/wp-content\/uploads\/2025\/04\/Schuetzenplatz-23.jpeg'><img loading=\"lazy\" decoding=\"async\" width=\"150\" height=\"150\" src=\"http:\/\/wordpress.schuetzenverein-boerger.de\/wordpress\/wp-content\/uploads\/2025\/04\/Schuetzenplatz-23-150x150.jpeg\" class=\"attachment-thumbnail size-thumbnail\" alt=\"\" srcset=\"http:\/\/wordpress.schuetzenverein-boerger.de\/wordpress\/wp-content\/uploads\/2025\/04\/Schuetzenplatz-23-150x150.jpeg 150w, http:\/\/wordpress.schuetzenverein-boerger.de\/wordpress\/wp-content\/uploads\/2025\/04\/Schuetzenplatz-23-600x600.jpeg 600w\" sizes=\"auto, (max-width: 150px) 100vw, 150px\" \/><\/a>\n\t\t\t<\/div><\/figure><figure class='gallery-item'>\n\t\t\t<div class='gallery-icon portrait'>\n\t\t\t\t<a data-elementor-open-lightbox=\"yes\" data-elementor-lightbox-slideshow=\"73da33d\" data-elementor-lightbox-title=\"Sch\u00fctzenplatz (22)\" data-e-action-hash=\"#elementor-action%3Aaction%3Dlightbox%26settings%3DeyJpZCI6NzIyLCJ1cmwiOiJodHRwOlwvXC93b3JkcHJlc3Muc2NodWV0emVudmVyZWluLWJvZXJnZXIuZGVcL3dvcmRwcmVzc1wvd3AtY29udGVudFwvdXBsb2Fkc1wvMjAyNVwvMDRcL1NjaHVldHplbnBsYXR6LTIyLmpwZWciLCJzbGlkZXNob3ciOiI3M2RhMzNkIn0%3D\" href='http:\/\/wordpress.schuetzenverein-boerger.de\/wordpress\/wp-content\/uploads\/2025\/04\/Schuetzenplatz-22.jpeg'><img loading=\"lazy\" decoding=\"async\" width=\"150\" height=\"150\" src=\"http:\/\/wordpress.schuetzenverein-boerger.de\/wordpress\/wp-content\/uploads\/2025\/04\/Schuetzenplatz-22-150x150.jpeg\" class=\"attachment-thumbnail size-thumbnail\" alt=\"\" srcset=\"http:\/\/wordpress.schuetzenverein-boerger.de\/wordpress\/wp-content\/uploads\/2025\/04\/Schuetzenplatz-22-150x150.jpeg 150w, http:\/\/wordpress.schuetzenverein-boerger.de\/wordpress\/wp-content\/uploads\/2025\/04\/Schuetzenplatz-22-600x600.jpeg 600w\" sizes=\"auto, (max-width: 150px) 100vw, 150px\" \/><\/a>\n\t\t\t<\/div><\/figure><figure class='gallery-item'>\n\t\t\t<div class='gallery-icon portrait'>\n\t\t\t\t<a data-elementor-open-lightbox=\"yes\" data-elementor-lightbox-slideshow=\"73da33d\" data-elementor-lightbox-title=\"Sch\u00fctzenplatz (21)\" data-e-action-hash=\"#elementor-action%3Aaction%3Dlightbox%26settings%3DeyJpZCI6NzIxLCJ1cmwiOiJodHRwOlwvXC93b3JkcHJlc3Muc2NodWV0emVudmVyZWluLWJvZXJnZXIuZGVcL3dvcmRwcmVzc1wvd3AtY29udGVudFwvdXBsb2Fkc1wvMjAyNVwvMDRcL1NjaHVldHplbnBsYXR6LTIxLmpwZWciLCJzbGlkZXNob3ciOiI3M2RhMzNkIn0%3D\" href='http:\/\/wordpress.schuetzenverein-boerger.de\/wordpress\/wp-content\/uploads\/2025\/04\/Schuetzenplatz-21.jpeg'><img loading=\"lazy\" decoding=\"async\" width=\"150\" height=\"150\" src=\"http:\/\/wordpress.schuetzenverein-boerger.de\/wordpress\/wp-content\/uploads\/2025\/04\/Schuetzenplatz-21-150x150.jpeg\" class=\"attachment-thumbnail size-thumbnail\" alt=\"\" srcset=\"http:\/\/wordpress.schuetzenverein-boerger.de\/wordpress\/wp-content\/uploads\/2025\/04\/Schuetzenplatz-21-150x150.jpeg 150w, http:\/\/wordpress.schuetzenverein-boerger.de\/wordpress\/wp-content\/uploads\/2025\/04\/Schuetzenplatz-21-600x600.jpeg 600w\" sizes=\"auto, (max-width: 150px) 100vw, 150px\" \/><\/a>\n\t\t\t<\/div><\/figure><figure class='gallery-item'>\n\t\t\t<div class='gallery-icon portrait'>\n\t\t\t\t<a data-elementor-open-lightbox=\"yes\" data-elementor-lightbox-slideshow=\"73da33d\" data-elementor-lightbox-title=\"Sch\u00fctzenplatz (20)\" data-e-action-hash=\"#elementor-action%3Aaction%3Dlightbox%26settings%3DeyJpZCI6NzIwLCJ1cmwiOiJodHRwOlwvXC93b3JkcHJlc3Muc2NodWV0emVudmVyZWluLWJvZXJnZXIuZGVcL3dvcmRwcmVzc1wvd3AtY29udGVudFwvdXBsb2Fkc1wvMjAyNVwvMDRcL1NjaHVldHplbnBsYXR6LTIwLmpwZWciLCJzbGlkZXNob3ciOiI3M2RhMzNkIn0%3D\" href='http:\/\/wordpress.schuetzenverein-boerger.de\/wordpress\/wp-content\/uploads\/2025\/04\/Schuetzenplatz-20.jpeg'><img loading=\"lazy\" decoding=\"async\" width=\"150\" height=\"150\" src=\"http:\/\/wordpress.schuetzenverein-boerger.de\/wordpress\/wp-content\/uploads\/2025\/04\/Schuetzenplatz-20-150x150.jpeg\" class=\"attachment-thumbnail size-thumbnail\" alt=\"\" srcset=\"http:\/\/wordpress.schuetzenverein-boerger.de\/wordpress\/wp-content\/uploads\/2025\/04\/Schuetzenplatz-20-150x150.jpeg 150w, http:\/\/wordpress.schuetzenverein-boerger.de\/wordpress\/wp-content\/uploads\/2025\/04\/Schuetzenplatz-20-600x600.jpeg 600w\" sizes=\"auto, (max-width: 150px) 100vw, 150px\" \/><\/a>\n\t\t\t<\/div><\/figure><figure class='gallery-item'>\n\t\t\t<div class='gallery-icon portrait'>\n\t\t\t\t<a data-elementor-open-lightbox=\"yes\" data-elementor-lightbox-slideshow=\"73da33d\" data-elementor-lightbox-title=\"Sch\u00fctzenplatz (19)\" data-e-action-hash=\"#elementor-action%3Aaction%3Dlightbox%26settings%3DeyJpZCI6NzE5LCJ1cmwiOiJodHRwOlwvXC93b3JkcHJlc3Muc2NodWV0emVudmVyZWluLWJvZXJnZXIuZGVcL3dvcmRwcmVzc1wvd3AtY29udGVudFwvdXBsb2Fkc1wvMjAyNVwvMDRcL1NjaHVldHplbnBsYXR6LTE5LmpwZWciLCJzbGlkZXNob3ciOiI3M2RhMzNkIn0%3D\" href='http:\/\/wordpress.schuetzenverein-boerger.de\/wordpress\/wp-content\/uploads\/2025\/04\/Schuetzenplatz-19.jpeg'><img loading=\"lazy\" decoding=\"async\" width=\"150\" height=\"150\" src=\"http:\/\/wordpress.schuetzenverein-boerger.de\/wordpress\/wp-content\/uploads\/2025\/04\/Schuetzenplatz-19-150x150.jpeg\" class=\"attachment-thumbnail size-thumbnail\" alt=\"\" srcset=\"http:\/\/wordpress.schuetzenverein-boerger.de\/wordpress\/wp-content\/uploads\/2025\/04\/Schuetzenplatz-19-150x150.jpeg 150w, http:\/\/wordpress.schuetzenverein-boerger.de\/wordpress\/wp-content\/uploads\/2025\/04\/Schuetzenplatz-19-600x600.jpeg 600w\" sizes=\"auto, (max-width: 150px) 100vw, 150px\" \/><\/a>\n\t\t\t<\/div><\/figure><figure class='gallery-item'>\n\t\t\t<div class='gallery-icon portrait'>\n\t\t\t\t<a data-elementor-open-lightbox=\"yes\" data-elementor-lightbox-slideshow=\"73da33d\" data-elementor-lightbox-title=\"Sch\u00fctzenplatz (18)\" data-e-action-hash=\"#elementor-action%3Aaction%3Dlightbox%26settings%3DeyJpZCI6NzE4LCJ1cmwiOiJodHRwOlwvXC93b3JkcHJlc3Muc2NodWV0emVudmVyZWluLWJvZXJnZXIuZGVcL3dvcmRwcmVzc1wvd3AtY29udGVudFwvdXBsb2Fkc1wvMjAyNVwvMDRcL1NjaHVldHplbnBsYXR6LTE4LmpwZWciLCJzbGlkZXNob3ciOiI3M2RhMzNkIn0%3D\" href='http:\/\/wordpress.schuetzenverein-boerger.de\/wordpress\/wp-content\/uploads\/2025\/04\/Schuetzenplatz-18.jpeg'><img loading=\"lazy\" decoding=\"async\" width=\"150\" height=\"150\" src=\"http:\/\/wordpress.schuetzenverein-boerger.de\/wordpress\/wp-content\/uploads\/2025\/04\/Schuetzenplatz-18-150x150.jpeg\" class=\"attachment-thumbnail size-thumbnail\" alt=\"\" srcset=\"http:\/\/wordpress.schuetzenverein-boerger.de\/wordpress\/wp-content\/uploads\/2025\/04\/Schuetzenplatz-18-150x150.jpeg 150w, http:\/\/wordpress.schuetzenverein-boerger.de\/wordpress\/wp-content\/uploads\/2025\/04\/Schuetzenplatz-18-600x600.jpeg 600w\" sizes=\"auto, (max-width: 150px) 100vw, 150px\" \/><\/a>\n\t\t\t<\/div><\/figure><figure class='gallery-item'>\n\t\t\t<div class='gallery-icon portrait'>\n\t\t\t\t<a data-elementor-open-lightbox=\"yes\" data-elementor-lightbox-slideshow=\"73da33d\" data-elementor-lightbox-title=\"Sch\u00fctzenplatz (17)\" data-e-action-hash=\"#elementor-action%3Aaction%3Dlightbox%26settings%3DeyJpZCI6NzE3LCJ1cmwiOiJodHRwOlwvXC93b3JkcHJlc3Muc2NodWV0emVudmVyZWluLWJvZXJnZXIuZGVcL3dvcmRwcmVzc1wvd3AtY29udGVudFwvdXBsb2Fkc1wvMjAyNVwvMDRcL1NjaHVldHplbnBsYXR6LTE3LmpwZWciLCJzbGlkZXNob3ciOiI3M2RhMzNkIn0%3D\" href='http:\/\/wordpress.schuetzenverein-boerger.de\/wordpress\/wp-content\/uploads\/2025\/04\/Schuetzenplatz-17.jpeg'><img loading=\"lazy\" decoding=\"async\" width=\"150\" height=\"150\" src=\"http:\/\/wordpress.schuetzenverein-boerger.de\/wordpress\/wp-content\/uploads\/2025\/04\/Schuetzenplatz-17-150x150.jpeg\" class=\"attachment-thumbnail size-thumbnail\" alt=\"\" srcset=\"http:\/\/wordpress.schuetzenverein-boerger.de\/wordpress\/wp-content\/uploads\/2025\/04\/Schuetzenplatz-17-150x150.jpeg 150w, http:\/\/wordpress.schuetzenverein-boerger.de\/wordpress\/wp-content\/uploads\/2025\/04\/Schuetzenplatz-17-600x600.jpeg 600w\" sizes=\"auto, (max-width: 150px) 100vw, 150px\" \/><\/a>\n\t\t\t<\/div><\/figure><figure class='gallery-item'>\n\t\t\t<div class='gallery-icon portrait'>\n\t\t\t\t<a data-elementor-open-lightbox=\"yes\" data-elementor-lightbox-slideshow=\"73da33d\" data-elementor-lightbox-title=\"Sch\u00fctzenplatz (16)\" data-e-action-hash=\"#elementor-action%3Aaction%3Dlightbox%26settings%3DeyJpZCI6NzE2LCJ1cmwiOiJodHRwOlwvXC93b3JkcHJlc3Muc2NodWV0emVudmVyZWluLWJvZXJnZXIuZGVcL3dvcmRwcmVzc1wvd3AtY29udGVudFwvdXBsb2Fkc1wvMjAyNVwvMDRcL1NjaHVldHplbnBsYXR6LTE2LmpwZWciLCJzbGlkZXNob3ciOiI3M2RhMzNkIn0%3D\" href='http:\/\/wordpress.schuetzenverein-boerger.de\/wordpress\/wp-content\/uploads\/2025\/04\/Schuetzenplatz-16.jpeg'><img loading=\"lazy\" decoding=\"async\" width=\"150\" height=\"150\" src=\"http:\/\/wordpress.schuetzenverein-boerger.de\/wordpress\/wp-content\/uploads\/2025\/04\/Schuetzenplatz-16-150x150.jpeg\" class=\"attachment-thumbnail size-thumbnail\" alt=\"\" srcset=\"http:\/\/wordpress.schuetzenverein-boerger.de\/wordpress\/wp-content\/uploads\/2025\/04\/Schuetzenplatz-16-150x150.jpeg 150w, http:\/\/wordpress.schuetzenverein-boerger.de\/wordpress\/wp-content\/uploads\/2025\/04\/Schuetzenplatz-16-600x600.jpeg 600w\" sizes=\"auto, (max-width: 150px) 100vw, 150px\" \/><\/a>\n\t\t\t<\/div><\/figure><figure class='gallery-item'>\n\t\t\t<div class='gallery-icon portrait'>\n\t\t\t\t<a data-elementor-open-lightbox=\"yes\" data-elementor-lightbox-slideshow=\"73da33d\" data-elementor-lightbox-title=\"Sch\u00fctzenplatz (15)\" data-e-action-hash=\"#elementor-action%3Aaction%3Dlightbox%26settings%3DeyJpZCI6NzE1LCJ1cmwiOiJodHRwOlwvXC93b3JkcHJlc3Muc2NodWV0emVudmVyZWluLWJvZXJnZXIuZGVcL3dvcmRwcmVzc1wvd3AtY29udGVudFwvdXBsb2Fkc1wvMjAyNVwvMDRcL1NjaHVldHplbnBsYXR6LTE1LmpwZWciLCJzbGlkZXNob3ciOiI3M2RhMzNkIn0%3D\" href='http:\/\/wordpress.schuetzenverein-boerger.de\/wordpress\/wp-content\/uploads\/2025\/04\/Schuetzenplatz-15.jpeg'><img loading=\"lazy\" decoding=\"async\" width=\"150\" height=\"150\" src=\"http:\/\/wordpress.schuetzenverein-boerger.de\/wordpress\/wp-content\/uploads\/2025\/04\/Schuetzenplatz-15-150x150.jpeg\" class=\"attachment-thumbnail size-thumbnail\" alt=\"\" srcset=\"http:\/\/wordpress.schuetzenverein-boerger.de\/wordpress\/wp-content\/uploads\/2025\/04\/Schuetzenplatz-15-150x150.jpeg 150w, http:\/\/wordpress.schuetzenverein-boerger.de\/wordpress\/wp-content\/uploads\/2025\/04\/Schuetzenplatz-15-600x600.jpeg 600w\" sizes=\"auto, (max-width: 150px) 100vw, 150px\" \/><\/a>\n\t\t\t<\/div><\/figure><figure class='gallery-item'>\n\t\t\t<div class='gallery-icon landscape'>\n\t\t\t\t<a data-elementor-open-lightbox=\"yes\" data-elementor-lightbox-slideshow=\"73da33d\" data-elementor-lightbox-title=\"Sch\u00fctzenplatz (14)\" data-e-action-hash=\"#elementor-action%3Aaction%3Dlightbox%26settings%3DeyJpZCI6NzE0LCJ1cmwiOiJodHRwOlwvXC93b3JkcHJlc3Muc2NodWV0emVudmVyZWluLWJvZXJnZXIuZGVcL3dvcmRwcmVzc1wvd3AtY29udGVudFwvdXBsb2Fkc1wvMjAyNVwvMDRcL1NjaHVldHplbnBsYXR6LTE0LmpwZWciLCJzbGlkZXNob3ciOiI3M2RhMzNkIn0%3D\" href='http:\/\/wordpress.schuetzenverein-boerger.de\/wordpress\/wp-content\/uploads\/2025\/04\/Schuetzenplatz-14.jpeg'><img loading=\"lazy\" decoding=\"async\" width=\"150\" height=\"150\" src=\"http:\/\/wordpress.schuetzenverein-boerger.de\/wordpress\/wp-content\/uploads\/2025\/04\/Schuetzenplatz-14-150x150.jpeg\" class=\"attachment-thumbnail size-thumbnail\" alt=\"\" srcset=\"http:\/\/wordpress.schuetzenverein-boerger.de\/wordpress\/wp-content\/uploads\/2025\/04\/Schuetzenplatz-14-150x150.jpeg 150w, http:\/\/wordpress.schuetzenverein-boerger.de\/wordpress\/wp-content\/uploads\/2025\/04\/Schuetzenplatz-14-600x600.jpeg 600w\" sizes=\"auto, (max-width: 150px) 100vw, 150px\" \/><\/a>\n\t\t\t<\/div><\/figure><figure class='gallery-item'>\n\t\t\t<div class='gallery-icon portrait'>\n\t\t\t\t<a data-elementor-open-lightbox=\"yes\" data-elementor-lightbox-slideshow=\"73da33d\" data-elementor-lightbox-title=\"Sch\u00fctzenplatz (13)\" data-e-action-hash=\"#elementor-action%3Aaction%3Dlightbox%26settings%3DeyJpZCI6NzEzLCJ1cmwiOiJodHRwOlwvXC93b3JkcHJlc3Muc2NodWV0emVudmVyZWluLWJvZXJnZXIuZGVcL3dvcmRwcmVzc1wvd3AtY29udGVudFwvdXBsb2Fkc1wvMjAyNVwvMDRcL1NjaHVldHplbnBsYXR6LTEzLmpwZWciLCJzbGlkZXNob3ciOiI3M2RhMzNkIn0%3D\" href='http:\/\/wordpress.schuetzenverein-boerger.de\/wordpress\/wp-content\/uploads\/2025\/04\/Schuetzenplatz-13.jpeg'><img loading=\"lazy\" decoding=\"async\" width=\"150\" height=\"150\" src=\"http:\/\/wordpress.schuetzenverein-boerger.de\/wordpress\/wp-content\/uploads\/2025\/04\/Schuetzenplatz-13-150x150.jpeg\" class=\"attachment-thumbnail size-thumbnail\" alt=\"\" srcset=\"http:\/\/wordpress.schuetzenverein-boerger.de\/wordpress\/wp-content\/uploads\/2025\/04\/Schuetzenplatz-13-150x150.jpeg 150w, http:\/\/wordpress.schuetzenverein-boerger.de\/wordpress\/wp-content\/uploads\/2025\/04\/Schuetzenplatz-13-600x600.jpeg 600w\" sizes=\"auto, (max-width: 150px) 100vw, 150px\" \/><\/a>\n\t\t\t<\/div><\/figure><figure class='gallery-item'>\n\t\t\t<div class='gallery-icon portrait'>\n\t\t\t\t<a data-elementor-open-lightbox=\"yes\" data-elementor-lightbox-slideshow=\"73da33d\" data-elementor-lightbox-title=\"Sch\u00fctzenplatz (12)\" data-e-action-hash=\"#elementor-action%3Aaction%3Dlightbox%26settings%3DeyJpZCI6NzEyLCJ1cmwiOiJodHRwOlwvXC93b3JkcHJlc3Muc2NodWV0emVudmVyZWluLWJvZXJnZXIuZGVcL3dvcmRwcmVzc1wvd3AtY29udGVudFwvdXBsb2Fkc1wvMjAyNVwvMDRcL1NjaHVldHplbnBsYXR6LTEyLmpwZWciLCJzbGlkZXNob3ciOiI3M2RhMzNkIn0%3D\" href='http:\/\/wordpress.schuetzenverein-boerger.de\/wordpress\/wp-content\/uploads\/2025\/04\/Schuetzenplatz-12.jpeg'><img loading=\"lazy\" decoding=\"async\" width=\"150\" height=\"150\" src=\"http:\/\/wordpress.schuetzenverein-boerger.de\/wordpress\/wp-content\/uploads\/2025\/04\/Schuetzenplatz-12-150x150.jpeg\" class=\"attachment-thumbnail size-thumbnail\" alt=\"\" srcset=\"http:\/\/wordpress.schuetzenverein-boerger.de\/wordpress\/wp-content\/uploads\/2025\/04\/Schuetzenplatz-12-150x150.jpeg 150w, http:\/\/wordpress.schuetzenverein-boerger.de\/wordpress\/wp-content\/uploads\/2025\/04\/Schuetzenplatz-12-600x600.jpeg 600w\" sizes=\"auto, (max-width: 150px) 100vw, 150px\" \/><\/a>\n\t\t\t<\/div><\/figure><figure class='gallery-item'>\n\t\t\t<div class='gallery-icon portrait'>\n\t\t\t\t<a data-elementor-open-lightbox=\"yes\" data-elementor-lightbox-slideshow=\"73da33d\" data-elementor-lightbox-title=\"Sch\u00fctzenplatz (11)\" data-e-action-hash=\"#elementor-action%3Aaction%3Dlightbox%26settings%3DeyJpZCI6NzExLCJ1cmwiOiJodHRwOlwvXC93b3JkcHJlc3Muc2NodWV0emVudmVyZWluLWJvZXJnZXIuZGVcL3dvcmRwcmVzc1wvd3AtY29udGVudFwvdXBsb2Fkc1wvMjAyNVwvMDRcL1NjaHVldHplbnBsYXR6LTExLmpwZWciLCJzbGlkZXNob3ciOiI3M2RhMzNkIn0%3D\" href='http:\/\/wordpress.schuetzenverein-boerger.de\/wordpress\/wp-content\/uploads\/2025\/04\/Schuetzenplatz-11.jpeg'><img loading=\"lazy\" decoding=\"async\" width=\"150\" height=\"150\" src=\"http:\/\/wordpress.schuetzenverein-boerger.de\/wordpress\/wp-content\/uploads\/2025\/04\/Schuetzenplatz-11-150x150.jpeg\" class=\"attachment-thumbnail size-thumbnail\" alt=\"\" srcset=\"http:\/\/wordpress.schuetzenverein-boerger.de\/wordpress\/wp-content\/uploads\/2025\/04\/Schuetzenplatz-11-150x150.jpeg 150w, http:\/\/wordpress.schuetzenverein-boerger.de\/wordpress\/wp-content\/uploads\/2025\/04\/Schuetzenplatz-11-600x600.jpeg 600w\" sizes=\"auto, (max-width: 150px) 100vw, 150px\" \/><\/a>\n\t\t\t<\/div><\/figure><figure class='gallery-item'>\n\t\t\t<div class='gallery-icon portrait'>\n\t\t\t\t<a data-elementor-open-lightbox=\"yes\" data-elementor-lightbox-slideshow=\"73da33d\" data-elementor-lightbox-title=\"Sch\u00fctzenplatz (10)\" data-e-action-hash=\"#elementor-action%3Aaction%3Dlightbox%26settings%3DeyJpZCI6NzEwLCJ1cmwiOiJodHRwOlwvXC93b3JkcHJlc3Muc2NodWV0emVudmVyZWluLWJvZXJnZXIuZGVcL3dvcmRwcmVzc1wvd3AtY29udGVudFwvdXBsb2Fkc1wvMjAyNVwvMDRcL1NjaHVldHplbnBsYXR6LTEwLmpwZWciLCJzbGlkZXNob3ciOiI3M2RhMzNkIn0%3D\" href='http:\/\/wordpress.schuetzenverein-boerger.de\/wordpress\/wp-content\/uploads\/2025\/04\/Schuetzenplatz-10.jpeg'><img loading=\"lazy\" decoding=\"async\" width=\"150\" height=\"150\" src=\"http:\/\/wordpress.schuetzenverein-boerger.de\/wordpress\/wp-content\/uploads\/2025\/04\/Schuetzenplatz-10-150x150.jpeg\" class=\"attachment-thumbnail size-thumbnail\" alt=\"\" srcset=\"http:\/\/wordpress.schuetzenverein-boerger.de\/wordpress\/wp-content\/uploads\/2025\/04\/Schuetzenplatz-10-150x150.jpeg 150w, http:\/\/wordpress.schuetzenverein-boerger.de\/wordpress\/wp-content\/uploads\/2025\/04\/Schuetzenplatz-10-600x600.jpeg 600w\" sizes=\"auto, (max-width: 150px) 100vw, 150px\" \/><\/a>\n\t\t\t<\/div><\/figure><figure class='gallery-item'>\n\t\t\t<div class='gallery-icon portrait'>\n\t\t\t\t<a data-elementor-open-lightbox=\"yes\" data-elementor-lightbox-slideshow=\"73da33d\" data-elementor-lightbox-title=\"Sch\u00fctzenplatz (9)\" data-e-action-hash=\"#elementor-action%3Aaction%3Dlightbox%26settings%3DeyJpZCI6NzA5LCJ1cmwiOiJodHRwOlwvXC93b3JkcHJlc3Muc2NodWV0emVudmVyZWluLWJvZXJnZXIuZGVcL3dvcmRwcmVzc1wvd3AtY29udGVudFwvdXBsb2Fkc1wvMjAyNVwvMDRcL1NjaHVldHplbnBsYXR6LTkuanBlZyIsInNsaWRlc2hvdyI6IjczZGEzM2QifQ%3D%3D\" href='http:\/\/wordpress.schuetzenverein-boerger.de\/wordpress\/wp-content\/uploads\/2025\/04\/Schuetzenplatz-9.jpeg'><img loading=\"lazy\" decoding=\"async\" width=\"150\" height=\"150\" src=\"http:\/\/wordpress.schuetzenverein-boerger.de\/wordpress\/wp-content\/uploads\/2025\/04\/Schuetzenplatz-9-150x150.jpeg\" class=\"attachment-thumbnail size-thumbnail\" alt=\"\" srcset=\"http:\/\/wordpress.schuetzenverein-boerger.de\/wordpress\/wp-content\/uploads\/2025\/04\/Schuetzenplatz-9-150x150.jpeg 150w, http:\/\/wordpress.schuetzenverein-boerger.de\/wordpress\/wp-content\/uploads\/2025\/04\/Schuetzenplatz-9-600x600.jpeg 600w\" sizes=\"auto, (max-width: 150px) 100vw, 150px\" \/><\/a>\n\t\t\t<\/div><\/figure>\n\t\t<\/div>\n\t\t<\/div>\n\t\t\t\t<\/div>\n\t\t\t\t<\/div>\n\t\t\t\t\t<\/div>\n\t\t<\/div>\n\t\t\t\t\t\t\t<\/div>\n\t\t<\/section>\n\t\t\t\t\t\t\t<\/div>\n\t\t","protected":false},"excerpt":{"rendered":"<p>dann ist es wieder soweit, das ganze Dorf wird zu einem Verein und feiert das ersehnte Sch\u00fctzenfest. Ein Ausnahmezustand, wie er besser nicht sein k\u00f6nnte &#8211; denn wenn in B\u00f6rger Sch\u00fctzenfest gefeiert wird, dann steht die ganze Gemeinde kopf und feiert &#8211; tolerant, friedlich, gemeinschaftlich! Gegr\u00fcndet aktive Mannschaften Vereinsgeschichte Die offizielle Gr\u00fcndung des Sch\u00fctzenvereins ist [&hellip;]<\/p>\n","protected":false},"author":1,"featured_media":0,"parent":0,"menu_order":0,"comment_status":"closed","ping_status":"closed","template":"","meta":{"footnotes":""},"class_list":["post-8","page","type-page","status-publish","hentry","entry"],"_links":{"self":[{"href":"http:\/\/wordpress.schuetzenverein-boerger.de\/wordpress\/wp-json\/wp\/v2\/pages\/8","targetHints":{"allow":["GET"]}}],"collection":[{"href":"http:\/\/wordpress.schuetzenverein-boerger.de\/wordpress\/wp-json\/wp\/v2\/pages"}],"about":[{"href":"http:\/\/wordpress.schuetzenverein-boerger.de\/wordpress\/wp-json\/wp\/v2\/types\/page"}],"author":[{"embeddable":true,"href":"http:\/\/wordpress.schuetzenverein-boerger.de\/wordpress\/wp-json\/wp\/v2\/users\/1"}],"replies":[{"embeddable":true,"href":"http:\/\/wordpress.schuetzenverein-boerger.de\/wordpress\/wp-json\/wp\/v2\/comments?post=8"}],"version-history":[{"count":263,"href":"http:\/\/wordpress.schuetzenverein-boerger.de\/wordpress\/wp-json\/wp\/v2\/pages\/8\/revisions"}],"predecessor-version":[{"id":728,"href":"http:\/\/wordpress.schuetzenverein-boerger.de\/wordpress\/wp-json\/wp\/v2\/pages\/8\/revisions\/728"}],"wp:attachment":[{"href":"http:\/\/wordpress.schuetzenverein-boerger.de\/wordpress\/wp-json\/wp\/v2\/media?parent=8"}],"curies":[{"name":"wp","href":"https:\/\/api.w.org\/{rel}","templated":true}]}}