{"id":462,"date":"2023-08-23T16:32:53","date_gmt":"2023-08-23T14:32:53","guid":{"rendered":"http:\/\/wordpress.schuetzenverein-boerger.de\/wordpress\/?page_id=462"},"modified":"2024-08-28T14:22:13","modified_gmt":"2024-08-28T12:22:13","slug":"rundenwettkaempfe","status":"publish","type":"page","link":"http:\/\/wordpress.schuetzenverein-boerger.de\/wordpress\/rundenwettkaempfe\/","title":{"rendered":"Rundenwettk\u00e4mpfe"},"content":{"rendered":"\t\t<div data-elementor-type=\"wp-page\" data-elementor-id=\"462\" class=\"elementor elementor-462\">\n\t\t\t\t\t\t\t\t\t<section class=\"elementor-section elementor-top-section elementor-element elementor-element-ee8ed82 elementor-section-boxed elementor-section-height-default elementor-section-height-default\" data-id=\"ee8ed82\" data-element_type=\"section\">\n\t\t\t\t\t\t<div class=\"elementor-container elementor-column-gap-default\">\n\t\t\t\t\t<div class=\"elementor-column elementor-col-100 elementor-top-column elementor-element elementor-element-4d23971\" data-id=\"4d23971\" data-element_type=\"column\">\n\t\t\t<div class=\"elementor-widget-wrap\">\n\t\t\t\t\t\t\t\t\t<\/div>\n\t\t<\/div>\n\t\t\t\t\t\t\t<\/div>\n\t\t<\/section>\n\t\t\t\t<section class=\"elementor-section elementor-top-section elementor-element elementor-element-186fbc9 elementor-section-height-min-height elementor-section-boxed elementor-section-height-default elementor-section-items-middle\" data-id=\"186fbc9\" data-element_type=\"section\" data-settings=\"{&quot;background_background&quot;:&quot;classic&quot;}\">\n\t\t\t\t\t\t\t<div class=\"elementor-background-overlay\"><\/div>\n\t\t\t\t\t\t\t<div class=\"elementor-container elementor-column-gap-wider\">\n\t\t\t\t\t<div class=\"elementor-column elementor-col-100 elementor-top-column elementor-element elementor-element-cc10133\" data-id=\"cc10133\" data-element_type=\"column\">\n\t\t\t<div class=\"elementor-widget-wrap elementor-element-populated\">\n\t\t\t\t\t\t\t\t<div class=\"elementor-element elementor-element-8e7ef75 elementor-widget elementor-widget-text-editor\" data-id=\"8e7ef75\" data-element_type=\"widget\" data-widget_type=\"text-editor.default\">\n\t\t\t\t<div class=\"elementor-widget-container\">\n\t\t\t<style>\/*! elementor - v3.15.0 - 09-08-2023 *\/\n.elementor-widget-text-editor.elementor-drop-cap-view-stacked .elementor-drop-cap{background-color:#69727d;color:#fff}.elementor-widget-text-editor.elementor-drop-cap-view-framed .elementor-drop-cap{color:#69727d;border:3px solid;background-color:transparent}.elementor-widget-text-editor:not(.elementor-drop-cap-view-default) .elementor-drop-cap{margin-top:8px}.elementor-widget-text-editor:not(.elementor-drop-cap-view-default) .elementor-drop-cap-letter{width:1em;height:1em}.elementor-widget-text-editor .elementor-drop-cap{float:left;text-align:center;line-height:1;font-size:50px}.elementor-widget-text-editor .elementor-drop-cap-letter{display:inline-block}<\/style>\t\t\t\t<p><strong>Rundenwettk\u00e4mpfe<\/strong><\/p>\t\t\t\t\t\t<\/div>\n\t\t\t\t<\/div>\n\t\t\t\t\t<\/div>\n\t\t<\/div>\n\t\t\t\t\t\t\t<\/div>\n\t\t<\/section>\n\t\t\t\t<section class=\"elementor-section elementor-top-section elementor-element elementor-element-1e0d44e elementor-section-boxed elementor-section-height-default elementor-section-height-default\" data-id=\"1e0d44e\" data-element_type=\"section\">\n\t\t\t\t\t\t<div class=\"elementor-container elementor-column-gap-default\">\n\t\t\t\t\t<div class=\"elementor-column elementor-col-100 elementor-top-column elementor-element elementor-element-af7acb5\" data-id=\"af7acb5\" data-element_type=\"column\">\n\t\t\t<div class=\"elementor-widget-wrap elementor-element-populated\">\n\t\t\t\t\t\t\t\t<div class=\"elementor-element elementor-element-9fa6db1 elementor-widget elementor-widget-text-editor\" data-id=\"9fa6db1\" data-element_type=\"widget\" data-widget_type=\"text-editor.default\">\n\t\t\t\t<div class=\"elementor-widget-container\">\n\t\t\t\t\t\t\t<p><strong>Zur Zeit sind 7 Mannschaft im Rundenwettkampf &#8211; LG Auflage &#8211; aktiv<\/strong><\/p>\t\t\t\t\t\t<\/div>\n\t\t\t\t<\/div>\n\t\t\t\t<section class=\"elementor-section elementor-inner-section elementor-element elementor-element-cac1f19 elementor-section-boxed elementor-section-height-default elementor-section-height-default\" data-id=\"cac1f19\" data-element_type=\"section\">\n\t\t\t\t\t\t<div class=\"elementor-container elementor-column-gap-default\">\n\t\t\t\t\t<div class=\"elementor-column elementor-col-50 elementor-inner-column elementor-element elementor-element-c79a51b\" data-id=\"c79a51b\" data-element_type=\"column\">\n\t\t\t<div class=\"elementor-widget-wrap elementor-element-populated\">\n\t\t\t\t\t\t\t\t<div class=\"elementor-element elementor-element-76c1437 elementor-widget elementor-widget-text-editor\" data-id=\"76c1437\" data-element_type=\"widget\" data-widget_type=\"text-editor.default\">\n\t\t\t\t<div class=\"elementor-widget-container\">\n\t\t\t\t\t\t\t<p><strong>Sch\u00fctzen I &#8211; 1. Kreisliga<br><\/strong>Steenken, Kasper<br>Kr\u00f6mer, Martin<br>Lammers, Werner<br>Tausch, Clemens<\/p>\n<p><strong>Sch\u00fctzen II &#8211; 2. Kreisklasse<\/strong><br>Schwarte, Hermann<br>Jungsth\u00f6fel, Markus<br>Goldenstein, Uwe<br>Eckmann, Mark<br>Zdralik, Ingo<br>Schulz, Simon<br><\/p>\n<p><strong>Sch\u00fctzen III &#8211; 3. Kreisklasse<\/strong><br>Sebers, Daniel<br>Schuckenbrock, Simon<br>Schr\u00f6er, J\u00fcrgen<br>Henzen, Jens<br>Pl\u00fcster, Bernd<br><\/p>\n<p><strong>Sch\u00fctzen IV &#8211; 4. Kreisklasse<\/strong><br>Schmees, Frank<br>Albers, Wilfried<br>Kr\u00f6mer, Hermann<br>Pohlgeers, Hans<br>T\u00f6bben-Behrens, Hermann<\/p>\t\t\t\t\t\t<\/div>\n\t\t\t\t<\/div>\n\t\t\t\t\t<\/div>\n\t\t<\/div>\n\t\t\t\t<div class=\"elementor-column elementor-col-50 elementor-inner-column elementor-element elementor-element-1b6cd92\" data-id=\"1b6cd92\" data-element_type=\"column\">\n\t\t\t<div class=\"elementor-widget-wrap elementor-element-populated\">\n\t\t\t\t\t\t\t\t<div class=\"elementor-element elementor-element-78f3fa4 elementor-widget elementor-widget-text-editor\" data-id=\"78f3fa4\" data-element_type=\"widget\" data-widget_type=\"text-editor.default\">\n\t\t\t\t<div class=\"elementor-widget-container\">\n\t\t\t\t\t\t\t<p><strong>Damen I &#8211; 1. Kreisliga<\/strong><br \/>Kronabel, Thea<br \/>Lammers, Monika<br \/>Terhalle Maria<br \/>Jungsth\u00f6fel, Sabine<\/p><p><strong>Damen II &#8211; 4. Kreisklasse<\/strong><br \/>Schwarte, Gundula<br \/>Kuchta, Gertrud<br \/>Pohlgeers, Margret<br \/>M\u00fcller, Charlot<br \/>Schwarte, Annette<br \/>Breer, Sarah<\/p><p><strong>Damen III &#8211; 2. Kreisklasse<\/strong><br \/>Meyer, Jasmin<br \/>Remmers, Tanja<br \/>Koszla, Annegret<br \/>Kossenjans, Rita<br \/>Kossenjans, Annegret<br \/>Kr\u00f6mer, Monika<\/p>\t\t\t\t\t\t<\/div>\n\t\t\t\t<\/div>\n\t\t\t\t\t<\/div>\n\t\t<\/div>\n\t\t\t\t\t\t\t<\/div>\n\t\t<\/section>\n\t\t\t\t<div class=\"elementor-element elementor-element-80348da elementor-widget elementor-widget-text-editor\" data-id=\"80348da\" data-element_type=\"widget\" data-widget_type=\"text-editor.default\">\n\t\t\t\t<div class=\"elementor-widget-container\">\n\t\t\t\t\t\t\t<h3 style=\"text-align: center;\"><a href=\"https:\/\/schuetzenkreishuemmling.de\/Rundenwettkaempfe\/Luftgewehr-Auflage\/\" target=\"_blank\" rel=\"noopener\"><strong>&lt;&lt; Hier geht es zu den Ergebnissen der Rundenwettk\u00e4mpfe &gt;&gt;<\/strong><\/a><\/h3>\t\t\t\t\t\t<\/div>\n\t\t\t\t<\/div>\n\t\t\t\t\t<\/div>\n\t\t<\/div>\n\t\t\t\t\t\t\t<\/div>\n\t\t<\/section>\n\t\t\t\t<section class=\"elementor-section elementor-top-section elementor-element elementor-element-c000860 elementor-section-boxed elementor-section-height-default elementor-section-height-default\" data-id=\"c000860\" data-element_type=\"section\">\n\t\t\t\t\t\t<div class=\"elementor-container elementor-column-gap-default\">\n\t\t\t\t\t<div class=\"elementor-column elementor-col-100 elementor-top-column elementor-element elementor-element-1d554d0\" data-id=\"1d554d0\" data-element_type=\"column\">\n\t\t\t<div class=\"elementor-widget-wrap elementor-element-populated\">\n\t\t\t\t\t\t\t\t<div class=\"elementor-element elementor-element-914e31e elementor-widget elementor-widget-menu-anchor\" data-id=\"914e31e\" data-element_type=\"widget\" data-widget_type=\"menu-anchor.default\">\n\t\t\t\t<div class=\"elementor-widget-container\">\n\t\t\t<style>\/*! elementor - v3.15.0 - 09-08-2023 *\/\nbody.elementor-page .elementor-widget-menu-anchor{margin-bottom:0}<\/style>\t\t<div id=\"wettkampftermine\" class=\"elementor-menu-anchor\"><\/div>\n\t\t\t\t<\/div>\n\t\t\t\t<\/div>\n\t\t\t\t\t<\/div>\n\t\t<\/div>\n\t\t\t\t\t\t\t<\/div>\n\t\t<\/section>\n\t\t\t\t<section class=\"elementor-section elementor-top-section elementor-element elementor-element-420e86f elementor-section-boxed elementor-section-height-default elementor-section-height-default\" data-id=\"420e86f\" data-element_type=\"section\">\n\t\t\t\t\t\t<div class=\"elementor-container elementor-column-gap-default\">\n\t\t\t\t\t<div class=\"elementor-column elementor-col-100 elementor-top-column elementor-element elementor-element-cbf59f9\" data-id=\"cbf59f9\" data-element_type=\"column\">\n\t\t\t<div class=\"elementor-widget-wrap elementor-element-populated\">\n\t\t\t\t\t\t\t\t<div class=\"elementor-element elementor-element-b057946 elementor-widget elementor-widget-text-editor\" data-id=\"b057946\" data-element_type=\"widget\" data-widget_type=\"text-editor.default\">\n\t\t\t\t<div class=\"elementor-widget-container\">\n\t\t\t\t\t\t\t<p><strong>Wettkampftermine<\/strong><\/p>\t\t\t\t\t\t<\/div>\n\t\t\t\t<\/div>\n\t\t\t\t<div class=\"elementor-element elementor-element-575d213 elementor-widget elementor-widget-heading\" data-id=\"575d213\" data-element_type=\"widget\" data-widget_type=\"heading.default\">\n\t\t\t\t<div class=\"elementor-widget-container\">\n\t\t\t<style>\/*! elementor - v3.15.0 - 09-08-2023 *\/\n.elementor-heading-title{padding:0;margin:0;line-height:1}.elementor-widget-heading .elementor-heading-title[class*=elementor-size-]>a{color:inherit;font-size:inherit;line-height:inherit}.elementor-widget-heading .elementor-heading-title.elementor-size-small{font-size:15px}.elementor-widget-heading .elementor-heading-title.elementor-size-medium{font-size:19px}.elementor-widget-heading .elementor-heading-title.elementor-size-large{font-size:29px}.elementor-widget-heading .elementor-heading-title.elementor-size-xl{font-size:39px}.elementor-widget-heading .elementor-heading-title.elementor-size-xxl{font-size:59px}<\/style><h2 class=\"elementor-heading-title elementor-size-default\">Damen<\/h2>\t\t<\/div>\n\t\t\t\t<\/div>\n\t\t\t\t<div class=\"elementor-element elementor-element-d6dbe6a elementor-widget elementor-widget-image\" data-id=\"d6dbe6a\" data-element_type=\"widget\" data-widget_type=\"image.default\">\n\t\t\t\t<div class=\"elementor-widget-container\">\n\t\t\t<style>\/*! elementor - v3.15.0 - 09-08-2023 *\/\n.elementor-widget-image{text-align:center}.elementor-widget-image a{display:inline-block}.elementor-widget-image a img[src$=\".svg\"]{width:48px}.elementor-widget-image img{vertical-align:middle;display:inline-block}<\/style>\t\t\t\t\t\t\t\t\t\t\t\t<img loading=\"lazy\" decoding=\"async\" width=\"768\" height=\"293\" src=\"http:\/\/wordpress.schuetzenverein-boerger.de\/wordpress\/wp-content\/uploads\/2024\/08\/Rundenwettkampf-Hinrunde2024-Damen-768x293.jpg\" class=\"attachment-medium_large size-medium_large wp-image-680\" alt=\"\" srcset=\"http:\/\/wordpress.schuetzenverein-boerger.de\/wordpress\/wp-content\/uploads\/2024\/08\/Rundenwettkampf-Hinrunde2024-Damen-768x293.jpg 768w, http:\/\/wordpress.schuetzenverein-boerger.de\/wordpress\/wp-content\/uploads\/2024\/08\/Rundenwettkampf-Hinrunde2024-Damen-300x114.jpg 300w, http:\/\/wordpress.schuetzenverein-boerger.de\/wordpress\/wp-content\/uploads\/2024\/08\/Rundenwettkampf-Hinrunde2024-Damen-1024x390.jpg 1024w, http:\/\/wordpress.schuetzenverein-boerger.de\/wordpress\/wp-content\/uploads\/2024\/08\/Rundenwettkampf-Hinrunde2024-Damen-1536x585.jpg 1536w, http:\/\/wordpress.schuetzenverein-boerger.de\/wordpress\/wp-content\/uploads\/2024\/08\/Rundenwettkampf-Hinrunde2024-Damen-2048x780.jpg 2048w\" sizes=\"auto, (max-width: 768px) 100vw, 768px\" \/>\t\t\t\t\t\t\t\t\t\t\t\t\t\t\t<\/div>\n\t\t\t\t<\/div>\n\t\t\t\t<div class=\"elementor-element elementor-element-75dfaf1 elementor-widget elementor-widget-heading\" data-id=\"75dfaf1\" data-element_type=\"widget\" data-widget_type=\"heading.default\">\n\t\t\t\t<div class=\"elementor-widget-container\">\n\t\t\t<h2 class=\"elementor-heading-title elementor-size-default\">Herren<\/h2>\t\t<\/div>\n\t\t\t\t<\/div>\n\t\t\t\t<div class=\"elementor-element elementor-element-dda940e elementor-widget elementor-widget-image\" data-id=\"dda940e\" data-element_type=\"widget\" data-widget_type=\"image.default\">\n\t\t\t\t<div class=\"elementor-widget-container\">\n\t\t\t\t\t\t\t\t\t\t\t\t\t\t\t<img loading=\"lazy\" decoding=\"async\" width=\"768\" height=\"431\" src=\"http:\/\/wordpress.schuetzenverein-boerger.de\/wordpress\/wp-content\/uploads\/2024\/08\/Rundenwettkampf-Hinrunde-Herren2024-768x431.jpg\" class=\"attachment-medium_large size-medium_large wp-image-679\" alt=\"\" srcset=\"http:\/\/wordpress.schuetzenverein-boerger.de\/wordpress\/wp-content\/uploads\/2024\/08\/Rundenwettkampf-Hinrunde-Herren2024-768x431.jpg 768w, http:\/\/wordpress.schuetzenverein-boerger.de\/wordpress\/wp-content\/uploads\/2024\/08\/Rundenwettkampf-Hinrunde-Herren2024-300x168.jpg 300w, http:\/\/wordpress.schuetzenverein-boerger.de\/wordpress\/wp-content\/uploads\/2024\/08\/Rundenwettkampf-Hinrunde-Herren2024-1024x575.jpg 1024w, http:\/\/wordpress.schuetzenverein-boerger.de\/wordpress\/wp-content\/uploads\/2024\/08\/Rundenwettkampf-Hinrunde-Herren2024-1536x863.jpg 1536w, http:\/\/wordpress.schuetzenverein-boerger.de\/wordpress\/wp-content\/uploads\/2024\/08\/Rundenwettkampf-Hinrunde-Herren2024-2048x1150.jpg 2048w, http:\/\/wordpress.schuetzenverein-boerger.de\/wordpress\/wp-content\/uploads\/2024\/08\/Rundenwettkampf-Hinrunde-Herren2024-800x450.jpg 800w\" sizes=\"auto, (max-width: 768px) 100vw, 768px\" \/>\t\t\t\t\t\t\t\t\t\t\t\t\t\t\t<\/div>\n\t\t\t\t<\/div>\n\t\t\t\t\t<\/div>\n\t\t<\/div>\n\t\t\t\t\t\t\t<\/div>\n\t\t<\/section>\n\t\t\t\t<section class=\"elementor-section elementor-top-section elementor-element elementor-element-a7e923b elementor-section-boxed elementor-section-height-default elementor-section-height-default\" data-id=\"a7e923b\" data-element_type=\"section\">\n\t\t\t\t\t\t<div class=\"elementor-container elementor-column-gap-default\">\n\t\t\t\t\t<div class=\"elementor-column elementor-col-100 elementor-top-column elementor-element elementor-element-8e225d0\" data-id=\"8e225d0\" data-element_type=\"column\">\n\t\t\t<div class=\"elementor-widget-wrap elementor-element-populated\">\n\t\t\t\t\t\t\t\t<div class=\"elementor-element elementor-element-729c02e elementor-widget elementor-widget-menu-anchor\" data-id=\"729c02e\" data-element_type=\"widget\" data-widget_type=\"menu-anchor.default\">\n\t\t\t\t<div class=\"elementor-widget-container\">\n\t\t\t\t\t<div id=\"schuetzenhaus\" class=\"elementor-menu-anchor\"><\/div>\n\t\t\t\t<\/div>\n\t\t\t\t<\/div>\n\t\t\t\t\t<\/div>\n\t\t<\/div>\n\t\t\t\t\t\t\t<\/div>\n\t\t<\/section>\n\t\t\t\t<section class=\"elementor-section elementor-top-section elementor-element elementor-element-8fb6060 elementor-section-boxed elementor-section-height-default elementor-section-height-default\" data-id=\"8fb6060\" data-element_type=\"section\">\n\t\t\t\t\t\t<div class=\"elementor-container elementor-column-gap-default\">\n\t\t\t\t\t<div class=\"elementor-column elementor-col-100 elementor-top-column elementor-element elementor-element-03e9cd0\" data-id=\"03e9cd0\" data-element_type=\"column\">\n\t\t\t<div class=\"elementor-widget-wrap elementor-element-populated\">\n\t\t\t\t\t\t\t\t<div class=\"elementor-element elementor-element-033826a elementor-widget elementor-widget-text-editor\" data-id=\"033826a\" data-element_type=\"widget\" data-widget_type=\"text-editor.default\">\n\t\t\t\t<div class=\"elementor-widget-container\">\n\t\t\t\t\t\t\t<p><strong>Anfahrt<\/strong><\/p>\t\t\t\t\t\t<\/div>\n\t\t\t\t<\/div>\n\t\t\t\t<div class=\"elementor-element elementor-element-a344533 elementor-widget elementor-widget-google_maps\" data-id=\"a344533\" data-element_type=\"widget\" data-widget_type=\"google_maps.default\">\n\t\t\t\t<div class=\"elementor-widget-container\">\n\t\t\t<style>\/*! elementor - v3.15.0 - 09-08-2023 *\/\n.elementor-widget-google_maps .elementor-widget-container{overflow:hidden}.elementor-widget-google_maps .elementor-custom-embed{line-height:0}.elementor-widget-google_maps iframe{height:300px}<\/style>\t\t<div class=\"elementor-custom-embed\">\n\t\t\t<iframe loading=\"lazy\"\n\t\t\t\t\tsrc=\"https:\/\/maps.google.com\/maps?q=Waldstra%C3%9Fe%2056%2C%2026904%20B%C3%B6rger&#038;t=m&#038;z=17&#038;output=embed&#038;iwloc=near\"\n\t\t\t\t\ttitle=\"Waldstra\u00dfe 56, 26904 B\u00f6rger\"\n\t\t\t\t\taria-label=\"Waldstra\u00dfe 56, 26904 B\u00f6rger\"\n\t\t\t><\/iframe>\n\t\t<\/div>\n\t\t\t\t<\/div>\n\t\t\t\t<\/div>\n\t\t\t\t\t<\/div>\n\t\t<\/div>\n\t\t\t\t\t\t\t<\/div>\n\t\t<\/section>\n\t\t\t\t\t\t\t<\/div>\n\t\t","protected":false},"excerpt":{"rendered":"<p>Rundenwettk\u00e4mpfe Zur Zeit sind 7 Mannschaft im Rundenwettkampf &#8211; LG Auflage &#8211; aktiv Sch\u00fctzen I &#8211; 1. KreisligaSteenken, KasperKr\u00f6mer, MartinLammers, WernerTausch, Clemens Sch\u00fctzen II &#8211; 2. KreisklasseSchwarte, HermannJungsth\u00f6fel, MarkusGoldenstein, UweEckmann, MarkZdralik, IngoSchulz, Simon Sch\u00fctzen III &#8211; 3. KreisklasseSebers, DanielSchuckenbrock, SimonSchr\u00f6er, J\u00fcrgenHenzen, JensPl\u00fcster, Bernd Sch\u00fctzen IV &#8211; 4. KreisklasseSchmees, FrankAlbers, WilfriedKr\u00f6mer, HermannPohlgeers, HansT\u00f6bben-Behrens, Hermann Damen I [&hellip;]<\/p>\n","protected":false},"author":1,"featured_media":0,"parent":0,"menu_order":0,"comment_status":"closed","ping_status":"closed","template":"","meta":{"footnotes":""},"class_list":["post-462","page","type-page","status-publish","hentry","entry"],"_links":{"self":[{"href":"http:\/\/wordpress.schuetzenverein-boerger.de\/wordpress\/wp-json\/wp\/v2\/pages\/462","targetHints":{"allow":["GET"]}}],"collection":[{"href":"http:\/\/wordpress.schuetzenverein-boerger.de\/wordpress\/wp-json\/wp\/v2\/pages"}],"about":[{"href":"http:\/\/wordpress.schuetzenverein-boerger.de\/wordpress\/wp-json\/wp\/v2\/types\/page"}],"author":[{"embeddable":true,"href":"http:\/\/wordpress.schuetzenverein-boerger.de\/wordpress\/wp-json\/wp\/v2\/users\/1"}],"replies":[{"embeddable":true,"href":"http:\/\/wordpress.schuetzenverein-boerger.de\/wordpress\/wp-json\/wp\/v2\/comments?post=462"}],"version-history":[{"count":61,"href":"http:\/\/wordpress.schuetzenverein-boerger.de\/wordpress\/wp-json\/wp\/v2\/pages\/462\/revisions"}],"predecessor-version":[{"id":688,"href":"http:\/\/wordpress.schuetzenverein-boerger.de\/wordpress\/wp-json\/wp\/v2\/pages\/462\/revisions\/688"}],"wp:attachment":[{"href":"http:\/\/wordpress.schuetzenverein-boerger.de\/wordpress\/wp-json\/wp\/v2\/media?parent=462"}],"curies":[{"name":"wp","href":"https:\/\/api.w.org\/{rel}","templated":true}]}}