{"id":257,"date":"2023-08-22T11:06:51","date_gmt":"2023-08-22T09:06:51","guid":{"rendered":"http:\/\/wordpress.schuetzenverein-boerger.de\/wordpress\/?page_id=257"},"modified":"2025-08-03T14:07:46","modified_gmt":"2025-08-03T12:07:46","slug":"schuetzenkoenige","status":"publish","type":"page","link":"http:\/\/wordpress.schuetzenverein-boerger.de\/wordpress\/schuetzenkoenige\/","title":{"rendered":"Sch\u00fctzenfest"},"content":{"rendered":"\t\t<div data-elementor-type=\"wp-page\" data-elementor-id=\"257\" class=\"elementor elementor-257\">\n\t\t\t\t\t\t\t\t\t<section class=\"elementor-section elementor-top-section elementor-element elementor-element-6c059d2 elementor-section-boxed elementor-section-height-default elementor-section-height-default\" data-id=\"6c059d2\" data-element_type=\"section\">\n\t\t\t\t\t\t<div class=\"elementor-container elementor-column-gap-default\">\n\t\t\t\t\t<div class=\"elementor-column elementor-col-100 elementor-top-column elementor-element elementor-element-8dd2709\" data-id=\"8dd2709\" data-element_type=\"column\">\n\t\t\t<div class=\"elementor-widget-wrap\">\n\t\t\t\t\t\t\t\t\t<\/div>\n\t\t<\/div>\n\t\t\t\t\t\t\t<\/div>\n\t\t<\/section>\n\t\t\t\t<section class=\"elementor-section elementor-top-section elementor-element elementor-element-a6629e2 elementor-section-boxed elementor-section-height-default elementor-section-height-default\" data-id=\"a6629e2\" data-element_type=\"section\">\n\t\t\t\t\t\t<div class=\"elementor-container elementor-column-gap-default\">\n\t\t\t\t\t<div class=\"elementor-column elementor-col-100 elementor-top-column elementor-element elementor-element-c70f7b9\" data-id=\"c70f7b9\" data-element_type=\"column\">\n\t\t\t<div class=\"elementor-widget-wrap elementor-element-populated\">\n\t\t\t\t\t\t\t\t<div class=\"elementor-element elementor-element-3605e26 elementor-widget elementor-widget-menu-anchor\" data-id=\"3605e26\" data-element_type=\"widget\" data-widget_type=\"menu-anchor.default\">\n\t\t\t\t<div class=\"elementor-widget-container\">\n\t\t\t<style>\/*! elementor - v3.15.0 - 09-08-2023 *\/\nbody.elementor-page .elementor-widget-menu-anchor{margin-bottom:0}<\/style>\t\t<div id=\"schuetzenfest\" class=\"elementor-menu-anchor\"><\/div>\n\t\t\t\t<\/div>\n\t\t\t\t<\/div>\n\t\t\t\t\t<\/div>\n\t\t<\/div>\n\t\t\t\t\t\t\t<\/div>\n\t\t<\/section>\n\t\t\t\t<section class=\"elementor-section elementor-top-section elementor-element elementor-element-0d6159f elementor-section-boxed elementor-section-height-default elementor-section-height-default\" data-id=\"0d6159f\" data-element_type=\"section\" data-settings=\"{&quot;background_background&quot;:&quot;classic&quot;,&quot;shape_divider_top&quot;:&quot;tilt&quot;,&quot;shape_divider_bottom&quot;:&quot;tilt&quot;}\">\n\t\t\t\t\t\t\t<div class=\"elementor-background-overlay\"><\/div>\n\t\t\t\t\t\t<div class=\"elementor-shape elementor-shape-top\" data-negative=\"false\">\n\t\t\t<svg xmlns=\"http:\/\/www.w3.org\/2000\/svg\" viewBox=\"0 0 1000 100\" preserveAspectRatio=\"none\">\n\t<path class=\"elementor-shape-fill\" d=\"M0,6V0h1000v100L0,6z\"\/>\n<\/svg>\t\t<\/div>\n\t\t\t\t<div class=\"elementor-shape elementor-shape-bottom\" data-negative=\"false\">\n\t\t\t<svg xmlns=\"http:\/\/www.w3.org\/2000\/svg\" viewBox=\"0 0 1000 100\" preserveAspectRatio=\"none\">\n\t<path class=\"elementor-shape-fill\" d=\"M0,6V0h1000v100L0,6z\"\/>\n<\/svg>\t\t<\/div>\n\t\t\t\t\t<div class=\"elementor-container elementor-column-gap-wider\">\n\t\t\t\t\t<div class=\"elementor-column elementor-col-100 elementor-top-column elementor-element elementor-element-84493f0\" data-id=\"84493f0\" data-element_type=\"column\">\n\t\t\t<div class=\"elementor-widget-wrap elementor-element-populated\">\n\t\t\t\t\t\t\t\t<div class=\"elementor-element elementor-element-761ee5c elementor-invisible elementor-widget elementor-widget-heading\" data-id=\"761ee5c\" data-element_type=\"widget\" data-settings=\"{&quot;_animation&quot;:&quot;fadeIn&quot;}\" data-widget_type=\"heading.default\">\n\t\t\t\t<div class=\"elementor-widget-container\">\n\t\t\t<style>\/*! elementor - v3.15.0 - 09-08-2023 *\/\n.elementor-heading-title{padding:0;margin:0;line-height:1}.elementor-widget-heading .elementor-heading-title[class*=elementor-size-]>a{color:inherit;font-size:inherit;line-height:inherit}.elementor-widget-heading .elementor-heading-title.elementor-size-small{font-size:15px}.elementor-widget-heading .elementor-heading-title.elementor-size-medium{font-size:19px}.elementor-widget-heading .elementor-heading-title.elementor-size-large{font-size:29px}.elementor-widget-heading .elementor-heading-title.elementor-size-xl{font-size:39px}.elementor-widget-heading .elementor-heading-title.elementor-size-xxl{font-size:59px}<\/style><h2 class=\"elementor-heading-title elementor-size-default\">Der H\u00f6hepunkt jeden Jahres ist das Sch\u00fctzenfest am 4. Wochenende im Juli<\/h2>\t\t<\/div>\n\t\t\t\t<\/div>\n\t\t\t\t\t<\/div>\n\t\t<\/div>\n\t\t\t\t\t\t\t<\/div>\n\t\t<\/section>\n\t\t\t\t<section class=\"elementor-section elementor-top-section elementor-element elementor-element-64962ca elementor-section-boxed elementor-section-height-default elementor-section-height-default\" data-id=\"64962ca\" data-element_type=\"section\" data-settings=\"{&quot;background_background&quot;:&quot;classic&quot;}\">\n\t\t\t\t\t\t<div class=\"elementor-container elementor-column-gap-default\">\n\t\t\t\t\t<div class=\"elementor-column elementor-col-100 elementor-top-column elementor-element elementor-element-9ebac5b elementor-invisible\" data-id=\"9ebac5b\" data-element_type=\"column\" data-settings=\"{&quot;animation&quot;:&quot;fadeIn&quot;,&quot;animation_delay&quot;:1000}\">\n\t\t\t<div class=\"elementor-widget-wrap elementor-element-populated\">\n\t\t\t\t\t\t\t\t<div class=\"elementor-element elementor-element-1d82f68 elementor-invisible elementor-widget elementor-widget-text-editor\" data-id=\"1d82f68\" data-element_type=\"widget\" data-settings=\"{&quot;_animation&quot;:&quot;fadeInLeft&quot;}\" data-widget_type=\"text-editor.default\">\n\t\t\t\t<div class=\"elementor-widget-container\">\n\t\t\t<style>\/*! elementor - v3.15.0 - 09-08-2023 *\/\n.elementor-widget-text-editor.elementor-drop-cap-view-stacked .elementor-drop-cap{background-color:#69727d;color:#fff}.elementor-widget-text-editor.elementor-drop-cap-view-framed .elementor-drop-cap{color:#69727d;border:3px solid;background-color:transparent}.elementor-widget-text-editor:not(.elementor-drop-cap-view-default) .elementor-drop-cap{margin-top:8px}.elementor-widget-text-editor:not(.elementor-drop-cap-view-default) .elementor-drop-cap-letter{width:1em;height:1em}.elementor-widget-text-editor .elementor-drop-cap{float:left;text-align:center;line-height:1;font-size:50px}.elementor-widget-text-editor .elementor-drop-cap-letter{display:inline-block}<\/style>\t\t\t\t<p><strong>Sch\u00fctzenfest<\/strong><\/p>\t\t\t\t\t\t<\/div>\n\t\t\t\t<\/div>\n\t\t\t\t<div class=\"elementor-element elementor-element-e6c7598 elementor-widget elementor-widget-text-editor\" data-id=\"e6c7598\" data-element_type=\"widget\" data-widget_type=\"text-editor.default\">\n\t\t\t\t<div class=\"elementor-widget-container\">\n\t\t\t\t\t\t\t<p>Traditionell findet am<strong> 4. Sonntag im Juli<\/strong> das Sch\u00fctzenfest in B\u00f6rger statt.<br \/>Das Festprogramm beginnt um 13 Uhr mit dem Antreten der 3 Kompanien an den jeweiligen Standorten (Nord &#8211; Tannenweg ehem. M+M | Ost &#8211; Kuhlenweg, Baugesch\u00e4ft Robben | West &#8211; Herbergsweg, Jugendg\u00e4stehaus). Von dort aus marschieren alle Sch\u00fctzinnen und Sch\u00fctzen zum Kirchplatz. Nach offiziellen Ansprachen und der Kranzniederlegung bewegt sich der Festmarsch zum Sch\u00fctzenplatz.<br \/>Neben einem bunten Rahmenprogramm findet am Nachmittag f\u00fcr alle ein Preisschie\u00dfen statt.<br \/>Abends wird traditionell im Festzelt zum Tanz gebeten. Gegen 22 Uhr erfolgt, die von allen mit Spannung erwartete Proklamation des neuen Sch\u00fctzenk\u00f6nigs.<br \/><br \/>Der zweite Sch\u00fctzenfesttag beginnt morgens um 9.30 Uhr in der Sankt Jodocus Kirche mit der &#8222;Sch\u00fctzenmesse&#8220;. Anschlie\u00dfend wird die &#8222;K\u00f6ningsscheibe&#8220; am Haus den neuen K\u00f6nings angebracht.<br \/>Um 14.30 Uhr ist dann wieder Antreten auf dem Kirchplatz. Von hier aus begibt sich der Sch\u00fctzenmarsch Richtung Sch\u00fctzenplatz.<\/p>\t\t\t\t\t\t<\/div>\n\t\t\t\t<\/div>\n\t\t\t\t\t<\/div>\n\t\t<\/div>\n\t\t\t\t\t\t\t<\/div>\n\t\t<\/section>\n\t\t\t\t<section class=\"elementor-section elementor-top-section elementor-element elementor-element-600ff4d elementor-section-boxed elementor-section-height-default elementor-section-height-default\" data-id=\"600ff4d\" data-element_type=\"section\">\n\t\t\t\t\t\t<div class=\"elementor-container elementor-column-gap-default\">\n\t\t\t\t\t<div class=\"elementor-column elementor-col-100 elementor-top-column elementor-element elementor-element-95f1fe7\" data-id=\"95f1fe7\" data-element_type=\"column\">\n\t\t\t<div class=\"elementor-widget-wrap elementor-element-populated\">\n\t\t\t\t\t\t\t\t<div class=\"elementor-element elementor-element-0a2f434 elementor-widget elementor-widget-menu-anchor\" data-id=\"0a2f434\" data-element_type=\"widget\" data-widget_type=\"menu-anchor.default\">\n\t\t\t\t<div class=\"elementor-widget-container\">\n\t\t\t\t\t<div id=\"ehemalige\" class=\"elementor-menu-anchor\"><\/div>\n\t\t\t\t<\/div>\n\t\t\t\t<\/div>\n\t\t\t\t\t<\/div>\n\t\t<\/div>\n\t\t\t\t\t\t\t<\/div>\n\t\t<\/section>\n\t\t\t\t<section class=\"elementor-section elementor-top-section elementor-element elementor-element-15ea3ff elementor-section-boxed elementor-section-height-default elementor-section-height-default\" data-id=\"15ea3ff\" data-element_type=\"section\">\n\t\t\t\t\t\t<div class=\"elementor-container elementor-column-gap-default\">\n\t\t\t\t\t<div class=\"elementor-column elementor-col-100 elementor-top-column elementor-element elementor-element-5128332\" data-id=\"5128332\" data-element_type=\"column\">\n\t\t\t<div class=\"elementor-widget-wrap\">\n\t\t\t\t\t\t\t\t\t<\/div>\n\t\t<\/div>\n\t\t\t\t\t\t\t<\/div>\n\t\t<\/section>\n\t\t\t\t<section class=\"elementor-section elementor-top-section elementor-element elementor-element-4a9d801 elementor-section-boxed elementor-section-height-default elementor-section-height-default\" data-id=\"4a9d801\" data-element_type=\"section\">\n\t\t\t\t\t\t<div class=\"elementor-container elementor-column-gap-default\">\n\t\t\t\t\t<div class=\"elementor-column elementor-col-100 elementor-top-column elementor-element elementor-element-a6c5f45\" data-id=\"a6c5f45\" data-element_type=\"column\">\n\t\t\t<div class=\"elementor-widget-wrap elementor-element-populated\">\n\t\t\t\t\t\t\t\t<div class=\"elementor-element elementor-element-bd16b1b elementor-invisible elementor-widget elementor-widget-heading\" data-id=\"bd16b1b\" data-element_type=\"widget\" data-settings=\"{&quot;_animation&quot;:&quot;fadeIn&quot;}\" data-widget_type=\"heading.default\">\n\t\t\t\t<div class=\"elementor-widget-container\">\n\t\t\t<h2 class=\"elementor-heading-title elementor-size-default\">\u201eSch\u00fctzenk\u00f6nig m\u00f6cht\u00b4 ich einmal sein\u2026\u201c<\/h2>\t\t<\/div>\n\t\t\t\t<\/div>\n\t\t\t\t\t<\/div>\n\t\t<\/div>\n\t\t\t\t\t\t\t<\/div>\n\t\t<\/section>\n\t\t\t\t<section class=\"elementor-section elementor-top-section elementor-element elementor-element-3d911bc elementor-section-boxed elementor-section-height-default elementor-section-height-default\" data-id=\"3d911bc\" data-element_type=\"section\">\n\t\t\t\t\t\t<div class=\"elementor-container elementor-column-gap-default\">\n\t\t\t\t\t<div class=\"elementor-column elementor-col-50 elementor-top-column elementor-element elementor-element-df224e9\" data-id=\"df224e9\" data-element_type=\"column\">\n\t\t\t<div class=\"elementor-widget-wrap elementor-element-populated\">\n\t\t\t\t\t\t\t\t<div class=\"elementor-element elementor-element-f22443e elementor-widget elementor-widget-text-editor\" data-id=\"f22443e\" data-element_type=\"widget\" data-widget_type=\"text-editor.default\">\n\t\t\t\t<div class=\"elementor-widget-container\">\n\t\t\t\t\t\t\t<p>Das hat sich auch <strong>Johannes Glander<\/strong> gedacht, als er am Sch\u00fctzenfest Sonntag antrat, um die diesj\u00e4hrige K\u00f6nigsw\u00fcrde zu erringen.<\/p><p>In einem spannenden Stechen mit seinen Mitkonkurrenten ging er als Sieger und somit als neue Majest\u00e4t von B\u00f6rger hervor.<\/p><p>Gemeinsam mit seiner K\u00f6nigin Lena regiert er nun f\u00fcr ein Jahr das Sch\u00fctzenvolk in B\u00f6rger.<\/p>\t\t\t\t\t\t<\/div>\n\t\t\t\t<\/div>\n\t\t\t\t\t<\/div>\n\t\t<\/div>\n\t\t\t\t<div class=\"elementor-column elementor-col-50 elementor-top-column elementor-element elementor-element-cef23b9\" data-id=\"cef23b9\" data-element_type=\"column\">\n\t\t\t<div class=\"elementor-widget-wrap elementor-element-populated\">\n\t\t\t\t\t\t\t\t<div class=\"elementor-element elementor-element-4e78601 elementor-widget__width-initial elementor-invisible elementor-widget elementor-widget-image\" data-id=\"4e78601\" data-element_type=\"widget\" data-settings=\"{&quot;_animation&quot;:&quot;fadeInRight&quot;}\" data-widget_type=\"image.default\">\n\t\t\t\t<div class=\"elementor-widget-container\">\n\t\t\t<style>\/*! elementor - v3.15.0 - 09-08-2023 *\/\n.elementor-widget-image{text-align:center}.elementor-widget-image a{display:inline-block}.elementor-widget-image a img[src$=\".svg\"]{width:48px}.elementor-widget-image img{vertical-align:middle;display:inline-block}<\/style>\t\t\t\t\t\t\t\t\t\t\t\t<img loading=\"lazy\" decoding=\"async\" width=\"292\" height=\"300\" src=\"http:\/\/wordpress.schuetzenverein-boerger.de\/wordpress\/wp-content\/uploads\/2025\/08\/WhatsApp-Image-2025-07-31-at-12.58.25-292x300.jpeg\" class=\"attachment-medium size-medium wp-image-731\" alt=\"\" srcset=\"http:\/\/wordpress.schuetzenverein-boerger.de\/wordpress\/wp-content\/uploads\/2025\/08\/WhatsApp-Image-2025-07-31-at-12.58.25-292x300.jpeg 292w, http:\/\/wordpress.schuetzenverein-boerger.de\/wordpress\/wp-content\/uploads\/2025\/08\/WhatsApp-Image-2025-07-31-at-12.58.25-997x1024.jpeg 997w, http:\/\/wordpress.schuetzenverein-boerger.de\/wordpress\/wp-content\/uploads\/2025\/08\/WhatsApp-Image-2025-07-31-at-12.58.25-768x789.jpeg 768w, http:\/\/wordpress.schuetzenverein-boerger.de\/wordpress\/wp-content\/uploads\/2025\/08\/WhatsApp-Image-2025-07-31-at-12.58.25.jpeg 1320w\" sizes=\"auto, (max-width: 292px) 100vw, 292px\" \/>\t\t\t\t\t\t\t\t\t\t\t\t\t\t\t<\/div>\n\t\t\t\t<\/div>\n\t\t\t\t\t<\/div>\n\t\t<\/div>\n\t\t\t\t\t\t\t<\/div>\n\t\t<\/section>\n\t\t\t\t<section class=\"elementor-section elementor-top-section elementor-element elementor-element-2edcbaa elementor-section-boxed elementor-section-height-default elementor-section-height-default\" data-id=\"2edcbaa\" data-element_type=\"section\">\n\t\t\t\t\t\t<div class=\"elementor-container elementor-column-gap-default\">\n\t\t\t\t\t<div class=\"elementor-column elementor-col-100 elementor-top-column elementor-element elementor-element-711ad46\" data-id=\"711ad46\" data-element_type=\"column\">\n\t\t\t<div class=\"elementor-widget-wrap elementor-element-populated\">\n\t\t\t\t\t\t\t\t<div class=\"elementor-element elementor-element-047cba2 elementor-invisible elementor-widget elementor-widget-image\" data-id=\"047cba2\" data-element_type=\"widget\" data-settings=\"{&quot;_animation&quot;:&quot;fadeInUp&quot;}\" data-widget_type=\"image.default\">\n\t\t\t\t<div class=\"elementor-widget-container\">\n\t\t\t\t\t\t\t\t\t\t\t\t\t\t\t<img loading=\"lazy\" decoding=\"async\" width=\"1024\" height=\"652\" src=\"http:\/\/wordpress.schuetzenverein-boerger.de\/wordpress\/wp-content\/uploads\/2025\/08\/WhatsApp-Image-2025-07-31-at-12.58.251-1024x652.jpeg\" class=\"attachment-large size-large wp-image-730\" alt=\"\" srcset=\"http:\/\/wordpress.schuetzenverein-boerger.de\/wordpress\/wp-content\/uploads\/2025\/08\/WhatsApp-Image-2025-07-31-at-12.58.251-1024x652.jpeg 1024w, http:\/\/wordpress.schuetzenverein-boerger.de\/wordpress\/wp-content\/uploads\/2025\/08\/WhatsApp-Image-2025-07-31-at-12.58.251-300x191.jpeg 300w, http:\/\/wordpress.schuetzenverein-boerger.de\/wordpress\/wp-content\/uploads\/2025\/08\/WhatsApp-Image-2025-07-31-at-12.58.251-768x489.jpeg 768w, http:\/\/wordpress.schuetzenverein-boerger.de\/wordpress\/wp-content\/uploads\/2025\/08\/WhatsApp-Image-2025-07-31-at-12.58.251-1536x977.jpeg 1536w, http:\/\/wordpress.schuetzenverein-boerger.de\/wordpress\/wp-content\/uploads\/2025\/08\/WhatsApp-Image-2025-07-31-at-12.58.251.jpeg 1600w\" sizes=\"auto, (max-width: 1024px) 100vw, 1024px\" \/>\t\t\t\t\t\t\t\t\t\t\t\t\t\t\t<\/div>\n\t\t\t\t<\/div>\n\t\t\t\t\t<\/div>\n\t\t<\/div>\n\t\t\t\t\t\t\t<\/div>\n\t\t<\/section>\n\t\t\t\t<section class=\"elementor-section elementor-top-section elementor-element elementor-element-b0cdfe9 elementor-section-boxed elementor-section-height-default elementor-section-height-default\" data-id=\"b0cdfe9\" data-element_type=\"section\" data-settings=\"{&quot;background_background&quot;:&quot;classic&quot;,&quot;shape_divider_top&quot;:&quot;tilt&quot;}\">\n\t\t\t\t\t\t\t<div class=\"elementor-background-overlay\"><\/div>\n\t\t\t\t\t\t<div class=\"elementor-shape elementor-shape-top\" data-negative=\"false\">\n\t\t\t<svg xmlns=\"http:\/\/www.w3.org\/2000\/svg\" viewBox=\"0 0 1000 100\" preserveAspectRatio=\"none\">\n\t<path class=\"elementor-shape-fill\" d=\"M0,6V0h1000v100L0,6z\"\/>\n<\/svg>\t\t<\/div>\n\t\t\t\t\t<div class=\"elementor-container elementor-column-gap-wider\">\n\t\t\t\t\t<div class=\"elementor-column elementor-col-100 elementor-top-column elementor-element elementor-element-7ef7da6\" data-id=\"7ef7da6\" data-element_type=\"column\">\n\t\t\t<div class=\"elementor-widget-wrap elementor-element-populated\">\n\t\t\t\t\t\t\t\t<div class=\"elementor-element elementor-element-8255a5e elementor-widget__width-initial elementor-widget elementor-widget-text-editor\" data-id=\"8255a5e\" data-element_type=\"widget\" data-widget_type=\"text-editor.default\">\n\t\t\t\t<div class=\"elementor-widget-container\">\n\t\t\t\t\t\t\t\t\t\t\t\t\t<\/div>\n\t\t\t\t<\/div>\n\t\t\t\t\t<\/div>\n\t\t<\/div>\n\t\t\t\t\t\t\t<\/div>\n\t\t<\/section>\n\t\t\t\t<section class=\"elementor-section elementor-top-section elementor-element elementor-element-69ca065 elementor-section-boxed elementor-section-height-default elementor-section-height-default\" data-id=\"69ca065\" data-element_type=\"section\">\n\t\t\t\t\t\t<div class=\"elementor-container elementor-column-gap-default\">\n\t\t\t\t\t<div class=\"elementor-column elementor-col-100 elementor-top-column elementor-element elementor-element-a8561b1\" data-id=\"a8561b1\" data-element_type=\"column\">\n\t\t\t<div class=\"elementor-widget-wrap elementor-element-populated\">\n\t\t\t\t\t\t\t\t<div class=\"elementor-element elementor-element-51f4a79 elementor-invisible elementor-widget elementor-widget-text-editor\" data-id=\"51f4a79\" data-element_type=\"widget\" data-settings=\"{&quot;_animation&quot;:&quot;fadeInLeft&quot;}\" data-widget_type=\"text-editor.default\">\n\t\t\t\t<div class=\"elementor-widget-container\">\n\t\t\t\t\t\t\t<p><strong>Sch\u00fctzenk\u00f6nige seit 1906<br \/><\/strong><\/p>\t\t\t\t\t\t<\/div>\n\t\t\t\t<\/div>\n\t\t\t\t<div class=\"elementor-element elementor-element-3b1365c elementor-widget elementor-widget-text-editor\" data-id=\"3b1365c\" data-element_type=\"widget\" data-widget_type=\"text-editor.default\">\n\t\t\t\t<div class=\"elementor-widget-container\">\n\t\t\t\t\t\t\t\t\t\t\t\t\t<\/div>\n\t\t\t\t<\/div>\n\t\t\t\t<section class=\"elementor-section elementor-inner-section elementor-element elementor-element-b171647 elementor-section-boxed elementor-section-height-default elementor-section-height-default\" data-id=\"b171647\" data-element_type=\"section\">\n\t\t\t\t\t\t<div class=\"elementor-container elementor-column-gap-default\">\n\t\t\t\t\t<div class=\"elementor-column elementor-col-33 elementor-inner-column elementor-element elementor-element-5913474\" data-id=\"5913474\" data-element_type=\"column\">\n\t\t\t<div class=\"elementor-widget-wrap\">\n\t\t\t\t\t\t\t\t\t<\/div>\n\t\t<\/div>\n\t\t\t\t<div class=\"elementor-column elementor-col-33 elementor-inner-column elementor-element elementor-element-2b9caa0\" data-id=\"2b9caa0\" data-element_type=\"column\">\n\t\t\t<div class=\"elementor-widget-wrap elementor-element-populated\">\n\t\t\t\t\t\t\t\t<div class=\"elementor-element elementor-element-3c0cd9a elementor-position-top elementor-widget elementor-widget-image-box\" data-id=\"3c0cd9a\" data-element_type=\"widget\" data-widget_type=\"image-box.default\">\n\t\t\t\t<div class=\"elementor-widget-container\">\n\t\t\t<style>\/*! elementor - v3.15.0 - 09-08-2023 *\/\n.elementor-widget-image-box .elementor-image-box-content{width:100%}@media (min-width:768px){.elementor-widget-image-box.elementor-position-left .elementor-image-box-wrapper,.elementor-widget-image-box.elementor-position-right .elementor-image-box-wrapper{display:flex}.elementor-widget-image-box.elementor-position-right .elementor-image-box-wrapper{text-align:right;flex-direction:row-reverse}.elementor-widget-image-box.elementor-position-left .elementor-image-box-wrapper{text-align:left;flex-direction:row}.elementor-widget-image-box.elementor-position-top .elementor-image-box-img{margin:auto}.elementor-widget-image-box.elementor-vertical-align-top .elementor-image-box-wrapper{align-items:flex-start}.elementor-widget-image-box.elementor-vertical-align-middle .elementor-image-box-wrapper{align-items:center}.elementor-widget-image-box.elementor-vertical-align-bottom .elementor-image-box-wrapper{align-items:flex-end}}@media (max-width:767px){.elementor-widget-image-box .elementor-image-box-img{margin-left:auto!important;margin-right:auto!important;margin-bottom:15px}}.elementor-widget-image-box .elementor-image-box-img{display:inline-block}.elementor-widget-image-box .elementor-image-box-title a{color:inherit}.elementor-widget-image-box .elementor-image-box-wrapper{text-align:center}.elementor-widget-image-box .elementor-image-box-description{margin:0}<\/style><div class=\"elementor-image-box-wrapper\"><figure class=\"elementor-image-box-img\"><img loading=\"lazy\" decoding=\"async\" width=\"300\" height=\"300\" src=\"http:\/\/wordpress.schuetzenverein-boerger.de\/wordpress\/wp-content\/uploads\/2024\/07\/Koenigspaar-2024-300x300.jpg\" class=\"elementor-animation-grow attachment-medium size-medium wp-image-671\" alt=\"\" srcset=\"http:\/\/wordpress.schuetzenverein-boerger.de\/wordpress\/wp-content\/uploads\/2024\/07\/Koenigspaar-2024-300x300.jpg 300w, http:\/\/wordpress.schuetzenverein-boerger.de\/wordpress\/wp-content\/uploads\/2024\/07\/Koenigspaar-2024-1024x1024.jpg 1024w, http:\/\/wordpress.schuetzenverein-boerger.de\/wordpress\/wp-content\/uploads\/2024\/07\/Koenigspaar-2024-150x150.jpg 150w, http:\/\/wordpress.schuetzenverein-boerger.de\/wordpress\/wp-content\/uploads\/2024\/07\/Koenigspaar-2024-768x768.jpg 768w, http:\/\/wordpress.schuetzenverein-boerger.de\/wordpress\/wp-content\/uploads\/2024\/07\/Koenigspaar-2024-600x600.jpg 600w, http:\/\/wordpress.schuetzenverein-boerger.de\/wordpress\/wp-content\/uploads\/2024\/07\/Koenigspaar-2024.jpg 1500w\" sizes=\"auto, (max-width: 300px) 100vw, 300px\" \/><\/figure><div class=\"elementor-image-box-content\"><h3 class=\"elementor-image-box-title\">K\u00f6nigspaar 2024<\/h3><p class=\"elementor-image-box-description\">Keno Cordes &amp; Hanna Geers<\/p><\/div><\/div>\t\t<\/div>\n\t\t\t\t<\/div>\n\t\t\t\t\t<\/div>\n\t\t<\/div>\n\t\t\t\t<div class=\"elementor-column elementor-col-33 elementor-inner-column elementor-element elementor-element-f8cb729\" data-id=\"f8cb729\" data-element_type=\"column\">\n\t\t\t<div class=\"elementor-widget-wrap elementor-element-populated\">\n\t\t\t\t\t\t\t\t<div class=\"elementor-element elementor-element-a816d5e elementor-position-top elementor-widget elementor-widget-image-box\" data-id=\"a816d5e\" data-element_type=\"widget\" data-widget_type=\"image-box.default\">\n\t\t\t\t<div class=\"elementor-widget-container\">\n\t\t\t<div class=\"elementor-image-box-wrapper\"><figure class=\"elementor-image-box-img\"><img loading=\"lazy\" decoding=\"async\" width=\"300\" height=\"300\" src=\"http:\/\/wordpress.schuetzenverein-boerger.de\/wordpress\/wp-content\/uploads\/2023\/08\/2023.jpg\" class=\"elementor-animation-grow attachment-full size-full wp-image-510\" alt=\"\" srcset=\"http:\/\/wordpress.schuetzenverein-boerger.de\/wordpress\/wp-content\/uploads\/2023\/08\/2023.jpg 300w, http:\/\/wordpress.schuetzenverein-boerger.de\/wordpress\/wp-content\/uploads\/2023\/08\/2023-150x150.jpg 150w\" sizes=\"auto, (max-width: 300px) 100vw, 300px\" \/><\/figure><div class=\"elementor-image-box-content\"><h3 class=\"elementor-image-box-title\">K\u00f6nigspaar 2023<\/h3><p class=\"elementor-image-box-description\">Holger &amp; Tanja Remmers<\/p><\/div><\/div>\t\t<\/div>\n\t\t\t\t<\/div>\n\t\t\t\t\t<\/div>\n\t\t<\/div>\n\t\t\t\t\t\t\t<\/div>\n\t\t<\/section>\n\t\t\t\t<section class=\"elementor-section elementor-inner-section elementor-element elementor-element-3adf9f1 elementor-section-boxed elementor-section-height-default elementor-section-height-default\" data-id=\"3adf9f1\" data-element_type=\"section\">\n\t\t\t\t\t\t<div class=\"elementor-container elementor-column-gap-default\">\n\t\t\t\t\t<div class=\"elementor-column elementor-col-33 elementor-inner-column elementor-element elementor-element-49a9c35\" data-id=\"49a9c35\" data-element_type=\"column\">\n\t\t\t<div class=\"elementor-widget-wrap elementor-element-populated\">\n\t\t\t\t\t\t\t\t<div class=\"elementor-element elementor-element-9ee5128 elementor-position-top elementor-widget elementor-widget-image-box\" data-id=\"9ee5128\" data-element_type=\"widget\" data-widget_type=\"image-box.default\">\n\t\t\t\t<div class=\"elementor-widget-container\">\n\t\t\t<div class=\"elementor-image-box-wrapper\"><figure class=\"elementor-image-box-img\"><img loading=\"lazy\" decoding=\"async\" width=\"300\" height=\"300\" src=\"http:\/\/wordpress.schuetzenverein-boerger.de\/wordpress\/wp-content\/uploads\/2023\/08\/2022.jpg\" class=\"elementor-animation-grow attachment-full size-full wp-image-234\" alt=\"\" srcset=\"http:\/\/wordpress.schuetzenverein-boerger.de\/wordpress\/wp-content\/uploads\/2023\/08\/2022.jpg 300w, http:\/\/wordpress.schuetzenverein-boerger.de\/wordpress\/wp-content\/uploads\/2023\/08\/2022-150x150.jpg 150w\" sizes=\"auto, (max-width: 300px) 100vw, 300px\" \/><\/figure><div class=\"elementor-image-box-content\"><h3 class=\"elementor-image-box-title\">K\u00f6nigspaar 2022<\/h3><p class=\"elementor-image-box-description\">Daniel & Nadine Sebers<\/p><\/div><\/div>\t\t<\/div>\n\t\t\t\t<\/div>\n\t\t\t\t\t<\/div>\n\t\t<\/div>\n\t\t\t\t<div class=\"elementor-column elementor-col-33 elementor-inner-column elementor-element elementor-element-e25b57d\" data-id=\"e25b57d\" data-element_type=\"column\">\n\t\t\t<div class=\"elementor-widget-wrap elementor-element-populated\">\n\t\t\t\t\t\t\t\t<div class=\"elementor-element elementor-element-0744bd8 elementor-position-top elementor-widget elementor-widget-image-box\" data-id=\"0744bd8\" data-element_type=\"widget\" data-widget_type=\"image-box.default\">\n\t\t\t\t<div class=\"elementor-widget-container\">\n\t\t\t<div class=\"elementor-image-box-wrapper\"><figure class=\"elementor-image-box-img\"><img loading=\"lazy\" decoding=\"async\" width=\"300\" height=\"300\" src=\"http:\/\/wordpress.schuetzenverein-boerger.de\/wordpress\/wp-content\/uploads\/2023\/08\/2019.jpg\" class=\"elementor-animation-grow attachment-full size-full wp-image-235\" alt=\"\" srcset=\"http:\/\/wordpress.schuetzenverein-boerger.de\/wordpress\/wp-content\/uploads\/2023\/08\/2019.jpg 300w, http:\/\/wordpress.schuetzenverein-boerger.de\/wordpress\/wp-content\/uploads\/2023\/08\/2019-150x150.jpg 150w\" sizes=\"auto, (max-width: 300px) 100vw, 300px\" \/><\/figure><div class=\"elementor-image-box-content\"><h3 class=\"elementor-image-box-title\">K\u00f6nigspaar 2019<\/h3><p class=\"elementor-image-box-description\">Valentin &amp; Svetlana Ertus<\/p><\/div><\/div>\t\t<\/div>\n\t\t\t\t<\/div>\n\t\t\t\t\t<\/div>\n\t\t<\/div>\n\t\t\t\t<div class=\"elementor-column elementor-col-33 elementor-inner-column elementor-element elementor-element-355b8fb\" data-id=\"355b8fb\" data-element_type=\"column\">\n\t\t\t<div class=\"elementor-widget-wrap elementor-element-populated\">\n\t\t\t\t\t\t\t\t<div class=\"elementor-element elementor-element-74516c5 elementor-position-top elementor-widget elementor-widget-image-box\" data-id=\"74516c5\" data-element_type=\"widget\" data-widget_type=\"image-box.default\">\n\t\t\t\t<div class=\"elementor-widget-container\">\n\t\t\t<div class=\"elementor-image-box-wrapper\"><figure class=\"elementor-image-box-img\"><img loading=\"lazy\" decoding=\"async\" width=\"300\" height=\"300\" src=\"http:\/\/wordpress.schuetzenverein-boerger.de\/wordpress\/wp-content\/uploads\/2023\/08\/2018.jpg\" class=\"elementor-animation-grow attachment-full size-full wp-image-236\" alt=\"\" srcset=\"http:\/\/wordpress.schuetzenverein-boerger.de\/wordpress\/wp-content\/uploads\/2023\/08\/2018.jpg 300w, http:\/\/wordpress.schuetzenverein-boerger.de\/wordpress\/wp-content\/uploads\/2023\/08\/2018-150x150.jpg 150w\" sizes=\"auto, (max-width: 300px) 100vw, 300px\" \/><\/figure><div class=\"elementor-image-box-content\"><h3 class=\"elementor-image-box-title\">K\u00f6nigspaar 2018<\/h3><p class=\"elementor-image-box-description\">Martin & Lena Kossen<\/p><\/div><\/div>\t\t<\/div>\n\t\t\t\t<\/div>\n\t\t\t\t\t<\/div>\n\t\t<\/div>\n\t\t\t\t\t\t\t<\/div>\n\t\t<\/section>\n\t\t\t\t<section class=\"elementor-section elementor-inner-section elementor-element elementor-element-434d981 elementor-section-boxed elementor-section-height-default elementor-section-height-default\" data-id=\"434d981\" data-element_type=\"section\">\n\t\t\t\t\t\t<div class=\"elementor-container elementor-column-gap-default\">\n\t\t\t\t\t<div class=\"elementor-column elementor-col-33 elementor-inner-column elementor-element elementor-element-88dd09c\" data-id=\"88dd09c\" data-element_type=\"column\">\n\t\t\t<div class=\"elementor-widget-wrap elementor-element-populated\">\n\t\t\t\t\t\t\t\t<div class=\"elementor-element elementor-element-5589f0b elementor-position-top elementor-widget elementor-widget-image-box\" data-id=\"5589f0b\" data-element_type=\"widget\" data-widget_type=\"image-box.default\">\n\t\t\t\t<div class=\"elementor-widget-container\">\n\t\t\t<div class=\"elementor-image-box-wrapper\"><figure class=\"elementor-image-box-img\"><img loading=\"lazy\" decoding=\"async\" width=\"300\" height=\"300\" src=\"http:\/\/wordpress.schuetzenverein-boerger.de\/wordpress\/wp-content\/uploads\/2023\/08\/2017.jpg\" class=\"elementor-animation-grow attachment-full size-full wp-image-238\" alt=\"\" srcset=\"http:\/\/wordpress.schuetzenverein-boerger.de\/wordpress\/wp-content\/uploads\/2023\/08\/2017.jpg 300w, http:\/\/wordpress.schuetzenverein-boerger.de\/wordpress\/wp-content\/uploads\/2023\/08\/2017-150x150.jpg 150w\" sizes=\"auto, (max-width: 300px) 100vw, 300px\" \/><\/figure><div class=\"elementor-image-box-content\"><h3 class=\"elementor-image-box-title\">K\u00f6nigspaar 2017<\/h3><p class=\"elementor-image-box-description\">Hermann &amp; Silvia Albers<\/p><\/div><\/div>\t\t<\/div>\n\t\t\t\t<\/div>\n\t\t\t\t\t<\/div>\n\t\t<\/div>\n\t\t\t\t<div class=\"elementor-column elementor-col-33 elementor-inner-column elementor-element elementor-element-635650b\" data-id=\"635650b\" data-element_type=\"column\">\n\t\t\t<div class=\"elementor-widget-wrap elementor-element-populated\">\n\t\t\t\t\t\t\t\t<div class=\"elementor-element elementor-element-ef09889 elementor-position-top elementor-widget elementor-widget-image-box\" data-id=\"ef09889\" data-element_type=\"widget\" data-widget_type=\"image-box.default\">\n\t\t\t\t<div class=\"elementor-widget-container\">\n\t\t\t<div class=\"elementor-image-box-wrapper\"><figure class=\"elementor-image-box-img\"><img loading=\"lazy\" decoding=\"async\" width=\"300\" height=\"300\" src=\"http:\/\/wordpress.schuetzenverein-boerger.de\/wordpress\/wp-content\/uploads\/2023\/08\/2016.jpg\" class=\"elementor-animation-grow attachment-full size-full wp-image-237\" alt=\"\" srcset=\"http:\/\/wordpress.schuetzenverein-boerger.de\/wordpress\/wp-content\/uploads\/2023\/08\/2016.jpg 300w, http:\/\/wordpress.schuetzenverein-boerger.de\/wordpress\/wp-content\/uploads\/2023\/08\/2016-150x150.jpg 150w\" sizes=\"auto, (max-width: 300px) 100vw, 300px\" \/><\/figure><div class=\"elementor-image-box-content\"><h3 class=\"elementor-image-box-title\">K\u00f6nigspaar 2016<\/h3><p class=\"elementor-image-box-description\">Andreas &amp; Andrea L\u00fcken<\/p><\/div><\/div>\t\t<\/div>\n\t\t\t\t<\/div>\n\t\t\t\t\t<\/div>\n\t\t<\/div>\n\t\t\t\t<div class=\"elementor-column elementor-col-33 elementor-inner-column elementor-element elementor-element-37caf2b\" data-id=\"37caf2b\" data-element_type=\"column\">\n\t\t\t<div class=\"elementor-widget-wrap elementor-element-populated\">\n\t\t\t\t\t\t\t\t<div class=\"elementor-element elementor-element-53a257d elementor-position-top elementor-widget elementor-widget-image-box\" data-id=\"53a257d\" data-element_type=\"widget\" data-widget_type=\"image-box.default\">\n\t\t\t\t<div class=\"elementor-widget-container\">\n\t\t\t<div class=\"elementor-image-box-wrapper\"><figure class=\"elementor-image-box-img\"><img loading=\"lazy\" decoding=\"async\" width=\"300\" height=\"300\" src=\"http:\/\/wordpress.schuetzenverein-boerger.de\/wordpress\/wp-content\/uploads\/2023\/08\/2015.jpg\" class=\"elementor-animation-grow attachment-full size-full wp-image-239\" alt=\"\" srcset=\"http:\/\/wordpress.schuetzenverein-boerger.de\/wordpress\/wp-content\/uploads\/2023\/08\/2015.jpg 300w, http:\/\/wordpress.schuetzenverein-boerger.de\/wordpress\/wp-content\/uploads\/2023\/08\/2015-150x150.jpg 150w\" sizes=\"auto, (max-width: 300px) 100vw, 300px\" \/><\/figure><div class=\"elementor-image-box-content\"><h3 class=\"elementor-image-box-title\">K\u00f6nigspaar 2015<\/h3><p class=\"elementor-image-box-description\">Holger &amp; Mechthild Hukelmann<\/p><\/div><\/div>\t\t<\/div>\n\t\t\t\t<\/div>\n\t\t\t\t\t<\/div>\n\t\t<\/div>\n\t\t\t\t\t\t\t<\/div>\n\t\t<\/section>\n\t\t\t\t<section class=\"elementor-section elementor-inner-section elementor-element elementor-element-f9887aa elementor-section-boxed elementor-section-height-default elementor-section-height-default\" data-id=\"f9887aa\" data-element_type=\"section\">\n\t\t\t\t\t\t<div class=\"elementor-container elementor-column-gap-default\">\n\t\t\t\t\t<div class=\"elementor-column elementor-col-33 elementor-inner-column elementor-element elementor-element-cdee592\" data-id=\"cdee592\" data-element_type=\"column\">\n\t\t\t<div class=\"elementor-widget-wrap elementor-element-populated\">\n\t\t\t\t\t\t\t\t<div class=\"elementor-element elementor-element-e3a3e4c elementor-position-top elementor-widget elementor-widget-image-box\" data-id=\"e3a3e4c\" data-element_type=\"widget\" data-widget_type=\"image-box.default\">\n\t\t\t\t<div class=\"elementor-widget-container\">\n\t\t\t<div class=\"elementor-image-box-wrapper\"><figure class=\"elementor-image-box-img\"><img loading=\"lazy\" decoding=\"async\" width=\"300\" height=\"300\" src=\"http:\/\/wordpress.schuetzenverein-boerger.de\/wordpress\/wp-content\/uploads\/2023\/08\/2014.jpg\" class=\"elementor-animation-grow attachment-full size-full wp-image-242\" alt=\"\" srcset=\"http:\/\/wordpress.schuetzenverein-boerger.de\/wordpress\/wp-content\/uploads\/2023\/08\/2014.jpg 300w, http:\/\/wordpress.schuetzenverein-boerger.de\/wordpress\/wp-content\/uploads\/2023\/08\/2014-150x150.jpg 150w\" sizes=\"auto, (max-width: 300px) 100vw, 300px\" \/><\/figure><div class=\"elementor-image-box-content\"><h3 class=\"elementor-image-box-title\">K\u00f6nigspaar 2014<\/h3><p class=\"elementor-image-box-description\">Wilhelm &amp; Ingrid Robben<\/p><\/div><\/div>\t\t<\/div>\n\t\t\t\t<\/div>\n\t\t\t\t\t<\/div>\n\t\t<\/div>\n\t\t\t\t<div class=\"elementor-column elementor-col-33 elementor-inner-column elementor-element elementor-element-c68388a\" data-id=\"c68388a\" data-element_type=\"column\">\n\t\t\t<div class=\"elementor-widget-wrap elementor-element-populated\">\n\t\t\t\t\t\t\t\t<div class=\"elementor-element elementor-element-016d36d elementor-position-top elementor-widget elementor-widget-image-box\" data-id=\"016d36d\" data-element_type=\"widget\" data-widget_type=\"image-box.default\">\n\t\t\t\t<div class=\"elementor-widget-container\">\n\t\t\t<div class=\"elementor-image-box-wrapper\"><figure class=\"elementor-image-box-img\"><img loading=\"lazy\" decoding=\"async\" width=\"300\" height=\"300\" src=\"http:\/\/wordpress.schuetzenverein-boerger.de\/wordpress\/wp-content\/uploads\/2023\/08\/2013.jpg\" class=\"elementor-animation-grow attachment-full size-full wp-image-241\" alt=\"\" srcset=\"http:\/\/wordpress.schuetzenverein-boerger.de\/wordpress\/wp-content\/uploads\/2023\/08\/2013.jpg 300w, http:\/\/wordpress.schuetzenverein-boerger.de\/wordpress\/wp-content\/uploads\/2023\/08\/2013-150x150.jpg 150w\" sizes=\"auto, (max-width: 300px) 100vw, 300px\" \/><\/figure><div class=\"elementor-image-box-content\"><h3 class=\"elementor-image-box-title\">K\u00f6nigspaar 2013<\/h3><p class=\"elementor-image-box-description\">Thomas &amp; Nicole Sch\u00fcrmann<\/p><\/div><\/div>\t\t<\/div>\n\t\t\t\t<\/div>\n\t\t\t\t\t<\/div>\n\t\t<\/div>\n\t\t\t\t<div class=\"elementor-column elementor-col-33 elementor-inner-column elementor-element elementor-element-e932271\" data-id=\"e932271\" data-element_type=\"column\">\n\t\t\t<div class=\"elementor-widget-wrap elementor-element-populated\">\n\t\t\t\t\t\t\t\t<div class=\"elementor-element elementor-element-98176b9 elementor-position-top elementor-widget elementor-widget-image-box\" data-id=\"98176b9\" data-element_type=\"widget\" data-widget_type=\"image-box.default\">\n\t\t\t\t<div class=\"elementor-widget-container\">\n\t\t\t<div class=\"elementor-image-box-wrapper\"><figure class=\"elementor-image-box-img\"><img loading=\"lazy\" decoding=\"async\" width=\"300\" height=\"300\" src=\"http:\/\/wordpress.schuetzenverein-boerger.de\/wordpress\/wp-content\/uploads\/2023\/08\/2012.jpg\" class=\"elementor-animation-grow attachment-full size-full wp-image-240\" alt=\"\" srcset=\"http:\/\/wordpress.schuetzenverein-boerger.de\/wordpress\/wp-content\/uploads\/2023\/08\/2012.jpg 300w, http:\/\/wordpress.schuetzenverein-boerger.de\/wordpress\/wp-content\/uploads\/2023\/08\/2012-150x150.jpg 150w\" sizes=\"auto, (max-width: 300px) 100vw, 300px\" \/><\/figure><div class=\"elementor-image-box-content\"><h3 class=\"elementor-image-box-title\">K\u00f6nigspaar 2012<\/h3><p class=\"elementor-image-box-description\">Gerd &amp; Monika Sievers<\/p><\/div><\/div>\t\t<\/div>\n\t\t\t\t<\/div>\n\t\t\t\t\t<\/div>\n\t\t<\/div>\n\t\t\t\t\t\t\t<\/div>\n\t\t<\/section>\n\t\t\t\t\t<\/div>\n\t\t<\/div>\n\t\t\t\t\t\t\t<\/div>\n\t\t<\/section>\n\t\t\t\t<section class=\"elementor-section elementor-top-section elementor-element elementor-element-0001fa9 elementor-section-boxed elementor-section-height-default elementor-section-height-default\" data-id=\"0001fa9\" data-element_type=\"section\">\n\t\t\t\t\t\t\t<div class=\"elementor-background-overlay\"><\/div>\n\t\t\t\t\t\t\t<div class=\"elementor-container elementor-column-gap-default\">\n\t\t\t\t\t<div class=\"elementor-column elementor-col-100 elementor-top-column elementor-element elementor-element-436b3f3\" data-id=\"436b3f3\" data-element_type=\"column\">\n\t\t\t<div class=\"elementor-widget-wrap elementor-element-populated\">\n\t\t\t\t\t\t\t\t<section class=\"elementor-section elementor-inner-section elementor-element elementor-element-2b28a13 elementor-section-boxed elementor-section-height-default elementor-section-height-default\" data-id=\"2b28a13\" data-element_type=\"section\">\n\t\t\t\t\t\t<div class=\"elementor-container elementor-column-gap-default\">\n\t\t\t\t\t<div class=\"elementor-column elementor-col-33 elementor-inner-column elementor-element elementor-element-3d8edb0\" data-id=\"3d8edb0\" data-element_type=\"column\">\n\t\t\t<div class=\"elementor-widget-wrap elementor-element-populated\">\n\t\t\t\t\t\t\t\t<div class=\"elementor-element elementor-element-7af82a8 elementor-position-top elementor-widget elementor-widget-image-box\" data-id=\"7af82a8\" data-element_type=\"widget\" data-widget_type=\"image-box.default\">\n\t\t\t\t<div class=\"elementor-widget-container\">\n\t\t\t<div class=\"elementor-image-box-wrapper\"><figure class=\"elementor-image-box-img\"><img loading=\"lazy\" decoding=\"async\" width=\"300\" height=\"300\" src=\"http:\/\/wordpress.schuetzenverein-boerger.de\/wordpress\/wp-content\/uploads\/2023\/08\/2011.jpg\" class=\"elementor-animation-grow attachment-full size-full wp-image-292\" alt=\"\" srcset=\"http:\/\/wordpress.schuetzenverein-boerger.de\/wordpress\/wp-content\/uploads\/2023\/08\/2011.jpg 300w, http:\/\/wordpress.schuetzenverein-boerger.de\/wordpress\/wp-content\/uploads\/2023\/08\/2011-150x150.jpg 150w\" sizes=\"auto, (max-width: 300px) 100vw, 300px\" \/><\/figure><div class=\"elementor-image-box-content\"><h3 class=\"elementor-image-box-title\">K\u00f6nigspaar 2011<\/h3><p class=\"elementor-image-box-description\">J\u00f6rg &amp; Claudia Bruns<\/p><\/div><\/div>\t\t<\/div>\n\t\t\t\t<\/div>\n\t\t\t\t\t<\/div>\n\t\t<\/div>\n\t\t\t\t<div class=\"elementor-column elementor-col-33 elementor-inner-column elementor-element elementor-element-be10d22\" data-id=\"be10d22\" data-element_type=\"column\">\n\t\t\t<div class=\"elementor-widget-wrap elementor-element-populated\">\n\t\t\t\t\t\t\t\t<div class=\"elementor-element elementor-element-7e4a2d1 elementor-position-top elementor-widget elementor-widget-image-box\" data-id=\"7e4a2d1\" data-element_type=\"widget\" data-widget_type=\"image-box.default\">\n\t\t\t\t<div class=\"elementor-widget-container\">\n\t\t\t<div class=\"elementor-image-box-wrapper\"><figure class=\"elementor-image-box-img\"><img loading=\"lazy\" decoding=\"async\" width=\"300\" height=\"300\" src=\"http:\/\/wordpress.schuetzenverein-boerger.de\/wordpress\/wp-content\/uploads\/2023\/08\/2010.jpg\" class=\"elementor-animation-grow attachment-full size-full wp-image-291\" alt=\"\" srcset=\"http:\/\/wordpress.schuetzenverein-boerger.de\/wordpress\/wp-content\/uploads\/2023\/08\/2010.jpg 300w, http:\/\/wordpress.schuetzenverein-boerger.de\/wordpress\/wp-content\/uploads\/2023\/08\/2010-150x150.jpg 150w\" sizes=\"auto, (max-width: 300px) 100vw, 300px\" \/><\/figure><div class=\"elementor-image-box-content\"><h3 class=\"elementor-image-box-title\">K\u00f6nigspaar 2010<\/h3><p class=\"elementor-image-box-description\">Christian Geesken &amp; Annelen Sievers<\/p><\/div><\/div>\t\t<\/div>\n\t\t\t\t<\/div>\n\t\t\t\t\t<\/div>\n\t\t<\/div>\n\t\t\t\t<div class=\"elementor-column elementor-col-33 elementor-inner-column elementor-element elementor-element-b0c1d8b\" data-id=\"b0c1d8b\" data-element_type=\"column\">\n\t\t\t<div class=\"elementor-widget-wrap elementor-element-populated\">\n\t\t\t\t\t\t\t\t<div class=\"elementor-element elementor-element-c540545 elementor-position-top elementor-widget elementor-widget-image-box\" data-id=\"c540545\" data-element_type=\"widget\" data-widget_type=\"image-box.default\">\n\t\t\t\t<div class=\"elementor-widget-container\">\n\t\t\t<div class=\"elementor-image-box-wrapper\"><figure class=\"elementor-image-box-img\"><img loading=\"lazy\" decoding=\"async\" width=\"300\" height=\"300\" src=\"http:\/\/wordpress.schuetzenverein-boerger.de\/wordpress\/wp-content\/uploads\/2023\/08\/2009.jpg\" class=\"elementor-animation-grow attachment-full size-full wp-image-290\" alt=\"\" srcset=\"http:\/\/wordpress.schuetzenverein-boerger.de\/wordpress\/wp-content\/uploads\/2023\/08\/2009.jpg 300w, http:\/\/wordpress.schuetzenverein-boerger.de\/wordpress\/wp-content\/uploads\/2023\/08\/2009-150x150.jpg 150w\" sizes=\"auto, (max-width: 300px) 100vw, 300px\" \/><\/figure><div class=\"elementor-image-box-content\"><h3 class=\"elementor-image-box-title\">K\u00f6nigspaar 2009<\/h3><p class=\"elementor-image-box-description\">Wilhelm &amp; Maria Klaas<\/p><\/div><\/div>\t\t<\/div>\n\t\t\t\t<\/div>\n\t\t\t\t\t<\/div>\n\t\t<\/div>\n\t\t\t\t\t\t\t<\/div>\n\t\t<\/section>\n\t\t\t\t<section class=\"elementor-section elementor-inner-section elementor-element elementor-element-69a5bc1 elementor-section-boxed elementor-section-height-default elementor-section-height-default\" data-id=\"69a5bc1\" data-element_type=\"section\">\n\t\t\t\t\t\t<div class=\"elementor-container elementor-column-gap-default\">\n\t\t\t\t\t<div class=\"elementor-column elementor-col-33 elementor-inner-column elementor-element elementor-element-cce5b95\" data-id=\"cce5b95\" data-element_type=\"column\">\n\t\t\t<div class=\"elementor-widget-wrap elementor-element-populated\">\n\t\t\t\t\t\t\t\t<div class=\"elementor-element elementor-element-51ce571 elementor-position-top elementor-widget elementor-widget-image-box\" data-id=\"51ce571\" data-element_type=\"widget\" data-widget_type=\"image-box.default\">\n\t\t\t\t<div class=\"elementor-widget-container\">\n\t\t\t<div class=\"elementor-image-box-wrapper\"><figure class=\"elementor-image-box-img\"><img loading=\"lazy\" decoding=\"async\" width=\"300\" height=\"300\" src=\"http:\/\/wordpress.schuetzenverein-boerger.de\/wordpress\/wp-content\/uploads\/2023\/08\/2008.jpg\" class=\"elementor-animation-grow attachment-full size-full wp-image-296\" alt=\"\" srcset=\"http:\/\/wordpress.schuetzenverein-boerger.de\/wordpress\/wp-content\/uploads\/2023\/08\/2008.jpg 300w, http:\/\/wordpress.schuetzenverein-boerger.de\/wordpress\/wp-content\/uploads\/2023\/08\/2008-150x150.jpg 150w\" sizes=\"auto, (max-width: 300px) 100vw, 300px\" \/><\/figure><div class=\"elementor-image-box-content\"><h3 class=\"elementor-image-box-title\">K\u00f6nigspaar 2008<\/h3><p class=\"elementor-image-box-description\">Rudi &amp; Wilma Fligg<\/p><\/div><\/div>\t\t<\/div>\n\t\t\t\t<\/div>\n\t\t\t\t\t<\/div>\n\t\t<\/div>\n\t\t\t\t<div class=\"elementor-column elementor-col-33 elementor-inner-column elementor-element elementor-element-3b594d0\" data-id=\"3b594d0\" data-element_type=\"column\">\n\t\t\t<div class=\"elementor-widget-wrap elementor-element-populated\">\n\t\t\t\t\t\t\t\t<div class=\"elementor-element elementor-element-61ee895 elementor-position-top elementor-widget elementor-widget-image-box\" data-id=\"61ee895\" data-element_type=\"widget\" data-widget_type=\"image-box.default\">\n\t\t\t\t<div class=\"elementor-widget-container\">\n\t\t\t<div class=\"elementor-image-box-wrapper\"><figure class=\"elementor-image-box-img\"><img loading=\"lazy\" decoding=\"async\" width=\"300\" height=\"300\" src=\"http:\/\/wordpress.schuetzenverein-boerger.de\/wordpress\/wp-content\/uploads\/2023\/08\/2007.jpg\" class=\"elementor-animation-grow attachment-full size-full wp-image-295\" alt=\"\" srcset=\"http:\/\/wordpress.schuetzenverein-boerger.de\/wordpress\/wp-content\/uploads\/2023\/08\/2007.jpg 300w, http:\/\/wordpress.schuetzenverein-boerger.de\/wordpress\/wp-content\/uploads\/2023\/08\/2007-150x150.jpg 150w\" sizes=\"auto, (max-width: 300px) 100vw, 300px\" \/><\/figure><div class=\"elementor-image-box-content\"><h3 class=\"elementor-image-box-title\">K\u00f6nigspaar 2007<\/h3><p class=\"elementor-image-box-description\">Frank &amp; Monika Schmees<\/p><\/div><\/div>\t\t<\/div>\n\t\t\t\t<\/div>\n\t\t\t\t\t<\/div>\n\t\t<\/div>\n\t\t\t\t<div class=\"elementor-column elementor-col-33 elementor-inner-column elementor-element elementor-element-a6952c7\" data-id=\"a6952c7\" data-element_type=\"column\">\n\t\t\t<div class=\"elementor-widget-wrap elementor-element-populated\">\n\t\t\t\t\t\t\t\t<div class=\"elementor-element elementor-element-13fbbde elementor-position-top elementor-widget elementor-widget-image-box\" data-id=\"13fbbde\" data-element_type=\"widget\" data-widget_type=\"image-box.default\">\n\t\t\t\t<div class=\"elementor-widget-container\">\n\t\t\t<div class=\"elementor-image-box-wrapper\"><figure class=\"elementor-image-box-img\"><img loading=\"lazy\" decoding=\"async\" width=\"300\" height=\"300\" src=\"http:\/\/wordpress.schuetzenverein-boerger.de\/wordpress\/wp-content\/uploads\/2023\/08\/2006.jpg\" class=\"elementor-animation-grow attachment-full size-full wp-image-294\" alt=\"\" srcset=\"http:\/\/wordpress.schuetzenverein-boerger.de\/wordpress\/wp-content\/uploads\/2023\/08\/2006.jpg 300w, http:\/\/wordpress.schuetzenverein-boerger.de\/wordpress\/wp-content\/uploads\/2023\/08\/2006-150x150.jpg 150w\" sizes=\"auto, (max-width: 300px) 100vw, 300px\" \/><\/figure><div class=\"elementor-image-box-content\"><h3 class=\"elementor-image-box-title\">K\u00f6nigspaar 2006<\/h3><p class=\"elementor-image-box-description\">Thomas &amp; Sandra Albers<\/p><\/div><\/div>\t\t<\/div>\n\t\t\t\t<\/div>\n\t\t\t\t\t<\/div>\n\t\t<\/div>\n\t\t\t\t\t\t\t<\/div>\n\t\t<\/section>\n\t\t\t\t<section class=\"elementor-section elementor-inner-section elementor-element elementor-element-114af01 elementor-section-boxed elementor-section-height-default elementor-section-height-default\" data-id=\"114af01\" data-element_type=\"section\">\n\t\t\t\t\t\t<div class=\"elementor-container elementor-column-gap-default\">\n\t\t\t\t\t<div class=\"elementor-column elementor-col-33 elementor-inner-column elementor-element elementor-element-427f672\" data-id=\"427f672\" data-element_type=\"column\">\n\t\t\t<div class=\"elementor-widget-wrap elementor-element-populated\">\n\t\t\t\t\t\t\t\t<div class=\"elementor-element elementor-element-257b4b0 elementor-position-top elementor-widget elementor-widget-image-box\" data-id=\"257b4b0\" data-element_type=\"widget\" data-widget_type=\"image-box.default\">\n\t\t\t\t<div class=\"elementor-widget-container\">\n\t\t\t<div class=\"elementor-image-box-wrapper\"><figure class=\"elementor-image-box-img\"><img loading=\"lazy\" decoding=\"async\" width=\"300\" height=\"300\" src=\"http:\/\/wordpress.schuetzenverein-boerger.de\/wordpress\/wp-content\/uploads\/2023\/08\/2005.jpg\" class=\"elementor-animation-grow attachment-full size-full wp-image-299\" alt=\"\" srcset=\"http:\/\/wordpress.schuetzenverein-boerger.de\/wordpress\/wp-content\/uploads\/2023\/08\/2005.jpg 300w, http:\/\/wordpress.schuetzenverein-boerger.de\/wordpress\/wp-content\/uploads\/2023\/08\/2005-150x150.jpg 150w\" sizes=\"auto, (max-width: 300px) 100vw, 300px\" \/><\/figure><div class=\"elementor-image-box-content\"><h3 class=\"elementor-image-box-title\">K\u00f6nigspaar 2005<\/h3><p class=\"elementor-image-box-description\">Heinz &amp; Helen Bruns<\/p><\/div><\/div>\t\t<\/div>\n\t\t\t\t<\/div>\n\t\t\t\t\t<\/div>\n\t\t<\/div>\n\t\t\t\t<div class=\"elementor-column elementor-col-33 elementor-inner-column elementor-element elementor-element-78f0faf\" data-id=\"78f0faf\" data-element_type=\"column\">\n\t\t\t<div class=\"elementor-widget-wrap elementor-element-populated\">\n\t\t\t\t\t\t\t\t<div class=\"elementor-element elementor-element-bd70bb1 elementor-position-top elementor-widget elementor-widget-image-box\" data-id=\"bd70bb1\" data-element_type=\"widget\" data-widget_type=\"image-box.default\">\n\t\t\t\t<div class=\"elementor-widget-container\">\n\t\t\t<div class=\"elementor-image-box-wrapper\"><figure class=\"elementor-image-box-img\"><img loading=\"lazy\" decoding=\"async\" width=\"300\" height=\"300\" src=\"http:\/\/wordpress.schuetzenverein-boerger.de\/wordpress\/wp-content\/uploads\/2023\/08\/2004.jpg\" class=\"elementor-animation-grow attachment-full size-full wp-image-298\" alt=\"\" srcset=\"http:\/\/wordpress.schuetzenverein-boerger.de\/wordpress\/wp-content\/uploads\/2023\/08\/2004.jpg 300w, http:\/\/wordpress.schuetzenverein-boerger.de\/wordpress\/wp-content\/uploads\/2023\/08\/2004-150x150.jpg 150w\" sizes=\"auto, (max-width: 300px) 100vw, 300px\" \/><\/figure><div class=\"elementor-image-box-content\"><h3 class=\"elementor-image-box-title\">K\u00f6nigspaar 2004<\/h3><p class=\"elementor-image-box-description\">Hans-Hermann &amp; Annette Schwarte<\/p><\/div><\/div>\t\t<\/div>\n\t\t\t\t<\/div>\n\t\t\t\t\t<\/div>\n\t\t<\/div>\n\t\t\t\t<div class=\"elementor-column elementor-col-33 elementor-inner-column elementor-element elementor-element-be3de3c\" data-id=\"be3de3c\" data-element_type=\"column\">\n\t\t\t<div class=\"elementor-widget-wrap elementor-element-populated\">\n\t\t\t\t\t\t\t\t<div class=\"elementor-element elementor-element-eddd000 elementor-position-top elementor-widget elementor-widget-image-box\" data-id=\"eddd000\" data-element_type=\"widget\" data-widget_type=\"image-box.default\">\n\t\t\t\t<div class=\"elementor-widget-container\">\n\t\t\t<div class=\"elementor-image-box-wrapper\"><figure class=\"elementor-image-box-img\"><img loading=\"lazy\" decoding=\"async\" width=\"300\" height=\"300\" src=\"http:\/\/wordpress.schuetzenverein-boerger.de\/wordpress\/wp-content\/uploads\/2023\/08\/2003.jpg\" class=\"elementor-animation-grow attachment-full size-full wp-image-297\" alt=\"\" srcset=\"http:\/\/wordpress.schuetzenverein-boerger.de\/wordpress\/wp-content\/uploads\/2023\/08\/2003.jpg 300w, http:\/\/wordpress.schuetzenverein-boerger.de\/wordpress\/wp-content\/uploads\/2023\/08\/2003-150x150.jpg 150w\" sizes=\"auto, (max-width: 300px) 100vw, 300px\" \/><\/figure><div class=\"elementor-image-box-content\"><h3 class=\"elementor-image-box-title\">K\u00f6nigspaar 2003<\/h3><p class=\"elementor-image-box-description\">Heinz &amp; Thersia Oldiges<\/p><\/div><\/div>\t\t<\/div>\n\t\t\t\t<\/div>\n\t\t\t\t\t<\/div>\n\t\t<\/div>\n\t\t\t\t\t\t\t<\/div>\n\t\t<\/section>\n\t\t\t\t<section class=\"elementor-section elementor-inner-section elementor-element elementor-element-900fc20 elementor-section-boxed elementor-section-height-default elementor-section-height-default\" data-id=\"900fc20\" data-element_type=\"section\">\n\t\t\t\t\t\t<div class=\"elementor-container elementor-column-gap-default\">\n\t\t\t\t\t<div class=\"elementor-column elementor-col-33 elementor-inner-column elementor-element elementor-element-f03e1f9\" data-id=\"f03e1f9\" data-element_type=\"column\">\n\t\t\t<div class=\"elementor-widget-wrap elementor-element-populated\">\n\t\t\t\t\t\t\t\t<div class=\"elementor-element elementor-element-388b0a8 elementor-position-top elementor-widget elementor-widget-image-box\" data-id=\"388b0a8\" data-element_type=\"widget\" data-widget_type=\"image-box.default\">\n\t\t\t\t<div class=\"elementor-widget-container\">\n\t\t\t<div class=\"elementor-image-box-wrapper\"><figure class=\"elementor-image-box-img\"><img loading=\"lazy\" decoding=\"async\" width=\"300\" height=\"300\" src=\"http:\/\/wordpress.schuetzenverein-boerger.de\/wordpress\/wp-content\/uploads\/2023\/08\/2002.jpg\" class=\"elementor-animation-grow attachment-full size-full wp-image-302\" alt=\"\" srcset=\"http:\/\/wordpress.schuetzenverein-boerger.de\/wordpress\/wp-content\/uploads\/2023\/08\/2002.jpg 300w, http:\/\/wordpress.schuetzenverein-boerger.de\/wordpress\/wp-content\/uploads\/2023\/08\/2002-150x150.jpg 150w\" sizes=\"auto, (max-width: 300px) 100vw, 300px\" \/><\/figure><div class=\"elementor-image-box-content\"><h3 class=\"elementor-image-box-title\">K\u00f6nigspaar 2002<\/h3><p class=\"elementor-image-box-description\">Heinz &amp; Roswitha W\u00f6ste<\/p><\/div><\/div>\t\t<\/div>\n\t\t\t\t<\/div>\n\t\t\t\t\t<\/div>\n\t\t<\/div>\n\t\t\t\t<div class=\"elementor-column elementor-col-33 elementor-inner-column elementor-element elementor-element-dce7fba\" data-id=\"dce7fba\" data-element_type=\"column\">\n\t\t\t<div class=\"elementor-widget-wrap elementor-element-populated\">\n\t\t\t\t\t\t\t\t<div class=\"elementor-element elementor-element-6e35112 elementor-position-top elementor-widget elementor-widget-image-box\" data-id=\"6e35112\" data-element_type=\"widget\" data-widget_type=\"image-box.default\">\n\t\t\t\t<div class=\"elementor-widget-container\">\n\t\t\t<div class=\"elementor-image-box-wrapper\"><figure class=\"elementor-image-box-img\"><img loading=\"lazy\" decoding=\"async\" width=\"300\" height=\"300\" src=\"http:\/\/wordpress.schuetzenverein-boerger.de\/wordpress\/wp-content\/uploads\/2023\/08\/2001.jpg\" class=\"elementor-animation-grow attachment-full size-full wp-image-301\" alt=\"\" srcset=\"http:\/\/wordpress.schuetzenverein-boerger.de\/wordpress\/wp-content\/uploads\/2023\/08\/2001.jpg 300w, http:\/\/wordpress.schuetzenverein-boerger.de\/wordpress\/wp-content\/uploads\/2023\/08\/2001-150x150.jpg 150w\" sizes=\"auto, (max-width: 300px) 100vw, 300px\" \/><\/figure><div class=\"elementor-image-box-content\"><h3 class=\"elementor-image-box-title\">K\u00f6nigspaar 2001<\/h3><p class=\"elementor-image-box-description\">J\u00fcrgen Ker\u00dfens &amp; Kerstin Bruns<\/p><\/div><\/div>\t\t<\/div>\n\t\t\t\t<\/div>\n\t\t\t\t\t<\/div>\n\t\t<\/div>\n\t\t\t\t<div class=\"elementor-column elementor-col-33 elementor-inner-column elementor-element elementor-element-c3e2e70\" data-id=\"c3e2e70\" data-element_type=\"column\">\n\t\t\t<div class=\"elementor-widget-wrap elementor-element-populated\">\n\t\t\t\t\t\t\t\t<div class=\"elementor-element elementor-element-c5e5b6d elementor-position-top elementor-widget elementor-widget-image-box\" data-id=\"c5e5b6d\" data-element_type=\"widget\" data-widget_type=\"image-box.default\">\n\t\t\t\t<div class=\"elementor-widget-container\">\n\t\t\t<div class=\"elementor-image-box-wrapper\"><figure class=\"elementor-image-box-img\"><img loading=\"lazy\" decoding=\"async\" width=\"300\" height=\"300\" src=\"http:\/\/wordpress.schuetzenverein-boerger.de\/wordpress\/wp-content\/uploads\/2023\/08\/2000.jpg\" class=\"elementor-animation-grow attachment-full size-full wp-image-300\" alt=\"\" srcset=\"http:\/\/wordpress.schuetzenverein-boerger.de\/wordpress\/wp-content\/uploads\/2023\/08\/2000.jpg 300w, http:\/\/wordpress.schuetzenverein-boerger.de\/wordpress\/wp-content\/uploads\/2023\/08\/2000-150x150.jpg 150w\" sizes=\"auto, (max-width: 300px) 100vw, 300px\" \/><\/figure><div class=\"elementor-image-box-content\"><h3 class=\"elementor-image-box-title\">K\u00f6nigspaar 2000<\/h3><p class=\"elementor-image-box-description\">Kurt &amp; Gertrud Kuchta<\/p><\/div><\/div>\t\t<\/div>\n\t\t\t\t<\/div>\n\t\t\t\t\t<\/div>\n\t\t<\/div>\n\t\t\t\t\t\t\t<\/div>\n\t\t<\/section>\n\t\t\t\t\t<\/div>\n\t\t<\/div>\n\t\t\t\t\t\t\t<\/div>\n\t\t<\/section>\n\t\t\t\t<section class=\"elementor-section elementor-top-section elementor-element elementor-element-21b49f3 elementor-section-boxed elementor-section-height-default elementor-section-height-default\" data-id=\"21b49f3\" data-element_type=\"section\">\n\t\t\t\t\t\t<div class=\"elementor-container elementor-column-gap-default\">\n\t\t\t\t\t<div class=\"elementor-column elementor-col-20 elementor-top-column elementor-element elementor-element-b386258\" data-id=\"b386258\" data-element_type=\"column\">\n\t\t\t<div class=\"elementor-widget-wrap elementor-element-populated\">\n\t\t\t\t\t\t\t\t<div class=\"elementor-element elementor-element-d2dbe7a elementor-position-top elementor-widget elementor-widget-image-box\" data-id=\"d2dbe7a\" data-element_type=\"widget\" data-widget_type=\"image-box.default\">\n\t\t\t\t<div class=\"elementor-widget-container\">\n\t\t\t<div class=\"elementor-image-box-wrapper\"><figure class=\"elementor-image-box-img\"><img loading=\"lazy\" decoding=\"async\" width=\"150\" height=\"150\" src=\"http:\/\/wordpress.schuetzenverein-boerger.de\/wordpress\/wp-content\/uploads\/2023\/08\/1999-150x150.jpg\" class=\"elementor-animation-grow attachment-thumbnail size-thumbnail wp-image-307\" alt=\"\" srcset=\"http:\/\/wordpress.schuetzenverein-boerger.de\/wordpress\/wp-content\/uploads\/2023\/08\/1999-150x150.jpg 150w, http:\/\/wordpress.schuetzenverein-boerger.de\/wordpress\/wp-content\/uploads\/2023\/08\/1999.jpg 300w\" sizes=\"auto, (max-width: 150px) 100vw, 150px\" \/><\/figure><div class=\"elementor-image-box-content\"><h3 class=\"elementor-image-box-title\">K\u00f6nigspaar 1999<\/h3><p class=\"elementor-image-box-description\">Hans-Hermann &amp; <br>Anneliese Kronabel<\/p><\/div><\/div>\t\t<\/div>\n\t\t\t\t<\/div>\n\t\t\t\t\t<\/div>\n\t\t<\/div>\n\t\t\t\t<div class=\"elementor-column elementor-col-20 elementor-top-column elementor-element elementor-element-02a7787\" data-id=\"02a7787\" data-element_type=\"column\">\n\t\t\t<div class=\"elementor-widget-wrap elementor-element-populated\">\n\t\t\t\t\t\t\t\t<div class=\"elementor-element elementor-element-ab290c5 elementor-position-top elementor-widget elementor-widget-image-box\" data-id=\"ab290c5\" data-element_type=\"widget\" data-widget_type=\"image-box.default\">\n\t\t\t\t<div class=\"elementor-widget-container\">\n\t\t\t<div class=\"elementor-image-box-wrapper\"><figure class=\"elementor-image-box-img\"><img loading=\"lazy\" decoding=\"async\" width=\"150\" height=\"150\" src=\"http:\/\/wordpress.schuetzenverein-boerger.de\/wordpress\/wp-content\/uploads\/2023\/08\/1998-150x150.jpg\" class=\"elementor-animation-grow attachment-thumbnail size-thumbnail wp-image-306\" alt=\"\" srcset=\"http:\/\/wordpress.schuetzenverein-boerger.de\/wordpress\/wp-content\/uploads\/2023\/08\/1998-150x150.jpg 150w, http:\/\/wordpress.schuetzenverein-boerger.de\/wordpress\/wp-content\/uploads\/2023\/08\/1998.jpg 300w\" sizes=\"auto, (max-width: 150px) 100vw, 150px\" \/><\/figure><div class=\"elementor-image-box-content\"><h3 class=\"elementor-image-box-title\">K\u00f6nigspaar 1998<\/h3><p class=\"elementor-image-box-description\">Hans &amp; Hedwig Ruhsland<\/p><\/div><\/div>\t\t<\/div>\n\t\t\t\t<\/div>\n\t\t\t\t\t<\/div>\n\t\t<\/div>\n\t\t\t\t<div class=\"elementor-column elementor-col-20 elementor-top-column elementor-element elementor-element-3f95b4b\" data-id=\"3f95b4b\" data-element_type=\"column\">\n\t\t\t<div class=\"elementor-widget-wrap elementor-element-populated\">\n\t\t\t\t\t\t\t\t<div class=\"elementor-element elementor-element-83e1cc8 elementor-position-top elementor-widget elementor-widget-image-box\" data-id=\"83e1cc8\" data-element_type=\"widget\" data-widget_type=\"image-box.default\">\n\t\t\t\t<div class=\"elementor-widget-container\">\n\t\t\t<div class=\"elementor-image-box-wrapper\"><figure class=\"elementor-image-box-img\"><img loading=\"lazy\" decoding=\"async\" width=\"150\" height=\"150\" src=\"http:\/\/wordpress.schuetzenverein-boerger.de\/wordpress\/wp-content\/uploads\/2023\/08\/1997-150x150.jpg\" class=\"elementor-animation-grow attachment-thumbnail size-thumbnail wp-image-305\" alt=\"\" srcset=\"http:\/\/wordpress.schuetzenverein-boerger.de\/wordpress\/wp-content\/uploads\/2023\/08\/1997-150x150.jpg 150w, http:\/\/wordpress.schuetzenverein-boerger.de\/wordpress\/wp-content\/uploads\/2023\/08\/1997.jpg 300w\" sizes=\"auto, (max-width: 150px) 100vw, 150px\" \/><\/figure><div class=\"elementor-image-box-content\"><h3 class=\"elementor-image-box-title\">K\u00f6nigspaar 1997<\/h3><p class=\"elementor-image-box-description\">Hermann &amp; Gerda T\u00f6bben<\/p><\/div><\/div>\t\t<\/div>\n\t\t\t\t<\/div>\n\t\t\t\t\t<\/div>\n\t\t<\/div>\n\t\t\t\t<div class=\"elementor-column elementor-col-20 elementor-top-column elementor-element elementor-element-589a45c\" data-id=\"589a45c\" data-element_type=\"column\">\n\t\t\t<div class=\"elementor-widget-wrap elementor-element-populated\">\n\t\t\t\t\t\t\t\t<div class=\"elementor-element elementor-element-c85c94b elementor-position-top elementor-widget elementor-widget-image-box\" data-id=\"c85c94b\" data-element_type=\"widget\" data-widget_type=\"image-box.default\">\n\t\t\t\t<div class=\"elementor-widget-container\">\n\t\t\t<div class=\"elementor-image-box-wrapper\"><figure class=\"elementor-image-box-img\"><img loading=\"lazy\" decoding=\"async\" width=\"150\" height=\"150\" src=\"http:\/\/wordpress.schuetzenverein-boerger.de\/wordpress\/wp-content\/uploads\/2023\/08\/1996-150x150.jpg\" class=\"elementor-animation-grow attachment-thumbnail size-thumbnail wp-image-304\" alt=\"\" srcset=\"http:\/\/wordpress.schuetzenverein-boerger.de\/wordpress\/wp-content\/uploads\/2023\/08\/1996-150x150.jpg 150w, http:\/\/wordpress.schuetzenverein-boerger.de\/wordpress\/wp-content\/uploads\/2023\/08\/1996.jpg 300w\" sizes=\"auto, (max-width: 150px) 100vw, 150px\" \/><\/figure><div class=\"elementor-image-box-content\"><h3 class=\"elementor-image-box-title\">K\u00f6nigspaar 1996<\/h3><p class=\"elementor-image-box-description\">Helmut Gerdes &amp; <br>Alexandra Diehm<\/p><\/div><\/div>\t\t<\/div>\n\t\t\t\t<\/div>\n\t\t\t\t\t<\/div>\n\t\t<\/div>\n\t\t\t\t<div class=\"elementor-column elementor-col-20 elementor-top-column elementor-element elementor-element-30d6a75\" data-id=\"30d6a75\" data-element_type=\"column\">\n\t\t\t<div class=\"elementor-widget-wrap elementor-element-populated\">\n\t\t\t\t\t\t\t\t<div class=\"elementor-element elementor-element-d5dc67d elementor-position-top elementor-widget elementor-widget-image-box\" data-id=\"d5dc67d\" data-element_type=\"widget\" data-widget_type=\"image-box.default\">\n\t\t\t\t<div class=\"elementor-widget-container\">\n\t\t\t<div class=\"elementor-image-box-wrapper\"><figure class=\"elementor-image-box-img\"><img loading=\"lazy\" decoding=\"async\" width=\"150\" height=\"150\" src=\"http:\/\/wordpress.schuetzenverein-boerger.de\/wordpress\/wp-content\/uploads\/2023\/08\/1995-150x150.jpg\" class=\"elementor-animation-grow attachment-thumbnail size-thumbnail wp-image-303\" alt=\"\" srcset=\"http:\/\/wordpress.schuetzenverein-boerger.de\/wordpress\/wp-content\/uploads\/2023\/08\/1995-150x150.jpg 150w, http:\/\/wordpress.schuetzenverein-boerger.de\/wordpress\/wp-content\/uploads\/2023\/08\/1995.jpg 300w\" sizes=\"auto, (max-width: 150px) 100vw, 150px\" \/><\/figure><div class=\"elementor-image-box-content\"><h3 class=\"elementor-image-box-title\">K\u00f6nigspaar 1995<\/h3><p class=\"elementor-image-box-description\">Heinz &amp; Christa Schomakers<\/p><\/div><\/div>\t\t<\/div>\n\t\t\t\t<\/div>\n\t\t\t\t\t<\/div>\n\t\t<\/div>\n\t\t\t\t\t\t\t<\/div>\n\t\t<\/section>\n\t\t\t\t<section class=\"elementor-section elementor-top-section elementor-element elementor-element-103d789 elementor-section-boxed elementor-section-height-default elementor-section-height-default\" data-id=\"103d789\" data-element_type=\"section\">\n\t\t\t\t\t\t<div class=\"elementor-container elementor-column-gap-default\">\n\t\t\t\t\t<div class=\"elementor-column elementor-col-20 elementor-top-column elementor-element elementor-element-dee63fc\" data-id=\"dee63fc\" data-element_type=\"column\">\n\t\t\t<div class=\"elementor-widget-wrap elementor-element-populated\">\n\t\t\t\t\t\t\t\t<div class=\"elementor-element elementor-element-89f2840 elementor-position-top elementor-widget elementor-widget-image-box\" data-id=\"89f2840\" data-element_type=\"widget\" data-widget_type=\"image-box.default\">\n\t\t\t\t<div class=\"elementor-widget-container\">\n\t\t\t<div class=\"elementor-image-box-wrapper\"><figure class=\"elementor-image-box-img\"><img loading=\"lazy\" decoding=\"async\" width=\"150\" height=\"150\" src=\"http:\/\/wordpress.schuetzenverein-boerger.de\/wordpress\/wp-content\/uploads\/2023\/08\/1994-150x150.jpg\" class=\"elementor-animation-grow attachment-thumbnail size-thumbnail wp-image-315\" alt=\"\" srcset=\"http:\/\/wordpress.schuetzenverein-boerger.de\/wordpress\/wp-content\/uploads\/2023\/08\/1994-150x150.jpg 150w, http:\/\/wordpress.schuetzenverein-boerger.de\/wordpress\/wp-content\/uploads\/2023\/08\/1994.jpg 300w\" sizes=\"auto, (max-width: 150px) 100vw, 150px\" \/><\/figure><div class=\"elementor-image-box-content\"><h3 class=\"elementor-image-box-title\">K\u00f6nigspaar 1994<\/h3><p class=\"elementor-image-box-description\">Heiner &amp; Elisabeth Stevens<\/p><\/div><\/div>\t\t<\/div>\n\t\t\t\t<\/div>\n\t\t\t\t\t<\/div>\n\t\t<\/div>\n\t\t\t\t<div class=\"elementor-column elementor-col-20 elementor-top-column elementor-element elementor-element-c7dc70f\" data-id=\"c7dc70f\" data-element_type=\"column\">\n\t\t\t<div class=\"elementor-widget-wrap elementor-element-populated\">\n\t\t\t\t\t\t\t\t<div class=\"elementor-element elementor-element-3b26b6f elementor-position-top elementor-widget elementor-widget-image-box\" data-id=\"3b26b6f\" data-element_type=\"widget\" data-widget_type=\"image-box.default\">\n\t\t\t\t<div class=\"elementor-widget-container\">\n\t\t\t<div class=\"elementor-image-box-wrapper\"><figure class=\"elementor-image-box-img\"><img loading=\"lazy\" decoding=\"async\" width=\"150\" height=\"150\" src=\"http:\/\/wordpress.schuetzenverein-boerger.de\/wordpress\/wp-content\/uploads\/2023\/08\/1993-150x150.jpg\" class=\"elementor-animation-grow attachment-thumbnail size-thumbnail wp-image-314\" alt=\"\" srcset=\"http:\/\/wordpress.schuetzenverein-boerger.de\/wordpress\/wp-content\/uploads\/2023\/08\/1993-150x150.jpg 150w, http:\/\/wordpress.schuetzenverein-boerger.de\/wordpress\/wp-content\/uploads\/2023\/08\/1993.jpg 300w\" sizes=\"auto, (max-width: 150px) 100vw, 150px\" \/><\/figure><div class=\"elementor-image-box-content\"><h3 class=\"elementor-image-box-title\">K\u00f6nigspaar 1993<\/h3><p class=\"elementor-image-box-description\">Heinz &amp; Christa Sch\u00fcrmann<\/p><\/div><\/div>\t\t<\/div>\n\t\t\t\t<\/div>\n\t\t\t\t\t<\/div>\n\t\t<\/div>\n\t\t\t\t<div class=\"elementor-column elementor-col-20 elementor-top-column elementor-element elementor-element-0114192\" data-id=\"0114192\" data-element_type=\"column\">\n\t\t\t<div class=\"elementor-widget-wrap elementor-element-populated\">\n\t\t\t\t\t\t\t\t<div class=\"elementor-element elementor-element-4e25ba9 elementor-position-top elementor-widget elementor-widget-image-box\" data-id=\"4e25ba9\" data-element_type=\"widget\" data-widget_type=\"image-box.default\">\n\t\t\t\t<div class=\"elementor-widget-container\">\n\t\t\t<div class=\"elementor-image-box-wrapper\"><figure class=\"elementor-image-box-img\"><img loading=\"lazy\" decoding=\"async\" width=\"150\" height=\"150\" src=\"http:\/\/wordpress.schuetzenverein-boerger.de\/wordpress\/wp-content\/uploads\/2023\/08\/1992-150x150.jpg\" class=\"elementor-animation-grow attachment-thumbnail size-thumbnail wp-image-313\" alt=\"\" srcset=\"http:\/\/wordpress.schuetzenverein-boerger.de\/wordpress\/wp-content\/uploads\/2023\/08\/1992-150x150.jpg 150w, http:\/\/wordpress.schuetzenverein-boerger.de\/wordpress\/wp-content\/uploads\/2023\/08\/1992.jpg 300w\" sizes=\"auto, (max-width: 150px) 100vw, 150px\" \/><\/figure><div class=\"elementor-image-box-content\"><h3 class=\"elementor-image-box-title\">K\u00f6nigspaar 1992<\/h3><p class=\"elementor-image-box-description\">Georg &amp; Agnes Kenning<\/p><\/div><\/div>\t\t<\/div>\n\t\t\t\t<\/div>\n\t\t\t\t\t<\/div>\n\t\t<\/div>\n\t\t\t\t<div class=\"elementor-column elementor-col-20 elementor-top-column elementor-element elementor-element-2597860\" data-id=\"2597860\" data-element_type=\"column\">\n\t\t\t<div class=\"elementor-widget-wrap elementor-element-populated\">\n\t\t\t\t\t\t\t\t<div class=\"elementor-element elementor-element-489d734 elementor-position-top elementor-widget elementor-widget-image-box\" data-id=\"489d734\" data-element_type=\"widget\" data-widget_type=\"image-box.default\">\n\t\t\t\t<div class=\"elementor-widget-container\">\n\t\t\t<div class=\"elementor-image-box-wrapper\"><figure class=\"elementor-image-box-img\"><img loading=\"lazy\" decoding=\"async\" width=\"150\" height=\"150\" src=\"http:\/\/wordpress.schuetzenverein-boerger.de\/wordpress\/wp-content\/uploads\/2023\/08\/1991-150x150.jpg\" class=\"elementor-animation-grow attachment-thumbnail size-thumbnail wp-image-312\" alt=\"\" srcset=\"http:\/\/wordpress.schuetzenverein-boerger.de\/wordpress\/wp-content\/uploads\/2023\/08\/1991-150x150.jpg 150w, http:\/\/wordpress.schuetzenverein-boerger.de\/wordpress\/wp-content\/uploads\/2023\/08\/1991.jpg 300w\" sizes=\"auto, (max-width: 150px) 100vw, 150px\" \/><\/figure><div class=\"elementor-image-box-content\"><h3 class=\"elementor-image-box-title\">K\u00f6nigspaar 1991<\/h3><p class=\"elementor-image-box-description\">Karl &amp; Helene Reisige<\/p><\/div><\/div>\t\t<\/div>\n\t\t\t\t<\/div>\n\t\t\t\t\t<\/div>\n\t\t<\/div>\n\t\t\t\t<div class=\"elementor-column elementor-col-20 elementor-top-column elementor-element elementor-element-29b75c3\" data-id=\"29b75c3\" data-element_type=\"column\">\n\t\t\t<div class=\"elementor-widget-wrap elementor-element-populated\">\n\t\t\t\t\t\t\t\t<div class=\"elementor-element elementor-element-7b94e72 elementor-position-top elementor-widget elementor-widget-image-box\" data-id=\"7b94e72\" data-element_type=\"widget\" data-widget_type=\"image-box.default\">\n\t\t\t\t<div class=\"elementor-widget-container\">\n\t\t\t<div class=\"elementor-image-box-wrapper\"><figure class=\"elementor-image-box-img\"><img loading=\"lazy\" decoding=\"async\" width=\"150\" height=\"150\" src=\"http:\/\/wordpress.schuetzenverein-boerger.de\/wordpress\/wp-content\/uploads\/2023\/08\/1990-150x150.jpg\" class=\"elementor-animation-grow attachment-thumbnail size-thumbnail wp-image-311\" alt=\"\" srcset=\"http:\/\/wordpress.schuetzenverein-boerger.de\/wordpress\/wp-content\/uploads\/2023\/08\/1990-150x150.jpg 150w, http:\/\/wordpress.schuetzenverein-boerger.de\/wordpress\/wp-content\/uploads\/2023\/08\/1990.jpg 300w\" sizes=\"auto, (max-width: 150px) 100vw, 150px\" \/><\/figure><div class=\"elementor-image-box-content\"><h3 class=\"elementor-image-box-title\">K\u00f6nigspaar 1990<\/h3><p class=\"elementor-image-box-description\">Hans &amp; Maria Schwarte<\/p><\/div><\/div>\t\t<\/div>\n\t\t\t\t<\/div>\n\t\t\t\t\t<\/div>\n\t\t<\/div>\n\t\t\t\t\t\t\t<\/div>\n\t\t<\/section>\n\t\t\t\t<section class=\"elementor-section elementor-top-section elementor-element elementor-element-f63b1d5 elementor-section-boxed elementor-section-height-default elementor-section-height-default\" data-id=\"f63b1d5\" data-element_type=\"section\">\n\t\t\t\t\t\t<div class=\"elementor-container elementor-column-gap-default\">\n\t\t\t\t\t<div class=\"elementor-column elementor-col-20 elementor-top-column elementor-element elementor-element-b8aadcf\" data-id=\"b8aadcf\" data-element_type=\"column\">\n\t\t\t<div class=\"elementor-widget-wrap elementor-element-populated\">\n\t\t\t\t\t\t\t\t<div class=\"elementor-element elementor-element-932028c elementor-position-top elementor-widget elementor-widget-image-box\" data-id=\"932028c\" data-element_type=\"widget\" data-widget_type=\"image-box.default\">\n\t\t\t\t<div class=\"elementor-widget-container\">\n\t\t\t<div class=\"elementor-image-box-wrapper\"><figure class=\"elementor-image-box-img\"><img loading=\"lazy\" decoding=\"async\" width=\"150\" height=\"150\" src=\"http:\/\/wordpress.schuetzenverein-boerger.de\/wordpress\/wp-content\/uploads\/2023\/08\/1989-150x150.jpg\" class=\"elementor-animation-grow attachment-thumbnail size-thumbnail wp-image-317\" alt=\"\" srcset=\"http:\/\/wordpress.schuetzenverein-boerger.de\/wordpress\/wp-content\/uploads\/2023\/08\/1989-150x150.jpg 150w, http:\/\/wordpress.schuetzenverein-boerger.de\/wordpress\/wp-content\/uploads\/2023\/08\/1989.jpg 300w\" sizes=\"auto, (max-width: 150px) 100vw, 150px\" \/><\/figure><div class=\"elementor-image-box-content\"><h3 class=\"elementor-image-box-title\">K\u00f6nigspaar 1989<\/h3><p class=\"elementor-image-box-description\">Alois &amp; Josefa Hukelmann<\/p><\/div><\/div>\t\t<\/div>\n\t\t\t\t<\/div>\n\t\t\t\t\t<\/div>\n\t\t<\/div>\n\t\t\t\t<div class=\"elementor-column elementor-col-20 elementor-top-column elementor-element elementor-element-5963c34\" data-id=\"5963c34\" data-element_type=\"column\">\n\t\t\t<div class=\"elementor-widget-wrap elementor-element-populated\">\n\t\t\t\t\t\t\t\t<div class=\"elementor-element elementor-element-2d864c9 elementor-position-top elementor-widget elementor-widget-image-box\" data-id=\"2d864c9\" data-element_type=\"widget\" data-widget_type=\"image-box.default\">\n\t\t\t\t<div class=\"elementor-widget-container\">\n\t\t\t<div class=\"elementor-image-box-wrapper\"><figure class=\"elementor-image-box-img\"><img loading=\"lazy\" decoding=\"async\" width=\"150\" height=\"150\" src=\"http:\/\/wordpress.schuetzenverein-boerger.de\/wordpress\/wp-content\/uploads\/2023\/08\/1988-150x150.jpg\" class=\"elementor-animation-grow attachment-thumbnail size-thumbnail wp-image-326\" alt=\"\" srcset=\"http:\/\/wordpress.schuetzenverein-boerger.de\/wordpress\/wp-content\/uploads\/2023\/08\/1988-150x150.jpg 150w, http:\/\/wordpress.schuetzenverein-boerger.de\/wordpress\/wp-content\/uploads\/2023\/08\/1988.jpg 300w\" sizes=\"auto, (max-width: 150px) 100vw, 150px\" \/><\/figure><div class=\"elementor-image-box-content\"><h3 class=\"elementor-image-box-title\">K\u00f6nigspaar 1988<\/h3><p class=\"elementor-image-box-description\">Klaus &amp; Marlies Fleer<\/p><\/div><\/div>\t\t<\/div>\n\t\t\t\t<\/div>\n\t\t\t\t\t<\/div>\n\t\t<\/div>\n\t\t\t\t<div class=\"elementor-column elementor-col-20 elementor-top-column elementor-element elementor-element-8c1165b\" data-id=\"8c1165b\" data-element_type=\"column\">\n\t\t\t<div class=\"elementor-widget-wrap elementor-element-populated\">\n\t\t\t\t\t\t\t\t<div class=\"elementor-element elementor-element-b54e251 elementor-position-top elementor-widget elementor-widget-image-box\" data-id=\"b54e251\" data-element_type=\"widget\" data-widget_type=\"image-box.default\">\n\t\t\t\t<div class=\"elementor-widget-container\">\n\t\t\t<div class=\"elementor-image-box-wrapper\"><figure class=\"elementor-image-box-img\"><img loading=\"lazy\" decoding=\"async\" width=\"150\" height=\"150\" src=\"http:\/\/wordpress.schuetzenverein-boerger.de\/wordpress\/wp-content\/uploads\/2023\/08\/1987-150x150.jpg\" class=\"elementor-animation-grow attachment-thumbnail size-thumbnail wp-image-325\" alt=\"\" srcset=\"http:\/\/wordpress.schuetzenverein-boerger.de\/wordpress\/wp-content\/uploads\/2023\/08\/1987-150x150.jpg 150w, http:\/\/wordpress.schuetzenverein-boerger.de\/wordpress\/wp-content\/uploads\/2023\/08\/1987.jpg 300w\" sizes=\"auto, (max-width: 150px) 100vw, 150px\" \/><\/figure><div class=\"elementor-image-box-content\"><h3 class=\"elementor-image-box-title\">K\u00f6nigspaar 1987<\/h3><p class=\"elementor-image-box-description\">Dieter &amp; Elsbeth Wessels<\/p><\/div><\/div>\t\t<\/div>\n\t\t\t\t<\/div>\n\t\t\t\t\t<\/div>\n\t\t<\/div>\n\t\t\t\t<div class=\"elementor-column elementor-col-20 elementor-top-column elementor-element elementor-element-bfdfe02\" data-id=\"bfdfe02\" data-element_type=\"column\">\n\t\t\t<div class=\"elementor-widget-wrap elementor-element-populated\">\n\t\t\t\t\t\t\t\t<div class=\"elementor-element elementor-element-7e9e7f7 elementor-position-top elementor-widget elementor-widget-image-box\" data-id=\"7e9e7f7\" data-element_type=\"widget\" data-widget_type=\"image-box.default\">\n\t\t\t\t<div class=\"elementor-widget-container\">\n\t\t\t<div class=\"elementor-image-box-wrapper\"><figure class=\"elementor-image-box-img\"><img loading=\"lazy\" decoding=\"async\" width=\"150\" height=\"150\" src=\"http:\/\/wordpress.schuetzenverein-boerger.de\/wordpress\/wp-content\/uploads\/2023\/08\/1986-150x150.jpg\" class=\"elementor-animation-grow attachment-thumbnail size-thumbnail wp-image-324\" alt=\"\" srcset=\"http:\/\/wordpress.schuetzenverein-boerger.de\/wordpress\/wp-content\/uploads\/2023\/08\/1986-150x150.jpg 150w, http:\/\/wordpress.schuetzenverein-boerger.de\/wordpress\/wp-content\/uploads\/2023\/08\/1986.jpg 300w\" sizes=\"auto, (max-width: 150px) 100vw, 150px\" \/><\/figure><div class=\"elementor-image-box-content\"><h3 class=\"elementor-image-box-title\">K\u00f6nigspaar 1986<\/h3><p class=\"elementor-image-box-description\">Hans &amp; Elisabeth L\u00fccking<\/p><\/div><\/div>\t\t<\/div>\n\t\t\t\t<\/div>\n\t\t\t\t\t<\/div>\n\t\t<\/div>\n\t\t\t\t<div class=\"elementor-column elementor-col-20 elementor-top-column elementor-element elementor-element-aa9aa81\" data-id=\"aa9aa81\" data-element_type=\"column\">\n\t\t\t<div class=\"elementor-widget-wrap elementor-element-populated\">\n\t\t\t\t\t\t\t\t<div class=\"elementor-element elementor-element-9663f69 elementor-position-top elementor-widget elementor-widget-image-box\" data-id=\"9663f69\" data-element_type=\"widget\" data-widget_type=\"image-box.default\">\n\t\t\t\t<div class=\"elementor-widget-container\">\n\t\t\t<div class=\"elementor-image-box-wrapper\"><figure class=\"elementor-image-box-img\"><img loading=\"lazy\" decoding=\"async\" width=\"150\" height=\"150\" src=\"http:\/\/wordpress.schuetzenverein-boerger.de\/wordpress\/wp-content\/uploads\/2023\/08\/1985-150x150.jpg\" class=\"elementor-animation-grow attachment-thumbnail size-thumbnail wp-image-323\" alt=\"\" srcset=\"http:\/\/wordpress.schuetzenverein-boerger.de\/wordpress\/wp-content\/uploads\/2023\/08\/1985-150x150.jpg 150w, http:\/\/wordpress.schuetzenverein-boerger.de\/wordpress\/wp-content\/uploads\/2023\/08\/1985.jpg 300w\" sizes=\"auto, (max-width: 150px) 100vw, 150px\" \/><\/figure><div class=\"elementor-image-box-content\"><h3 class=\"elementor-image-box-title\">K\u00f6nigspaar 1985<\/h3><p class=\"elementor-image-box-description\">Albert &amp; Anni Korte<\/p><\/div><\/div>\t\t<\/div>\n\t\t\t\t<\/div>\n\t\t\t\t\t<\/div>\n\t\t<\/div>\n\t\t\t\t\t\t\t<\/div>\n\t\t<\/section>\n\t\t\t\t<section class=\"elementor-section elementor-top-section elementor-element elementor-element-a492fbb elementor-section-boxed elementor-section-height-default elementor-section-height-default\" data-id=\"a492fbb\" data-element_type=\"section\">\n\t\t\t\t\t\t<div class=\"elementor-container elementor-column-gap-default\">\n\t\t\t\t\t<div class=\"elementor-column elementor-col-20 elementor-top-column elementor-element elementor-element-ea6382c\" data-id=\"ea6382c\" data-element_type=\"column\">\n\t\t\t<div class=\"elementor-widget-wrap elementor-element-populated\">\n\t\t\t\t\t\t\t\t<div class=\"elementor-element elementor-element-25ed3a9 elementor-position-top elementor-widget elementor-widget-image-box\" data-id=\"25ed3a9\" data-element_type=\"widget\" data-widget_type=\"image-box.default\">\n\t\t\t\t<div class=\"elementor-widget-container\">\n\t\t\t<div class=\"elementor-image-box-wrapper\"><figure class=\"elementor-image-box-img\"><img loading=\"lazy\" decoding=\"async\" width=\"150\" height=\"150\" src=\"http:\/\/wordpress.schuetzenverein-boerger.de\/wordpress\/wp-content\/uploads\/2023\/08\/1984-150x150.jpg\" class=\"elementor-animation-grow attachment-thumbnail size-thumbnail wp-image-322\" alt=\"\" srcset=\"http:\/\/wordpress.schuetzenverein-boerger.de\/wordpress\/wp-content\/uploads\/2023\/08\/1984-150x150.jpg 150w, http:\/\/wordpress.schuetzenverein-boerger.de\/wordpress\/wp-content\/uploads\/2023\/08\/1984.jpg 300w\" sizes=\"auto, (max-width: 150px) 100vw, 150px\" \/><\/figure><div class=\"elementor-image-box-content\"><h3 class=\"elementor-image-box-title\">K\u00f6nigspaar 1984<\/h3><p class=\"elementor-image-box-description\">Klaus &amp; Christa D\u00fcttmann<\/p><\/div><\/div>\t\t<\/div>\n\t\t\t\t<\/div>\n\t\t\t\t\t<\/div>\n\t\t<\/div>\n\t\t\t\t<div class=\"elementor-column elementor-col-20 elementor-top-column elementor-element elementor-element-9a2a76e\" data-id=\"9a2a76e\" data-element_type=\"column\">\n\t\t\t<div class=\"elementor-widget-wrap elementor-element-populated\">\n\t\t\t\t\t\t\t\t<div class=\"elementor-element elementor-element-e4da50b elementor-position-top elementor-widget elementor-widget-image-box\" data-id=\"e4da50b\" data-element_type=\"widget\" data-widget_type=\"image-box.default\">\n\t\t\t\t<div class=\"elementor-widget-container\">\n\t\t\t<div class=\"elementor-image-box-wrapper\"><figure class=\"elementor-image-box-img\"><img loading=\"lazy\" decoding=\"async\" width=\"150\" height=\"150\" src=\"http:\/\/wordpress.schuetzenverein-boerger.de\/wordpress\/wp-content\/uploads\/2023\/08\/1983-150x150.jpg\" class=\"elementor-animation-grow attachment-thumbnail size-thumbnail wp-image-321\" alt=\"\" srcset=\"http:\/\/wordpress.schuetzenverein-boerger.de\/wordpress\/wp-content\/uploads\/2023\/08\/1983-150x150.jpg 150w, http:\/\/wordpress.schuetzenverein-boerger.de\/wordpress\/wp-content\/uploads\/2023\/08\/1983.jpg 300w\" sizes=\"auto, (max-width: 150px) 100vw, 150px\" \/><\/figure><div class=\"elementor-image-box-content\"><h3 class=\"elementor-image-box-title\">K\u00f6nigspaar 1983<\/h3><p class=\"elementor-image-box-description\">Lukas &amp; Maria Jansen<\/p><\/div><\/div>\t\t<\/div>\n\t\t\t\t<\/div>\n\t\t\t\t\t<\/div>\n\t\t<\/div>\n\t\t\t\t<div class=\"elementor-column elementor-col-20 elementor-top-column elementor-element elementor-element-bfc4c62\" data-id=\"bfc4c62\" data-element_type=\"column\">\n\t\t\t<div class=\"elementor-widget-wrap elementor-element-populated\">\n\t\t\t\t\t\t\t\t<div class=\"elementor-element elementor-element-fed3d0c elementor-position-top elementor-widget elementor-widget-image-box\" data-id=\"fed3d0c\" data-element_type=\"widget\" data-widget_type=\"image-box.default\">\n\t\t\t\t<div class=\"elementor-widget-container\">\n\t\t\t<div class=\"elementor-image-box-wrapper\"><figure class=\"elementor-image-box-img\"><img loading=\"lazy\" decoding=\"async\" width=\"150\" height=\"150\" src=\"http:\/\/wordpress.schuetzenverein-boerger.de\/wordpress\/wp-content\/uploads\/2023\/08\/1982-150x150.jpg\" class=\"elementor-animation-grow attachment-thumbnail size-thumbnail wp-image-320\" alt=\"\" srcset=\"http:\/\/wordpress.schuetzenverein-boerger.de\/wordpress\/wp-content\/uploads\/2023\/08\/1982-150x150.jpg 150w, http:\/\/wordpress.schuetzenverein-boerger.de\/wordpress\/wp-content\/uploads\/2023\/08\/1982.jpg 300w\" sizes=\"auto, (max-width: 150px) 100vw, 150px\" \/><\/figure><div class=\"elementor-image-box-content\"><h3 class=\"elementor-image-box-title\">K\u00f6nigspaar 1982<\/h3><p class=\"elementor-image-box-description\">Gerhard &amp; Thekla W\u00f6ste<\/p><\/div><\/div>\t\t<\/div>\n\t\t\t\t<\/div>\n\t\t\t\t\t<\/div>\n\t\t<\/div>\n\t\t\t\t<div class=\"elementor-column elementor-col-20 elementor-top-column elementor-element elementor-element-2c27bd8\" data-id=\"2c27bd8\" data-element_type=\"column\">\n\t\t\t<div class=\"elementor-widget-wrap elementor-element-populated\">\n\t\t\t\t\t\t\t\t<div class=\"elementor-element elementor-element-8fe9a83 elementor-position-top elementor-widget elementor-widget-image-box\" data-id=\"8fe9a83\" data-element_type=\"widget\" data-widget_type=\"image-box.default\">\n\t\t\t\t<div class=\"elementor-widget-container\">\n\t\t\t<div class=\"elementor-image-box-wrapper\"><figure class=\"elementor-image-box-img\"><img loading=\"lazy\" decoding=\"async\" width=\"150\" height=\"150\" src=\"http:\/\/wordpress.schuetzenverein-boerger.de\/wordpress\/wp-content\/uploads\/2023\/08\/1981-150x150.jpg\" class=\"elementor-animation-grow attachment-thumbnail size-thumbnail wp-image-319\" alt=\"\" srcset=\"http:\/\/wordpress.schuetzenverein-boerger.de\/wordpress\/wp-content\/uploads\/2023\/08\/1981-150x150.jpg 150w, http:\/\/wordpress.schuetzenverein-boerger.de\/wordpress\/wp-content\/uploads\/2023\/08\/1981.jpg 300w\" sizes=\"auto, (max-width: 150px) 100vw, 150px\" \/><\/figure><div class=\"elementor-image-box-content\"><h3 class=\"elementor-image-box-title\">K\u00f6nigspaar 1981<\/h3><p class=\"elementor-image-box-description\">Hermann &amp; Gerda Rekers<\/p><\/div><\/div>\t\t<\/div>\n\t\t\t\t<\/div>\n\t\t\t\t\t<\/div>\n\t\t<\/div>\n\t\t\t\t<div class=\"elementor-column elementor-col-20 elementor-top-column elementor-element elementor-element-9c5e6f5\" data-id=\"9c5e6f5\" data-element_type=\"column\">\n\t\t\t<div class=\"elementor-widget-wrap elementor-element-populated\">\n\t\t\t\t\t\t\t\t<div class=\"elementor-element elementor-element-a9cc0f1 elementor-position-top elementor-widget elementor-widget-image-box\" data-id=\"a9cc0f1\" data-element_type=\"widget\" data-widget_type=\"image-box.default\">\n\t\t\t\t<div class=\"elementor-widget-container\">\n\t\t\t<div class=\"elementor-image-box-wrapper\"><figure class=\"elementor-image-box-img\"><img loading=\"lazy\" decoding=\"async\" width=\"150\" height=\"150\" src=\"http:\/\/wordpress.schuetzenverein-boerger.de\/wordpress\/wp-content\/uploads\/2023\/08\/1980-150x150.jpg\" class=\"elementor-animation-grow attachment-thumbnail size-thumbnail wp-image-318\" alt=\"\" srcset=\"http:\/\/wordpress.schuetzenverein-boerger.de\/wordpress\/wp-content\/uploads\/2023\/08\/1980-150x150.jpg 150w, http:\/\/wordpress.schuetzenverein-boerger.de\/wordpress\/wp-content\/uploads\/2023\/08\/1980.jpg 300w\" sizes=\"auto, (max-width: 150px) 100vw, 150px\" \/><\/figure><div class=\"elementor-image-box-content\"><h3 class=\"elementor-image-box-title\">K\u00f6nigspaar 1980<\/h3><p class=\"elementor-image-box-description\">Benedikt &amp; Anni M\u00fcller<\/p><\/div><\/div>\t\t<\/div>\n\t\t\t\t<\/div>\n\t\t\t\t\t<\/div>\n\t\t<\/div>\n\t\t\t\t\t\t\t<\/div>\n\t\t<\/section>\n\t\t\t\t<section class=\"elementor-section elementor-top-section elementor-element elementor-element-d64e855 elementor-section-boxed elementor-section-height-default elementor-section-height-default\" data-id=\"d64e855\" data-element_type=\"section\">\n\t\t\t\t\t\t<div class=\"elementor-container elementor-column-gap-default\">\n\t\t\t\t\t<div class=\"elementor-column elementor-col-20 elementor-top-column elementor-element elementor-element-a396659\" data-id=\"a396659\" data-element_type=\"column\">\n\t\t\t<div class=\"elementor-widget-wrap elementor-element-populated\">\n\t\t\t\t\t\t\t\t<div class=\"elementor-element elementor-element-1f26ca1 elementor-position-top elementor-widget elementor-widget-image-box\" data-id=\"1f26ca1\" data-element_type=\"widget\" data-widget_type=\"image-box.default\">\n\t\t\t\t<div class=\"elementor-widget-container\">\n\t\t\t<div class=\"elementor-image-box-wrapper\"><figure class=\"elementor-image-box-img\"><img loading=\"lazy\" decoding=\"async\" width=\"150\" height=\"150\" src=\"http:\/\/wordpress.schuetzenverein-boerger.de\/wordpress\/wp-content\/uploads\/2023\/08\/1979-150x150.jpg\" class=\"elementor-animation-grow attachment-thumbnail size-thumbnail wp-image-336\" alt=\"\" srcset=\"http:\/\/wordpress.schuetzenverein-boerger.de\/wordpress\/wp-content\/uploads\/2023\/08\/1979-150x150.jpg 150w, http:\/\/wordpress.schuetzenverein-boerger.de\/wordpress\/wp-content\/uploads\/2023\/08\/1979.jpg 300w\" sizes=\"auto, (max-width: 150px) 100vw, 150px\" \/><\/figure><div class=\"elementor-image-box-content\"><h3 class=\"elementor-image-box-title\">K\u00f6nigspaar 1979<\/h3><p class=\"elementor-image-box-description\">Gerhard &amp; Carolina Schwarte<\/p><\/div><\/div>\t\t<\/div>\n\t\t\t\t<\/div>\n\t\t\t\t\t<\/div>\n\t\t<\/div>\n\t\t\t\t<div class=\"elementor-column elementor-col-20 elementor-top-column elementor-element elementor-element-f01ae49\" data-id=\"f01ae49\" data-element_type=\"column\">\n\t\t\t<div class=\"elementor-widget-wrap elementor-element-populated\">\n\t\t\t\t\t\t\t\t<div class=\"elementor-element elementor-element-e34be35 elementor-position-top elementor-widget elementor-widget-image-box\" data-id=\"e34be35\" data-element_type=\"widget\" data-widget_type=\"image-box.default\">\n\t\t\t\t<div class=\"elementor-widget-container\">\n\t\t\t<div class=\"elementor-image-box-wrapper\"><figure class=\"elementor-image-box-img\"><img loading=\"lazy\" decoding=\"async\" width=\"150\" height=\"150\" src=\"http:\/\/wordpress.schuetzenverein-boerger.de\/wordpress\/wp-content\/uploads\/2023\/08\/1978-150x150.jpg\" class=\"elementor-animation-grow attachment-thumbnail size-thumbnail wp-image-335\" alt=\"\" srcset=\"http:\/\/wordpress.schuetzenverein-boerger.de\/wordpress\/wp-content\/uploads\/2023\/08\/1978-150x150.jpg 150w, http:\/\/wordpress.schuetzenverein-boerger.de\/wordpress\/wp-content\/uploads\/2023\/08\/1978.jpg 300w\" sizes=\"auto, (max-width: 150px) 100vw, 150px\" \/><\/figure><div class=\"elementor-image-box-content\"><h3 class=\"elementor-image-box-title\">K\u00f6nigspaar 1978<\/h3><p class=\"elementor-image-box-description\">Ulrich &amp; Hedwig Schiering<\/p><\/div><\/div>\t\t<\/div>\n\t\t\t\t<\/div>\n\t\t\t\t\t<\/div>\n\t\t<\/div>\n\t\t\t\t<div class=\"elementor-column elementor-col-20 elementor-top-column elementor-element elementor-element-63e1fb9\" data-id=\"63e1fb9\" data-element_type=\"column\">\n\t\t\t<div class=\"elementor-widget-wrap elementor-element-populated\">\n\t\t\t\t\t\t\t\t<div class=\"elementor-element elementor-element-18501bb elementor-position-top elementor-widget elementor-widget-image-box\" data-id=\"18501bb\" data-element_type=\"widget\" data-widget_type=\"image-box.default\">\n\t\t\t\t<div class=\"elementor-widget-container\">\n\t\t\t<div class=\"elementor-image-box-wrapper\"><figure class=\"elementor-image-box-img\"><img loading=\"lazy\" decoding=\"async\" width=\"150\" height=\"150\" src=\"http:\/\/wordpress.schuetzenverein-boerger.de\/wordpress\/wp-content\/uploads\/2023\/08\/1977-150x150.jpg\" class=\"elementor-animation-grow attachment-thumbnail size-thumbnail wp-image-334\" alt=\"\" srcset=\"http:\/\/wordpress.schuetzenverein-boerger.de\/wordpress\/wp-content\/uploads\/2023\/08\/1977-150x150.jpg 150w, http:\/\/wordpress.schuetzenverein-boerger.de\/wordpress\/wp-content\/uploads\/2023\/08\/1977.jpg 300w\" sizes=\"auto, (max-width: 150px) 100vw, 150px\" \/><\/figure><div class=\"elementor-image-box-content\"><h3 class=\"elementor-image-box-title\">K\u00f6nigspaar 1977<\/h3><p class=\"elementor-image-box-description\">Hans &amp; Annie Voskuhl<\/p><\/div><\/div>\t\t<\/div>\n\t\t\t\t<\/div>\n\t\t\t\t\t<\/div>\n\t\t<\/div>\n\t\t\t\t<div class=\"elementor-column elementor-col-20 elementor-top-column elementor-element elementor-element-fb035ac\" data-id=\"fb035ac\" data-element_type=\"column\">\n\t\t\t<div class=\"elementor-widget-wrap elementor-element-populated\">\n\t\t\t\t\t\t\t\t<div class=\"elementor-element elementor-element-1029035 elementor-position-top elementor-widget elementor-widget-image-box\" data-id=\"1029035\" data-element_type=\"widget\" data-widget_type=\"image-box.default\">\n\t\t\t\t<div class=\"elementor-widget-container\">\n\t\t\t<div class=\"elementor-image-box-wrapper\"><figure class=\"elementor-image-box-img\"><img loading=\"lazy\" decoding=\"async\" width=\"150\" height=\"150\" src=\"http:\/\/wordpress.schuetzenverein-boerger.de\/wordpress\/wp-content\/uploads\/2023\/08\/1976-150x150.jpg\" class=\"elementor-animation-grow attachment-thumbnail size-thumbnail wp-image-333\" alt=\"\" srcset=\"http:\/\/wordpress.schuetzenverein-boerger.de\/wordpress\/wp-content\/uploads\/2023\/08\/1976-150x150.jpg 150w, http:\/\/wordpress.schuetzenverein-boerger.de\/wordpress\/wp-content\/uploads\/2023\/08\/1976.jpg 300w\" sizes=\"auto, (max-width: 150px) 100vw, 150px\" \/><\/figure><div class=\"elementor-image-box-content\"><h3 class=\"elementor-image-box-title\">K\u00f6nigspaar 1976<\/h3><p class=\"elementor-image-box-description\">Heinrich &amp; Anni D\u00fcttmann<\/p><\/div><\/div>\t\t<\/div>\n\t\t\t\t<\/div>\n\t\t\t\t\t<\/div>\n\t\t<\/div>\n\t\t\t\t<div class=\"elementor-column elementor-col-20 elementor-top-column elementor-element elementor-element-ada6dd8\" data-id=\"ada6dd8\" data-element_type=\"column\">\n\t\t\t<div class=\"elementor-widget-wrap elementor-element-populated\">\n\t\t\t\t\t\t\t\t<div class=\"elementor-element elementor-element-cd0a7f2 elementor-position-top elementor-widget elementor-widget-image-box\" data-id=\"cd0a7f2\" data-element_type=\"widget\" data-widget_type=\"image-box.default\">\n\t\t\t\t<div class=\"elementor-widget-container\">\n\t\t\t<div class=\"elementor-image-box-wrapper\"><figure class=\"elementor-image-box-img\"><img loading=\"lazy\" decoding=\"async\" width=\"150\" height=\"150\" src=\"http:\/\/wordpress.schuetzenverein-boerger.de\/wordpress\/wp-content\/uploads\/2023\/08\/1975-150x150.jpg\" class=\"elementor-animation-grow attachment-thumbnail size-thumbnail wp-image-332\" alt=\"\" srcset=\"http:\/\/wordpress.schuetzenverein-boerger.de\/wordpress\/wp-content\/uploads\/2023\/08\/1975-150x150.jpg 150w, http:\/\/wordpress.schuetzenverein-boerger.de\/wordpress\/wp-content\/uploads\/2023\/08\/1975.jpg 300w\" sizes=\"auto, (max-width: 150px) 100vw, 150px\" \/><\/figure><div class=\"elementor-image-box-content\"><h3 class=\"elementor-image-box-title\">K\u00f6nigspaar 1975<\/h3><p class=\"elementor-image-box-description\">Rudolf &amp; Elisabeth Ker\u00dfens<\/p><\/div><\/div>\t\t<\/div>\n\t\t\t\t<\/div>\n\t\t\t\t\t<\/div>\n\t\t<\/div>\n\t\t\t\t\t\t\t<\/div>\n\t\t<\/section>\n\t\t\t\t<section class=\"elementor-section elementor-top-section elementor-element elementor-element-d3409f1 elementor-section-boxed elementor-section-height-default elementor-section-height-default\" data-id=\"d3409f1\" data-element_type=\"section\">\n\t\t\t\t\t\t<div class=\"elementor-container elementor-column-gap-default\">\n\t\t\t\t\t<div class=\"elementor-column elementor-col-20 elementor-top-column elementor-element elementor-element-8315036\" data-id=\"8315036\" data-element_type=\"column\">\n\t\t\t<div class=\"elementor-widget-wrap elementor-element-populated\">\n\t\t\t\t\t\t\t\t<div class=\"elementor-element elementor-element-272805d elementor-position-top elementor-widget elementor-widget-image-box\" data-id=\"272805d\" data-element_type=\"widget\" data-widget_type=\"image-box.default\">\n\t\t\t\t<div class=\"elementor-widget-container\">\n\t\t\t<div class=\"elementor-image-box-wrapper\"><figure class=\"elementor-image-box-img\"><img loading=\"lazy\" decoding=\"async\" width=\"150\" height=\"150\" src=\"http:\/\/wordpress.schuetzenverein-boerger.de\/wordpress\/wp-content\/uploads\/2023\/08\/1974-150x150.jpg\" class=\"elementor-animation-grow attachment-thumbnail size-thumbnail wp-image-331\" alt=\"\" srcset=\"http:\/\/wordpress.schuetzenverein-boerger.de\/wordpress\/wp-content\/uploads\/2023\/08\/1974-150x150.jpg 150w, http:\/\/wordpress.schuetzenverein-boerger.de\/wordpress\/wp-content\/uploads\/2023\/08\/1974.jpg 300w\" sizes=\"auto, (max-width: 150px) 100vw, 150px\" \/><\/figure><div class=\"elementor-image-box-content\"><h3 class=\"elementor-image-box-title\">K\u00f6nigspaar 1974<\/h3><p class=\"elementor-image-box-description\">Wilhelm &amp; Paula Schnieders<\/p><\/div><\/div>\t\t<\/div>\n\t\t\t\t<\/div>\n\t\t\t\t\t<\/div>\n\t\t<\/div>\n\t\t\t\t<div class=\"elementor-column elementor-col-20 elementor-top-column elementor-element elementor-element-e039f1d\" data-id=\"e039f1d\" data-element_type=\"column\">\n\t\t\t<div class=\"elementor-widget-wrap elementor-element-populated\">\n\t\t\t\t\t\t\t\t<div class=\"elementor-element elementor-element-c7091a0 elementor-position-top elementor-widget elementor-widget-image-box\" data-id=\"c7091a0\" data-element_type=\"widget\" data-widget_type=\"image-box.default\">\n\t\t\t\t<div class=\"elementor-widget-container\">\n\t\t\t<div class=\"elementor-image-box-wrapper\"><figure class=\"elementor-image-box-img\"><img loading=\"lazy\" decoding=\"async\" width=\"150\" height=\"150\" src=\"http:\/\/wordpress.schuetzenverein-boerger.de\/wordpress\/wp-content\/uploads\/2023\/08\/1973-150x150.jpg\" class=\"elementor-animation-grow attachment-thumbnail size-thumbnail wp-image-330\" alt=\"\" srcset=\"http:\/\/wordpress.schuetzenverein-boerger.de\/wordpress\/wp-content\/uploads\/2023\/08\/1973-150x150.jpg 150w, http:\/\/wordpress.schuetzenverein-boerger.de\/wordpress\/wp-content\/uploads\/2023\/08\/1973.jpg 300w\" sizes=\"auto, (max-width: 150px) 100vw, 150px\" \/><\/figure><div class=\"elementor-image-box-content\"><h3 class=\"elementor-image-box-title\">K\u00f6nigspaar 1973<\/h3><p class=\"elementor-image-box-description\">Hans &amp; Lisa Sanders<\/p><\/div><\/div>\t\t<\/div>\n\t\t\t\t<\/div>\n\t\t\t\t\t<\/div>\n\t\t<\/div>\n\t\t\t\t<div class=\"elementor-column elementor-col-20 elementor-top-column elementor-element elementor-element-eb13676\" data-id=\"eb13676\" data-element_type=\"column\">\n\t\t\t<div class=\"elementor-widget-wrap elementor-element-populated\">\n\t\t\t\t\t\t\t\t<div class=\"elementor-element elementor-element-26eaf2d elementor-position-top elementor-widget elementor-widget-image-box\" data-id=\"26eaf2d\" data-element_type=\"widget\" data-widget_type=\"image-box.default\">\n\t\t\t\t<div class=\"elementor-widget-container\">\n\t\t\t<div class=\"elementor-image-box-wrapper\"><figure class=\"elementor-image-box-img\"><img loading=\"lazy\" decoding=\"async\" width=\"150\" height=\"150\" src=\"http:\/\/wordpress.schuetzenverein-boerger.de\/wordpress\/wp-content\/uploads\/2023\/08\/1972-150x150.jpg\" class=\"elementor-animation-grow attachment-thumbnail size-thumbnail wp-image-329\" alt=\"\" srcset=\"http:\/\/wordpress.schuetzenverein-boerger.de\/wordpress\/wp-content\/uploads\/2023\/08\/1972-150x150.jpg 150w, http:\/\/wordpress.schuetzenverein-boerger.de\/wordpress\/wp-content\/uploads\/2023\/08\/1972.jpg 300w\" sizes=\"auto, (max-width: 150px) 100vw, 150px\" \/><\/figure><div class=\"elementor-image-box-content\"><h3 class=\"elementor-image-box-title\">K\u00f6nigspaar 1972<\/h3><p class=\"elementor-image-box-description\">Lambert &amp; Adelheid Kr\u00f6mer<\/p><\/div><\/div>\t\t<\/div>\n\t\t\t\t<\/div>\n\t\t\t\t\t<\/div>\n\t\t<\/div>\n\t\t\t\t<div class=\"elementor-column elementor-col-20 elementor-top-column elementor-element elementor-element-f52a553\" data-id=\"f52a553\" data-element_type=\"column\">\n\t\t\t<div class=\"elementor-widget-wrap elementor-element-populated\">\n\t\t\t\t\t\t\t\t<div class=\"elementor-element elementor-element-3a18b41 elementor-position-top elementor-widget elementor-widget-image-box\" data-id=\"3a18b41\" data-element_type=\"widget\" data-widget_type=\"image-box.default\">\n\t\t\t\t<div class=\"elementor-widget-container\">\n\t\t\t<div class=\"elementor-image-box-wrapper\"><figure class=\"elementor-image-box-img\"><img loading=\"lazy\" decoding=\"async\" width=\"150\" height=\"150\" src=\"http:\/\/wordpress.schuetzenverein-boerger.de\/wordpress\/wp-content\/uploads\/2023\/08\/1971-150x150.jpg\" class=\"elementor-animation-grow attachment-thumbnail size-thumbnail wp-image-328\" alt=\"\" srcset=\"http:\/\/wordpress.schuetzenverein-boerger.de\/wordpress\/wp-content\/uploads\/2023\/08\/1971-150x150.jpg 150w, http:\/\/wordpress.schuetzenverein-boerger.de\/wordpress\/wp-content\/uploads\/2023\/08\/1971.jpg 300w\" sizes=\"auto, (max-width: 150px) 100vw, 150px\" \/><\/figure><div class=\"elementor-image-box-content\"><h3 class=\"elementor-image-box-title\">K\u00f6nigspaar 1971<\/h3><p class=\"elementor-image-box-description\">Johann &amp; Thea M\u00fcller<\/p><\/div><\/div>\t\t<\/div>\n\t\t\t\t<\/div>\n\t\t\t\t\t<\/div>\n\t\t<\/div>\n\t\t\t\t<div class=\"elementor-column elementor-col-20 elementor-top-column elementor-element elementor-element-dbeb04a\" data-id=\"dbeb04a\" data-element_type=\"column\">\n\t\t\t<div class=\"elementor-widget-wrap elementor-element-populated\">\n\t\t\t\t\t\t\t\t<div class=\"elementor-element elementor-element-60fde57 elementor-position-top elementor-widget elementor-widget-image-box\" data-id=\"60fde57\" data-element_type=\"widget\" data-widget_type=\"image-box.default\">\n\t\t\t\t<div class=\"elementor-widget-container\">\n\t\t\t<div class=\"elementor-image-box-wrapper\"><figure class=\"elementor-image-box-img\"><img loading=\"lazy\" decoding=\"async\" width=\"150\" height=\"150\" src=\"http:\/\/wordpress.schuetzenverein-boerger.de\/wordpress\/wp-content\/uploads\/2023\/08\/1970-150x150.jpg\" class=\"elementor-animation-grow attachment-thumbnail size-thumbnail wp-image-327\" alt=\"\" srcset=\"http:\/\/wordpress.schuetzenverein-boerger.de\/wordpress\/wp-content\/uploads\/2023\/08\/1970-150x150.jpg 150w, http:\/\/wordpress.schuetzenverein-boerger.de\/wordpress\/wp-content\/uploads\/2023\/08\/1970.jpg 300w\" sizes=\"auto, (max-width: 150px) 100vw, 150px\" \/><\/figure><div class=\"elementor-image-box-content\"><h3 class=\"elementor-image-box-title\">K\u00f6nigspaar 1970<\/h3><p class=\"elementor-image-box-description\">Bernhard &amp; Anni T\u00f6bben<\/p><\/div><\/div>\t\t<\/div>\n\t\t\t\t<\/div>\n\t\t\t\t\t<\/div>\n\t\t<\/div>\n\t\t\t\t\t\t\t<\/div>\n\t\t<\/section>\n\t\t\t\t<section class=\"elementor-section elementor-top-section elementor-element elementor-element-0fa89bd elementor-section-boxed elementor-section-height-default elementor-section-height-default\" data-id=\"0fa89bd\" data-element_type=\"section\">\n\t\t\t\t\t\t<div class=\"elementor-container elementor-column-gap-default\">\n\t\t\t\t\t<div class=\"elementor-column elementor-col-20 elementor-top-column elementor-element elementor-element-e9545b5\" data-id=\"e9545b5\" data-element_type=\"column\">\n\t\t\t<div class=\"elementor-widget-wrap elementor-element-populated\">\n\t\t\t\t\t\t\t\t<div class=\"elementor-element elementor-element-4952796 elementor-position-top elementor-widget elementor-widget-image-box\" data-id=\"4952796\" data-element_type=\"widget\" data-widget_type=\"image-box.default\">\n\t\t\t\t<div class=\"elementor-widget-container\">\n\t\t\t<div class=\"elementor-image-box-wrapper\"><figure class=\"elementor-image-box-img\"><img loading=\"lazy\" decoding=\"async\" width=\"150\" height=\"150\" src=\"http:\/\/wordpress.schuetzenverein-boerger.de\/wordpress\/wp-content\/uploads\/2023\/08\/1969-150x150.jpg\" class=\"elementor-animation-grow attachment-thumbnail size-thumbnail wp-image-346\" alt=\"\" srcset=\"http:\/\/wordpress.schuetzenverein-boerger.de\/wordpress\/wp-content\/uploads\/2023\/08\/1969-150x150.jpg 150w, http:\/\/wordpress.schuetzenverein-boerger.de\/wordpress\/wp-content\/uploads\/2023\/08\/1969.jpg 300w\" sizes=\"auto, (max-width: 150px) 100vw, 150px\" \/><\/figure><div class=\"elementor-image-box-content\"><h3 class=\"elementor-image-box-title\">K\u00f6nigspaar 1969<\/h3><p class=\"elementor-image-box-description\">Kaspar Kronabel &amp; Anni Ahrens<\/p><\/div><\/div>\t\t<\/div>\n\t\t\t\t<\/div>\n\t\t\t\t\t<\/div>\n\t\t<\/div>\n\t\t\t\t<div class=\"elementor-column elementor-col-20 elementor-top-column elementor-element elementor-element-d5b39ae\" data-id=\"d5b39ae\" data-element_type=\"column\">\n\t\t\t<div class=\"elementor-widget-wrap elementor-element-populated\">\n\t\t\t\t\t\t\t\t<div class=\"elementor-element elementor-element-f6f329c elementor-position-top elementor-widget elementor-widget-image-box\" data-id=\"f6f329c\" data-element_type=\"widget\" data-widget_type=\"image-box.default\">\n\t\t\t\t<div class=\"elementor-widget-container\">\n\t\t\t<div class=\"elementor-image-box-wrapper\"><figure class=\"elementor-image-box-img\"><img loading=\"lazy\" decoding=\"async\" width=\"150\" height=\"150\" src=\"http:\/\/wordpress.schuetzenverein-boerger.de\/wordpress\/wp-content\/uploads\/2023\/08\/1968-150x150.jpg\" class=\"elementor-animation-grow attachment-thumbnail size-thumbnail wp-image-345\" alt=\"\" srcset=\"http:\/\/wordpress.schuetzenverein-boerger.de\/wordpress\/wp-content\/uploads\/2023\/08\/1968-150x150.jpg 150w, http:\/\/wordpress.schuetzenverein-boerger.de\/wordpress\/wp-content\/uploads\/2023\/08\/1968.jpg 300w\" sizes=\"auto, (max-width: 150px) 100vw, 150px\" \/><\/figure><div class=\"elementor-image-box-content\"><h3 class=\"elementor-image-box-title\">K\u00f6nigspaar 1968<\/h3><p class=\"elementor-image-box-description\">Hermann &amp; Angela Robben<\/p><\/div><\/div>\t\t<\/div>\n\t\t\t\t<\/div>\n\t\t\t\t\t<\/div>\n\t\t<\/div>\n\t\t\t\t<div class=\"elementor-column elementor-col-20 elementor-top-column elementor-element elementor-element-09374e6\" data-id=\"09374e6\" data-element_type=\"column\">\n\t\t\t<div class=\"elementor-widget-wrap elementor-element-populated\">\n\t\t\t\t\t\t\t\t<div class=\"elementor-element elementor-element-3d8af8f elementor-position-top elementor-widget elementor-widget-image-box\" data-id=\"3d8af8f\" data-element_type=\"widget\" data-widget_type=\"image-box.default\">\n\t\t\t\t<div class=\"elementor-widget-container\">\n\t\t\t<div class=\"elementor-image-box-wrapper\"><figure class=\"elementor-image-box-img\"><img loading=\"lazy\" decoding=\"async\" width=\"150\" height=\"150\" src=\"http:\/\/wordpress.schuetzenverein-boerger.de\/wordpress\/wp-content\/uploads\/2023\/08\/1967-150x150.jpg\" class=\"elementor-animation-grow attachment-thumbnail size-thumbnail wp-image-344\" alt=\"\" srcset=\"http:\/\/wordpress.schuetzenverein-boerger.de\/wordpress\/wp-content\/uploads\/2023\/08\/1967-150x150.jpg 150w, http:\/\/wordpress.schuetzenverein-boerger.de\/wordpress\/wp-content\/uploads\/2023\/08\/1967.jpg 300w\" sizes=\"auto, (max-width: 150px) 100vw, 150px\" \/><\/figure><div class=\"elementor-image-box-content\"><h3 class=\"elementor-image-box-title\">K\u00f6nigspaar 1967<\/h3><p class=\"elementor-image-box-description\">Waldemar &amp; Hedwig Kaiser<br>im 2. Jahr <br>Johann &amp; Helene Bruns<\/p><\/div><\/div>\t\t<\/div>\n\t\t\t\t<\/div>\n\t\t\t\t\t<\/div>\n\t\t<\/div>\n\t\t\t\t<div class=\"elementor-column elementor-col-20 elementor-top-column elementor-element elementor-element-872e38b\" data-id=\"872e38b\" data-element_type=\"column\">\n\t\t\t<div class=\"elementor-widget-wrap elementor-element-populated\">\n\t\t\t\t\t\t\t\t<div class=\"elementor-element elementor-element-bbb0cbb elementor-position-top elementor-widget elementor-widget-image-box\" data-id=\"bbb0cbb\" data-element_type=\"widget\" data-widget_type=\"image-box.default\">\n\t\t\t\t<div class=\"elementor-widget-container\">\n\t\t\t<div class=\"elementor-image-box-wrapper\"><figure class=\"elementor-image-box-img\"><img loading=\"lazy\" decoding=\"async\" width=\"150\" height=\"150\" src=\"http:\/\/wordpress.schuetzenverein-boerger.de\/wordpress\/wp-content\/uploads\/2023\/08\/1966-150x150.jpg\" class=\"elementor-animation-grow attachment-thumbnail size-thumbnail wp-image-343\" alt=\"\" srcset=\"http:\/\/wordpress.schuetzenverein-boerger.de\/wordpress\/wp-content\/uploads\/2023\/08\/1966-150x150.jpg 150w, http:\/\/wordpress.schuetzenverein-boerger.de\/wordpress\/wp-content\/uploads\/2023\/08\/1966.jpg 300w\" sizes=\"auto, (max-width: 150px) 100vw, 150px\" \/><\/figure><div class=\"elementor-image-box-content\"><h3 class=\"elementor-image-box-title\">K\u00f6nigspaar 1966<\/h3><p class=\"elementor-image-box-description\">Johann Kla\u00dfen &amp; Helne Sebers<\/p><\/div><\/div>\t\t<\/div>\n\t\t\t\t<\/div>\n\t\t\t\t\t<\/div>\n\t\t<\/div>\n\t\t\t\t<div class=\"elementor-column elementor-col-20 elementor-top-column elementor-element elementor-element-5a99517\" data-id=\"5a99517\" data-element_type=\"column\">\n\t\t\t<div class=\"elementor-widget-wrap elementor-element-populated\">\n\t\t\t\t\t\t\t\t<div class=\"elementor-element elementor-element-fce83c2 elementor-position-top elementor-widget elementor-widget-image-box\" data-id=\"fce83c2\" data-element_type=\"widget\" data-widget_type=\"image-box.default\">\n\t\t\t\t<div class=\"elementor-widget-container\">\n\t\t\t<div class=\"elementor-image-box-wrapper\"><figure class=\"elementor-image-box-img\"><img loading=\"lazy\" decoding=\"async\" width=\"150\" height=\"150\" src=\"http:\/\/wordpress.schuetzenverein-boerger.de\/wordpress\/wp-content\/uploads\/2023\/08\/1965-150x150.jpg\" class=\"elementor-animation-grow attachment-thumbnail size-thumbnail wp-image-342\" alt=\"\" srcset=\"http:\/\/wordpress.schuetzenverein-boerger.de\/wordpress\/wp-content\/uploads\/2023\/08\/1965-150x150.jpg 150w, http:\/\/wordpress.schuetzenverein-boerger.de\/wordpress\/wp-content\/uploads\/2023\/08\/1965.jpg 300w\" sizes=\"auto, (max-width: 150px) 100vw, 150px\" \/><\/figure><div class=\"elementor-image-box-content\"><h3 class=\"elementor-image-box-title\">K\u00f6nigspaar 1965<\/h3><p class=\"elementor-image-box-description\">Benedikt Robben &amp; <br>Thekla Kossen<\/p><\/div><\/div>\t\t<\/div>\n\t\t\t\t<\/div>\n\t\t\t\t\t<\/div>\n\t\t<\/div>\n\t\t\t\t\t\t\t<\/div>\n\t\t<\/section>\n\t\t\t\t<section class=\"elementor-section elementor-top-section elementor-element elementor-element-05cae75 elementor-section-boxed elementor-section-height-default elementor-section-height-default\" data-id=\"05cae75\" data-element_type=\"section\">\n\t\t\t\t\t\t<div class=\"elementor-container elementor-column-gap-default\">\n\t\t\t\t\t<div class=\"elementor-column elementor-col-20 elementor-top-column elementor-element elementor-element-316e988\" data-id=\"316e988\" data-element_type=\"column\">\n\t\t\t<div class=\"elementor-widget-wrap elementor-element-populated\">\n\t\t\t\t\t\t\t\t<div class=\"elementor-element elementor-element-2728ea2 elementor-position-top elementor-widget elementor-widget-image-box\" data-id=\"2728ea2\" data-element_type=\"widget\" data-widget_type=\"image-box.default\">\n\t\t\t\t<div class=\"elementor-widget-container\">\n\t\t\t<div class=\"elementor-image-box-wrapper\"><figure class=\"elementor-image-box-img\"><img loading=\"lazy\" decoding=\"async\" width=\"150\" height=\"150\" src=\"http:\/\/wordpress.schuetzenverein-boerger.de\/wordpress\/wp-content\/uploads\/2023\/08\/1964-150x150.jpg\" class=\"elementor-animation-grow attachment-thumbnail size-thumbnail wp-image-341\" alt=\"\" srcset=\"http:\/\/wordpress.schuetzenverein-boerger.de\/wordpress\/wp-content\/uploads\/2023\/08\/1964-150x150.jpg 150w, http:\/\/wordpress.schuetzenverein-boerger.de\/wordpress\/wp-content\/uploads\/2023\/08\/1964.jpg 300w\" sizes=\"auto, (max-width: 150px) 100vw, 150px\" \/><\/figure><div class=\"elementor-image-box-content\"><h3 class=\"elementor-image-box-title\">K\u00f6nigspaar 1964<\/h3><p class=\"elementor-image-box-description\">Gerhard M\u00e4sker &amp; Adele Sievers<\/p><\/div><\/div>\t\t<\/div>\n\t\t\t\t<\/div>\n\t\t\t\t\t<\/div>\n\t\t<\/div>\n\t\t\t\t<div class=\"elementor-column elementor-col-20 elementor-top-column elementor-element elementor-element-a99a55d\" data-id=\"a99a55d\" data-element_type=\"column\">\n\t\t\t<div class=\"elementor-widget-wrap elementor-element-populated\">\n\t\t\t\t\t\t\t\t<div class=\"elementor-element elementor-element-9cf3f9e elementor-position-top elementor-widget elementor-widget-image-box\" data-id=\"9cf3f9e\" data-element_type=\"widget\" data-widget_type=\"image-box.default\">\n\t\t\t\t<div class=\"elementor-widget-container\">\n\t\t\t<div class=\"elementor-image-box-wrapper\"><figure class=\"elementor-image-box-img\"><img loading=\"lazy\" decoding=\"async\" width=\"150\" height=\"150\" src=\"http:\/\/wordpress.schuetzenverein-boerger.de\/wordpress\/wp-content\/uploads\/2023\/08\/1963-150x150.jpg\" class=\"elementor-animation-grow attachment-thumbnail size-thumbnail wp-image-340\" alt=\"\" srcset=\"http:\/\/wordpress.schuetzenverein-boerger.de\/wordpress\/wp-content\/uploads\/2023\/08\/1963-150x150.jpg 150w, http:\/\/wordpress.schuetzenverein-boerger.de\/wordpress\/wp-content\/uploads\/2023\/08\/1963.jpg 300w\" sizes=\"auto, (max-width: 150px) 100vw, 150px\" \/><\/figure><div class=\"elementor-image-box-content\"><h3 class=\"elementor-image-box-title\">K\u00f6nigspaar 1963<\/h3><p class=\"elementor-image-box-description\">Hermann Kla\u00dfen &amp; <br>Elisabeth Pohlgeers<\/p><\/div><\/div>\t\t<\/div>\n\t\t\t\t<\/div>\n\t\t\t\t\t<\/div>\n\t\t<\/div>\n\t\t\t\t<div class=\"elementor-column elementor-col-20 elementor-top-column elementor-element elementor-element-0cd09db\" data-id=\"0cd09db\" data-element_type=\"column\">\n\t\t\t<div class=\"elementor-widget-wrap elementor-element-populated\">\n\t\t\t\t\t\t\t\t<div class=\"elementor-element elementor-element-7665eb3 elementor-position-top elementor-widget elementor-widget-image-box\" data-id=\"7665eb3\" data-element_type=\"widget\" data-widget_type=\"image-box.default\">\n\t\t\t\t<div class=\"elementor-widget-container\">\n\t\t\t<div class=\"elementor-image-box-wrapper\"><figure class=\"elementor-image-box-img\"><img loading=\"lazy\" decoding=\"async\" width=\"150\" height=\"150\" src=\"http:\/\/wordpress.schuetzenverein-boerger.de\/wordpress\/wp-content\/uploads\/2023\/08\/1962-150x150.jpg\" class=\"elementor-animation-grow attachment-thumbnail size-thumbnail wp-image-339\" alt=\"\" srcset=\"http:\/\/wordpress.schuetzenverein-boerger.de\/wordpress\/wp-content\/uploads\/2023\/08\/1962-150x150.jpg 150w, http:\/\/wordpress.schuetzenverein-boerger.de\/wordpress\/wp-content\/uploads\/2023\/08\/1962.jpg 300w\" sizes=\"auto, (max-width: 150px) 100vw, 150px\" \/><\/figure><div class=\"elementor-image-box-content\"><h3 class=\"elementor-image-box-title\">K\u00f6nigspaar 1962<\/h3><p class=\"elementor-image-box-description\">Nikolaus G\u00f6\u00dfling &amp; <br>Johanna Sebers<\/p><\/div><\/div>\t\t<\/div>\n\t\t\t\t<\/div>\n\t\t\t\t\t<\/div>\n\t\t<\/div>\n\t\t\t\t<div class=\"elementor-column elementor-col-20 elementor-top-column elementor-element elementor-element-c01ed1f\" data-id=\"c01ed1f\" data-element_type=\"column\">\n\t\t\t<div class=\"elementor-widget-wrap elementor-element-populated\">\n\t\t\t\t\t\t\t\t<div class=\"elementor-element elementor-element-ae28361 elementor-position-top elementor-widget elementor-widget-image-box\" data-id=\"ae28361\" data-element_type=\"widget\" data-widget_type=\"image-box.default\">\n\t\t\t\t<div class=\"elementor-widget-container\">\n\t\t\t<div class=\"elementor-image-box-wrapper\"><figure class=\"elementor-image-box-img\"><img loading=\"lazy\" decoding=\"async\" width=\"150\" height=\"150\" src=\"http:\/\/wordpress.schuetzenverein-boerger.de\/wordpress\/wp-content\/uploads\/2023\/08\/1961-150x150.jpg\" class=\"elementor-animation-grow attachment-thumbnail size-thumbnail wp-image-338\" alt=\"\" srcset=\"http:\/\/wordpress.schuetzenverein-boerger.de\/wordpress\/wp-content\/uploads\/2023\/08\/1961-150x150.jpg 150w, http:\/\/wordpress.schuetzenverein-boerger.de\/wordpress\/wp-content\/uploads\/2023\/08\/1961.jpg 300w\" sizes=\"auto, (max-width: 150px) 100vw, 150px\" \/><\/figure><div class=\"elementor-image-box-content\"><h3 class=\"elementor-image-box-title\">K\u00f6nigspaar 1961<\/h3><p class=\"elementor-image-box-description\">Heinrich Klaas &amp; <br>Elisabeth Behnen<\/p><\/div><\/div>\t\t<\/div>\n\t\t\t\t<\/div>\n\t\t\t\t\t<\/div>\n\t\t<\/div>\n\t\t\t\t<div class=\"elementor-column elementor-col-20 elementor-top-column elementor-element elementor-element-ec5dd73\" data-id=\"ec5dd73\" data-element_type=\"column\">\n\t\t\t<div class=\"elementor-widget-wrap elementor-element-populated\">\n\t\t\t\t\t\t\t\t<div class=\"elementor-element elementor-element-36158d9 elementor-position-top elementor-widget elementor-widget-image-box\" data-id=\"36158d9\" data-element_type=\"widget\" data-widget_type=\"image-box.default\">\n\t\t\t\t<div class=\"elementor-widget-container\">\n\t\t\t<div class=\"elementor-image-box-wrapper\"><figure class=\"elementor-image-box-img\"><img loading=\"lazy\" decoding=\"async\" width=\"150\" height=\"150\" src=\"http:\/\/wordpress.schuetzenverein-boerger.de\/wordpress\/wp-content\/uploads\/2023\/08\/1960-150x150.jpg\" class=\"elementor-animation-grow attachment-thumbnail size-thumbnail wp-image-337\" alt=\"\" srcset=\"http:\/\/wordpress.schuetzenverein-boerger.de\/wordpress\/wp-content\/uploads\/2023\/08\/1960-150x150.jpg 150w, http:\/\/wordpress.schuetzenverein-boerger.de\/wordpress\/wp-content\/uploads\/2023\/08\/1960.jpg 300w\" sizes=\"auto, (max-width: 150px) 100vw, 150px\" \/><\/figure><div class=\"elementor-image-box-content\"><h3 class=\"elementor-image-box-title\">K\u00f6nigspaar 1960<\/h3><p class=\"elementor-image-box-description\">Wilhelm Kuckshinrichs &amp; <br>Anna Schmitz<br>im 2. Jahr<br>L\u00fcbbertus Schmitz &amp; <br>Anna Schmitz<\/p><\/div><\/div>\t\t<\/div>\n\t\t\t\t<\/div>\n\t\t\t\t\t<\/div>\n\t\t<\/div>\n\t\t\t\t\t\t\t<\/div>\n\t\t<\/section>\n\t\t\t\t<section class=\"elementor-section elementor-top-section elementor-element elementor-element-1bb088a elementor-section-boxed elementor-section-height-default elementor-section-height-default\" data-id=\"1bb088a\" data-element_type=\"section\">\n\t\t\t\t\t\t<div class=\"elementor-container elementor-column-gap-default\">\n\t\t\t\t\t<div class=\"elementor-column elementor-col-20 elementor-top-column elementor-element elementor-element-a7ffcfc\" data-id=\"a7ffcfc\" data-element_type=\"column\">\n\t\t\t<div class=\"elementor-widget-wrap elementor-element-populated\">\n\t\t\t\t\t\t\t\t<div class=\"elementor-element elementor-element-0800632 elementor-position-top elementor-widget elementor-widget-image-box\" data-id=\"0800632\" data-element_type=\"widget\" data-widget_type=\"image-box.default\">\n\t\t\t\t<div class=\"elementor-widget-container\">\n\t\t\t<div class=\"elementor-image-box-wrapper\"><figure class=\"elementor-image-box-img\"><img loading=\"lazy\" decoding=\"async\" width=\"150\" height=\"150\" src=\"http:\/\/wordpress.schuetzenverein-boerger.de\/wordpress\/wp-content\/uploads\/2023\/08\/1959-150x150.jpg\" class=\"elementor-animation-grow attachment-thumbnail size-thumbnail wp-image-355\" alt=\"\" srcset=\"http:\/\/wordpress.schuetzenverein-boerger.de\/wordpress\/wp-content\/uploads\/2023\/08\/1959-150x150.jpg 150w, http:\/\/wordpress.schuetzenverein-boerger.de\/wordpress\/wp-content\/uploads\/2023\/08\/1959.jpg 300w\" sizes=\"auto, (max-width: 150px) 100vw, 150px\" \/><\/figure><div class=\"elementor-image-box-content\"><h3 class=\"elementor-image-box-title\">K\u00f6nigspaar 1959<\/h3><p class=\"elementor-image-box-description\">Hermann Sebers &amp; Anni Spark<\/p><\/div><\/div>\t\t<\/div>\n\t\t\t\t<\/div>\n\t\t\t\t\t<\/div>\n\t\t<\/div>\n\t\t\t\t<div class=\"elementor-column elementor-col-20 elementor-top-column elementor-element elementor-element-8863fe9\" data-id=\"8863fe9\" data-element_type=\"column\">\n\t\t\t<div class=\"elementor-widget-wrap elementor-element-populated\">\n\t\t\t\t\t\t\t\t<div class=\"elementor-element elementor-element-f5c2edf elementor-position-top elementor-widget elementor-widget-image-box\" data-id=\"f5c2edf\" data-element_type=\"widget\" data-widget_type=\"image-box.default\">\n\t\t\t\t<div class=\"elementor-widget-container\">\n\t\t\t<div class=\"elementor-image-box-wrapper\"><figure class=\"elementor-image-box-img\"><img loading=\"lazy\" decoding=\"async\" width=\"150\" height=\"150\" src=\"http:\/\/wordpress.schuetzenverein-boerger.de\/wordpress\/wp-content\/uploads\/2023\/08\/1958-150x150.jpg\" class=\"elementor-animation-grow attachment-thumbnail size-thumbnail wp-image-354\" alt=\"\" srcset=\"http:\/\/wordpress.schuetzenverein-boerger.de\/wordpress\/wp-content\/uploads\/2023\/08\/1958-150x150.jpg 150w, http:\/\/wordpress.schuetzenverein-boerger.de\/wordpress\/wp-content\/uploads\/2023\/08\/1958.jpg 300w\" sizes=\"auto, (max-width: 150px) 100vw, 150px\" \/><\/figure><div class=\"elementor-image-box-content\"><h3 class=\"elementor-image-box-title\">K\u00f6nigspaar 1958<\/h3><p class=\"elementor-image-box-description\">Heinrich Gebkenjans &amp; <br>Anni Kla\u00dfen<\/p><\/div><\/div>\t\t<\/div>\n\t\t\t\t<\/div>\n\t\t\t\t\t<\/div>\n\t\t<\/div>\n\t\t\t\t<div class=\"elementor-column elementor-col-20 elementor-top-column elementor-element elementor-element-3526019\" data-id=\"3526019\" data-element_type=\"column\">\n\t\t\t<div class=\"elementor-widget-wrap elementor-element-populated\">\n\t\t\t\t\t\t\t\t<div class=\"elementor-element elementor-element-3bb1ef9 elementor-position-top elementor-widget elementor-widget-image-box\" data-id=\"3bb1ef9\" data-element_type=\"widget\" data-widget_type=\"image-box.default\">\n\t\t\t\t<div class=\"elementor-widget-container\">\n\t\t\t<div class=\"elementor-image-box-wrapper\"><figure class=\"elementor-image-box-img\"><img loading=\"lazy\" decoding=\"async\" width=\"150\" height=\"150\" src=\"http:\/\/wordpress.schuetzenverein-boerger.de\/wordpress\/wp-content\/uploads\/2023\/08\/1957-150x150.jpg\" class=\"elementor-animation-grow attachment-thumbnail size-thumbnail wp-image-353\" alt=\"\" srcset=\"http:\/\/wordpress.schuetzenverein-boerger.de\/wordpress\/wp-content\/uploads\/2023\/08\/1957-150x150.jpg 150w, http:\/\/wordpress.schuetzenverein-boerger.de\/wordpress\/wp-content\/uploads\/2023\/08\/1957.jpg 300w\" sizes=\"auto, (max-width: 150px) 100vw, 150px\" \/><\/figure><div class=\"elementor-image-box-content\"><h3 class=\"elementor-image-box-title\">K\u00f6nigspaar 1957<\/h3><p class=\"elementor-image-box-description\">Klaus Schmitt &amp; Thekla P\u00fcngel<br>im 2. jahr<br>Wenzeslaus P\u00fcngel &amp; <br>Thekla P\u00fcngel<\/p><\/div><\/div>\t\t<\/div>\n\t\t\t\t<\/div>\n\t\t\t\t\t<\/div>\n\t\t<\/div>\n\t\t\t\t<div class=\"elementor-column elementor-col-20 elementor-top-column elementor-element elementor-element-b0a10f8\" data-id=\"b0a10f8\" data-element_type=\"column\">\n\t\t\t<div class=\"elementor-widget-wrap elementor-element-populated\">\n\t\t\t\t\t\t\t\t<div class=\"elementor-element elementor-element-26d7d41 elementor-position-top elementor-widget elementor-widget-image-box\" data-id=\"26d7d41\" data-element_type=\"widget\" data-widget_type=\"image-box.default\">\n\t\t\t\t<div class=\"elementor-widget-container\">\n\t\t\t<div class=\"elementor-image-box-wrapper\"><figure class=\"elementor-image-box-img\"><img loading=\"lazy\" decoding=\"async\" width=\"150\" height=\"150\" src=\"http:\/\/wordpress.schuetzenverein-boerger.de\/wordpress\/wp-content\/uploads\/2023\/08\/1956-150x150.jpg\" class=\"elementor-animation-grow attachment-thumbnail size-thumbnail wp-image-352\" alt=\"\" srcset=\"http:\/\/wordpress.schuetzenverein-boerger.de\/wordpress\/wp-content\/uploads\/2023\/08\/1956-150x150.jpg 150w, http:\/\/wordpress.schuetzenverein-boerger.de\/wordpress\/wp-content\/uploads\/2023\/08\/1956.jpg 300w\" sizes=\"auto, (max-width: 150px) 100vw, 150px\" \/><\/figure><div class=\"elementor-image-box-content\"><h3 class=\"elementor-image-box-title\">K\u00f6nigspaar 1956<\/h3><p class=\"elementor-image-box-description\">Wilhelm M\u00fcller-Ricken &amp; <br>Maria Geers<\/p><\/div><\/div>\t\t<\/div>\n\t\t\t\t<\/div>\n\t\t\t\t\t<\/div>\n\t\t<\/div>\n\t\t\t\t<div class=\"elementor-column elementor-col-20 elementor-top-column elementor-element elementor-element-331d93d\" data-id=\"331d93d\" data-element_type=\"column\">\n\t\t\t<div class=\"elementor-widget-wrap elementor-element-populated\">\n\t\t\t\t\t\t\t\t<div class=\"elementor-element elementor-element-d8cece2 elementor-position-top elementor-widget elementor-widget-image-box\" data-id=\"d8cece2\" data-element_type=\"widget\" data-widget_type=\"image-box.default\">\n\t\t\t\t<div class=\"elementor-widget-container\">\n\t\t\t<div class=\"elementor-image-box-wrapper\"><figure class=\"elementor-image-box-img\"><img loading=\"lazy\" decoding=\"async\" width=\"150\" height=\"150\" src=\"http:\/\/wordpress.schuetzenverein-boerger.de\/wordpress\/wp-content\/uploads\/2023\/08\/1955-150x150.jpg\" class=\"elementor-animation-grow attachment-thumbnail size-thumbnail wp-image-351\" alt=\"\" srcset=\"http:\/\/wordpress.schuetzenverein-boerger.de\/wordpress\/wp-content\/uploads\/2023\/08\/1955-150x150.jpg 150w, http:\/\/wordpress.schuetzenverein-boerger.de\/wordpress\/wp-content\/uploads\/2023\/08\/1955.jpg 300w\" sizes=\"auto, (max-width: 150px) 100vw, 150px\" \/><\/figure><div class=\"elementor-image-box-content\"><h3 class=\"elementor-image-box-title\">K\u00f6nigspaar 1955<\/h3><p class=\"elementor-image-box-description\">Ludger Becks &amp; Adelheid Bruns<\/p><\/div><\/div>\t\t<\/div>\n\t\t\t\t<\/div>\n\t\t\t\t\t<\/div>\n\t\t<\/div>\n\t\t\t\t\t\t\t<\/div>\n\t\t<\/section>\n\t\t\t\t<section class=\"elementor-section elementor-top-section elementor-element elementor-element-cfcd7de elementor-section-boxed elementor-section-height-default elementor-section-height-default\" data-id=\"cfcd7de\" data-element_type=\"section\">\n\t\t\t\t\t\t<div class=\"elementor-container elementor-column-gap-default\">\n\t\t\t\t\t<div class=\"elementor-column elementor-col-20 elementor-top-column elementor-element elementor-element-f5e89e9\" data-id=\"f5e89e9\" data-element_type=\"column\">\n\t\t\t<div class=\"elementor-widget-wrap elementor-element-populated\">\n\t\t\t\t\t\t\t\t<div class=\"elementor-element elementor-element-3e09b17 elementor-position-top elementor-widget elementor-widget-image-box\" data-id=\"3e09b17\" data-element_type=\"widget\" data-widget_type=\"image-box.default\">\n\t\t\t\t<div class=\"elementor-widget-container\">\n\t\t\t<div class=\"elementor-image-box-wrapper\"><figure class=\"elementor-image-box-img\"><img loading=\"lazy\" decoding=\"async\" width=\"150\" height=\"150\" src=\"http:\/\/wordpress.schuetzenverein-boerger.de\/wordpress\/wp-content\/uploads\/2023\/08\/1954-150x150.jpg\" class=\"elementor-animation-grow attachment-thumbnail size-thumbnail wp-image-350\" alt=\"\" srcset=\"http:\/\/wordpress.schuetzenverein-boerger.de\/wordpress\/wp-content\/uploads\/2023\/08\/1954-150x150.jpg 150w, http:\/\/wordpress.schuetzenverein-boerger.de\/wordpress\/wp-content\/uploads\/2023\/08\/1954.jpg 300w\" sizes=\"auto, (max-width: 150px) 100vw, 150px\" \/><\/figure><div class=\"elementor-image-box-content\"><h3 class=\"elementor-image-box-title\">K\u00f6nigspaar 1954<\/h3><p class=\"elementor-image-box-description\">Hermann Sch\u00fctten &amp; <br>Maria M\u00fcller<\/p><\/div><\/div>\t\t<\/div>\n\t\t\t\t<\/div>\n\t\t\t\t\t<\/div>\n\t\t<\/div>\n\t\t\t\t<div class=\"elementor-column elementor-col-20 elementor-top-column elementor-element elementor-element-7f4c776\" data-id=\"7f4c776\" data-element_type=\"column\">\n\t\t\t<div class=\"elementor-widget-wrap elementor-element-populated\">\n\t\t\t\t\t\t\t\t<div class=\"elementor-element elementor-element-87feb69 elementor-position-top elementor-widget elementor-widget-image-box\" data-id=\"87feb69\" data-element_type=\"widget\" data-widget_type=\"image-box.default\">\n\t\t\t\t<div class=\"elementor-widget-container\">\n\t\t\t<div class=\"elementor-image-box-wrapper\"><figure class=\"elementor-image-box-img\"><img loading=\"lazy\" decoding=\"async\" width=\"150\" height=\"150\" src=\"http:\/\/wordpress.schuetzenverein-boerger.de\/wordpress\/wp-content\/uploads\/2023\/08\/1953-150x150.jpg\" class=\"elementor-animation-grow attachment-thumbnail size-thumbnail wp-image-349\" alt=\"\" srcset=\"http:\/\/wordpress.schuetzenverein-boerger.de\/wordpress\/wp-content\/uploads\/2023\/08\/1953-150x150.jpg 150w, http:\/\/wordpress.schuetzenverein-boerger.de\/wordpress\/wp-content\/uploads\/2023\/08\/1953.jpg 300w\" sizes=\"auto, (max-width: 150px) 100vw, 150px\" \/><\/figure><div class=\"elementor-image-box-content\"><h3 class=\"elementor-image-box-title\">K\u00f6nigspaar 1953<\/h3><p class=\"elementor-image-box-description\">Ulrich Sebers &amp; Helene Sievers<\/p><\/div><\/div>\t\t<\/div>\n\t\t\t\t<\/div>\n\t\t\t\t\t<\/div>\n\t\t<\/div>\n\t\t\t\t<div class=\"elementor-column elementor-col-20 elementor-top-column elementor-element elementor-element-44c31d4\" data-id=\"44c31d4\" data-element_type=\"column\">\n\t\t\t<div class=\"elementor-widget-wrap elementor-element-populated\">\n\t\t\t\t\t\t\t\t<div class=\"elementor-element elementor-element-683bf83 elementor-position-top elementor-widget elementor-widget-image-box\" data-id=\"683bf83\" data-element_type=\"widget\" data-widget_type=\"image-box.default\">\n\t\t\t\t<div class=\"elementor-widget-container\">\n\t\t\t<div class=\"elementor-image-box-wrapper\"><figure class=\"elementor-image-box-img\"><img loading=\"lazy\" decoding=\"async\" width=\"150\" height=\"150\" src=\"http:\/\/wordpress.schuetzenverein-boerger.de\/wordpress\/wp-content\/uploads\/2023\/08\/1952-150x150.jpg\" class=\"elementor-animation-grow attachment-thumbnail size-thumbnail wp-image-348\" alt=\"\" srcset=\"http:\/\/wordpress.schuetzenverein-boerger.de\/wordpress\/wp-content\/uploads\/2023\/08\/1952-150x150.jpg 150w, http:\/\/wordpress.schuetzenverein-boerger.de\/wordpress\/wp-content\/uploads\/2023\/08\/1952.jpg 300w\" sizes=\"auto, (max-width: 150px) 100vw, 150px\" \/><\/figure><div class=\"elementor-image-box-content\"><h3 class=\"elementor-image-box-title\">K\u00f6nigspaar 1952<\/h3><p class=\"elementor-image-box-description\">Segbertus Hunfeld &amp; Anni Geers<\/p><\/div><\/div>\t\t<\/div>\n\t\t\t\t<\/div>\n\t\t\t\t\t<\/div>\n\t\t<\/div>\n\t\t\t\t<div class=\"elementor-column elementor-col-20 elementor-top-column elementor-element elementor-element-efa7537\" data-id=\"efa7537\" data-element_type=\"column\">\n\t\t\t<div class=\"elementor-widget-wrap elementor-element-populated\">\n\t\t\t\t\t\t\t\t<div class=\"elementor-element elementor-element-a5ed66f elementor-position-top elementor-widget elementor-widget-image-box\" data-id=\"a5ed66f\" data-element_type=\"widget\" data-widget_type=\"image-box.default\">\n\t\t\t\t<div class=\"elementor-widget-container\">\n\t\t\t<div class=\"elementor-image-box-wrapper\"><figure class=\"elementor-image-box-img\"><img loading=\"lazy\" decoding=\"async\" width=\"150\" height=\"150\" src=\"http:\/\/wordpress.schuetzenverein-boerger.de\/wordpress\/wp-content\/uploads\/2023\/08\/1951-150x150.jpg\" class=\"elementor-animation-grow attachment-thumbnail size-thumbnail wp-image-347\" alt=\"\" srcset=\"http:\/\/wordpress.schuetzenverein-boerger.de\/wordpress\/wp-content\/uploads\/2023\/08\/1951-150x150.jpg 150w, http:\/\/wordpress.schuetzenverein-boerger.de\/wordpress\/wp-content\/uploads\/2023\/08\/1951.jpg 300w\" sizes=\"auto, (max-width: 150px) 100vw, 150px\" \/><\/figure><div class=\"elementor-image-box-content\"><h3 class=\"elementor-image-box-title\">K\u00f6nigspaar 1951<\/h3><p class=\"elementor-image-box-description\">Anton L\u00fccking &amp; Helene Schmitz<\/p><\/div><\/div>\t\t<\/div>\n\t\t\t\t<\/div>\n\t\t\t\t\t<\/div>\n\t\t<\/div>\n\t\t\t\t<div class=\"elementor-column elementor-col-20 elementor-top-column elementor-element elementor-element-f789fbb\" data-id=\"f789fbb\" data-element_type=\"column\">\n\t\t\t<div class=\"elementor-widget-wrap elementor-element-populated\">\n\t\t\t\t\t\t\t\t<div class=\"elementor-element elementor-element-d3232b0 elementor-position-top elementor-widget elementor-widget-image-box\" data-id=\"d3232b0\" data-element_type=\"widget\" data-widget_type=\"image-box.default\">\n\t\t\t\t<div class=\"elementor-widget-container\">\n\t\t\t<div class=\"elementor-image-box-wrapper\"><figure class=\"elementor-image-box-img\"><img loading=\"lazy\" decoding=\"async\" width=\"150\" height=\"150\" src=\"http:\/\/wordpress.schuetzenverein-boerger.de\/wordpress\/wp-content\/uploads\/2023\/08\/1955-150x150.jpg\" class=\"elementor-animation-grow attachment-thumbnail size-thumbnail wp-image-351\" alt=\"\" srcset=\"http:\/\/wordpress.schuetzenverein-boerger.de\/wordpress\/wp-content\/uploads\/2023\/08\/1955-150x150.jpg 150w, http:\/\/wordpress.schuetzenverein-boerger.de\/wordpress\/wp-content\/uploads\/2023\/08\/1955.jpg 300w\" sizes=\"auto, (max-width: 150px) 100vw, 150px\" \/><\/figure><div class=\"elementor-image-box-content\"><h3 class=\"elementor-image-box-title\">K\u00f6nigspaar 1950<\/h3><p class=\"elementor-image-box-description\">Bernhard Sch\u00fcrmann &amp; <br>Adelheid Klaas<\/p><\/div><\/div>\t\t<\/div>\n\t\t\t\t<\/div>\n\t\t\t\t\t<\/div>\n\t\t<\/div>\n\t\t\t\t\t\t\t<\/div>\n\t\t<\/section>\n\t\t\t\t<section class=\"elementor-section elementor-top-section elementor-element elementor-element-0c835ea elementor-section-boxed elementor-section-height-default elementor-section-height-default\" data-id=\"0c835ea\" data-element_type=\"section\">\n\t\t\t\t\t\t<div class=\"elementor-container elementor-column-gap-default\">\n\t\t\t\t\t<div class=\"elementor-column elementor-col-100 elementor-top-column elementor-element elementor-element-1c0342a\" data-id=\"1c0342a\" data-element_type=\"column\">\n\t\t\t<div class=\"elementor-widget-wrap elementor-element-populated\">\n\t\t\t\t\t\t\t\t<div class=\"elementor-element elementor-element-25769ea elementor-widget elementor-widget-text-editor\" data-id=\"25769ea\" data-element_type=\"widget\" data-widget_type=\"text-editor.default\">\n\t\t\t\t<div class=\"elementor-widget-container\">\n\t\t\t\t\t\t\t<p><strong>1949 &#8211; 1906<\/strong><\/p><p>1949 &#8211; Theo Kla\u00dfen &amp; Caroline T\u00f6bben<br \/>1948 &#8211; Bernhard B\u00f6gemann &amp; Helene G\u00f6\u00dfling<br \/>1939 &#8211; Liborius Jansen &amp; 1.) Gebina Ker\u00dfens &amp; 2.) Maria Sch\u00fcrmann<br \/>1938 &#8211; Hermann Jansen &amp; Helene Rolfes<br \/>1937 &#8211; M\u00fclder &amp; &#8222;nicht bekannt&#8220;<br \/>1936 &#8211; Bernhard Kossenjans &amp; Maria Jansen<br \/>1935 &#8211; Lukas Geers &amp; Anna Hunfeld<br \/>1934 &#8211; Benedikt D\u00fcttmann &amp; G. Kuckshinrichs<br \/>1933 &#8211; Wilhelm Albers &#8211; Adelheid Jansen<br \/>1932 &#8211; Bernhard Deters &amp; Elisabeth Gebkenjans<br \/>1931 &#8211; Hermmann Dicken &amp; Frau Geers<br \/>1930 &#8211; Bernhard Korten &amp; W. Schnieders<br \/>1929 &#8211; H. Jansen &amp; Anna Kossen<br \/>1928 &#8211; Heinrich Sievers &amp; Gesina Albers<br \/>1927 &#8211; Johann Ker\u00dfens &amp; M. Pl\u00fcster<br \/>1926 &#8211; Hermann Kuckshinrichs &amp; M. Sch\u00fcrmann<br \/>1925 &#8211; Wilhelm Korten &amp; Margarethe Sch\u00fctten<br \/>1924 &#8211; Heinrich Jansen &amp; Frau Korte<br \/>1923 &#8211; Heinrich Pott &amp; Frau Behrens<br \/>1922 &#8211; Wilhelm Hempen &amp; Chr. Meyer<br \/>1921 &#8211; Gerhard Schlangen &amp; Maria Grote<br \/>1920 &#8211; Nikolaus sievers &amp; M. Korten<br \/>1919 &#8211; Johann Meyer &amp; M. L\u00fcckenjans<br \/>1914 &#8211; 1918 &#8211; N. Antons &amp; E. H\u00f6ltershinken<br \/>1913 &#8211; Johann Papen &amp; H. L\u00fcckenjans<br \/>1912 &#8211; R. Sch\u00fctten &amp; A. Goldmann<br \/>1911 &#8211; Heinrich Goldmann &amp; Margarethe Sch\u00fctten<br \/>1910 &#8211; Hermann Korten &amp; Regina Schomakers<br \/>1909 &#8211; leider nicht bekannt<br \/>1908 &#8211; Segbertus Albers &amp; Th. Bodemann<br \/>1907 &#8211; R. Jansen &amp; Gesina Antons<br \/>1906 &#8211; Heinrich Dinklage &amp; Maria M\u00fcller<\/p>\t\t\t\t\t\t<\/div>\n\t\t\t\t<\/div>\n\t\t\t\t\t<\/div>\n\t\t<\/div>\n\t\t\t\t\t\t\t<\/div>\n\t\t<\/section>\n\t\t\t\t\t\t\t<\/div>\n\t\t","protected":false},"excerpt":{"rendered":"<p>Der H\u00f6hepunkt jeden Jahres ist das Sch\u00fctzenfest am 4. Wochenende im Juli Sch\u00fctzenfest Traditionell findet am 4. Sonntag im Juli das Sch\u00fctzenfest in B\u00f6rger statt.Das Festprogramm beginnt um 13 Uhr mit dem Antreten der 3 Kompanien an den jeweiligen Standorten (Nord &#8211; Tannenweg ehem. M+M | Ost &#8211; Kuhlenweg, Baugesch\u00e4ft Robben | West &#8211; Herbergsweg, [&hellip;]<\/p>\n","protected":false},"author":1,"featured_media":0,"parent":0,"menu_order":0,"comment_status":"closed","ping_status":"closed","template":"","meta":{"footnotes":""},"class_list":["post-257","page","type-page","status-publish","hentry","entry"],"_links":{"self":[{"href":"http:\/\/wordpress.schuetzenverein-boerger.de\/wordpress\/wp-json\/wp\/v2\/pages\/257","targetHints":{"allow":["GET"]}}],"collection":[{"href":"http:\/\/wordpress.schuetzenverein-boerger.de\/wordpress\/wp-json\/wp\/v2\/pages"}],"about":[{"href":"http:\/\/wordpress.schuetzenverein-boerger.de\/wordpress\/wp-json\/wp\/v2\/types\/page"}],"author":[{"embeddable":true,"href":"http:\/\/wordpress.schuetzenverein-boerger.de\/wordpress\/wp-json\/wp\/v2\/users\/1"}],"replies":[{"embeddable":true,"href":"http:\/\/wordpress.schuetzenverein-boerger.de\/wordpress\/wp-json\/wp\/v2\/comments?post=257"}],"version-history":[{"count":68,"href":"http:\/\/wordpress.schuetzenverein-boerger.de\/wordpress\/wp-json\/wp\/v2\/pages\/257\/revisions"}],"predecessor-version":[{"id":734,"href":"http:\/\/wordpress.schuetzenverein-boerger.de\/wordpress\/wp-json\/wp\/v2\/pages\/257\/revisions\/734"}],"wp:attachment":[{"href":"http:\/\/wordpress.schuetzenverein-boerger.de\/wordpress\/wp-json\/wp\/v2\/media?parent=257"}],"curies":[{"name":"wp","href":"https:\/\/api.w.org\/{rel}","templated":true}]}}